{"id":188,"date":"2022-07-28T23:12:27","date_gmt":"2022-07-28T21:12:27","guid":{"rendered":"https:\/\/films.fotoeventos.net\/?page_id=188"},"modified":"2022-07-29T21:49:32","modified_gmt":"2022-07-29T19:49:32","slug":"the-flower-pot","status":"publish","type":"page","link":"https:\/\/fotoeventos.net\/en\/the-flower-pot\/","title":{"rendered":"The Flower Pot \u2013 Short Film"},"content":{"rendered":"<p>Short Film<br>2 mins. Version<br><\/p>\n\n\n<div class=\"wp-block-image\">\n<figure class=\"aligncenter size-large\"><img fetchpriority=\"high\" decoding=\"async\" width=\"1024\" height=\"576\" src=\"https:\/\/films.fotoeventos.net\/wp-content\/uploads\/2022\/07\/The-Flower-Pot-1024x576.png\" alt=\"\" class=\"wp-image-189\" srcset=\"https:\/\/fotoeventos.net\/wp-content\/uploads\/2022\/07\/The-Flower-Pot-1024x576.png 1024w, https:\/\/fotoeventos.net\/wp-content\/uploads\/2022\/07\/The-Flower-Pot-300x169.png 300w, https:\/\/fotoeventos.net\/wp-content\/uploads\/2022\/07\/The-Flower-Pot-768x432.png 768w, https:\/\/fotoeventos.net\/wp-content\/uploads\/2022\/07\/The-Flower-Pot-1536x864.png 1536w, https:\/\/fotoeventos.net\/wp-content\/uploads\/2022\/07\/The-Flower-Pot-18x10.png 18w, https:\/\/fotoeventos.net\/wp-content\/uploads\/2022\/07\/The-Flower-Pot.png 1920w\" sizes=\"(max-width: 1024px) 100vw, 1024px\" \/><\/figure><\/div>\n\n\n<h5 class=\"wp-block-heading\">Synopsis<\/h5>\n\n\n\n<p>Max is the neighbor of the couple Mia and Lucas. The couple has a toxic relationship and<br>Lucas herasses Mia for her art out of carton. Max falls in love with Mia and as her and Lucas<br>break up due to a big fight Max tries to impress Mia with a little handmade recycled gift.<\/p>\n\n\n<div class=\"imdb_container\"><div style=\"all: unset\"><div class=\"imdb_dark\">\r\n    <div class=\"imdb_left\">\r\n        <a href=\"http:\/\/www.imdb.com\/title\/tt21394530\" target=\"_blank\">\r\n            <div class=\"poster_parent\" style=\"                        background: url(https:\/\/fotoeventos.net\/wp-content\/plugins\/shortcode-imdb\/includes\/assets\/star.png),                        url(https:\/\/producciones.fotoeventos.eu\/wp-content\/uploads\/2022\/07\/The-Flower-Pot-Poster-691x1024.png)no-repeat center center;                        background-size: cover;                         -webkit-background-size: cover;                        -moz-background-size: cover;                        -o-background-size: cover;                        background-size: cover;\">\r\n                <span id=\"imdb_rating\">?.?<\/span>\r\n            <\/div>\r\n        <\/a>\r\n    <\/div>\r\n    <div class=\"imdb_right\">\r\n        <span id=\"movie_title\"><a href=\"http:\/\/www.imdb.com\/title\/tt21394530\" target=\"_blank\">The Flower Pot<small><\/small><\/a><\/span>\r\n        <span id=\"genres\"> | June 26, 2022 (Germany)<\/span>\r\n        <div class=\"imdb_general\"><span id=\"imdb_general\"><b>Director:<\/b> <a href=\"http:\/\/www.imdb.com\/name\/nm13889580\/?ref_=tt_ov_dr\" target=\"_blank\">Nina Slezak<\/a><\/span><span id=\"imdb_general\"><b>Stars:<\/b> <a href=\"http:\/\/www.imdb.com\/name\/nm12913327\/?ref_=tt_ov_st\" target=\"_blank\">Daniel Navarro P\u00e9rez<\/a>, <a href=\"http:\/\/www.imdb.com\/name\/nm13889581\/?ref_=tt_ov_st\" target=\"_blank\">Lorka-Annabell Glodde<\/a>, <a href=\"http:\/\/www.imdb.com\/name\/nm13889582\/?ref_=tt_ov_st\" target=\"_blank\">Jan Hofmann<\/a><\/span><\/div>\r\n        <span id=\"summary\"><b>Summary: <\/b>MAX is secretly in love of her neighbor MIA who's currently on a very toxic relationship with LUCAS that doesn't let her persuade his artistic-architectural dreams. MAX after hearing a bad discussion between them two, decides to make a small detail upcycled present for MIA.<\/span>\r\n        <div class=\"imdb_general\"><span id=\"imdb_general\"><b>Countries:<\/b> Germany<\/span><span id=\"imdb_general\"><b>Languages:<\/b> English<\/span><\/div>\r\n        <div class=\"imdb-footer\"><span class=\"imdb_copyright\">Source: <a href=\"https:\/\/www.imdb.com\" target=\"_blank\">imdb.com<\/a><\/span><span style=\"display: none\">Disclaimer: This plugin has been coded to automatically quote data from imdb.com. Not available for any other purpose. All showing data have a link to imdb.com. The user is responsible for any other use or change codes.<\/span><\/div>\r\n    <\/div>\r\n<\/div><\/div><\/div>\n\n\n\n<h5 class=\"wp-block-heading\">See the Short Film on YouTube (Vers. 2 mins)<\/h5>\n\n\n\n<figure class=\"wp-block-embed aligncenter is-type-video is-provider-youtube wp-block-embed-youtube wp-embed-aspect-16-9 wp-has-aspect-ratio\"><div class=\"wp-block-embed__wrapper\">\n<iframe title=\"The Flower Pot  - Student Short Film 22\" width=\"920\" height=\"518\" src=\"https:\/\/www.youtube.com\/embed\/8gkBEoTXpNo?feature=oembed\" frameborder=\"0\" allow=\"accelerometer; autoplay; clipboard-write; encrypted-media; gyroscope; picture-in-picture\" allowfullscreen><\/iframe>\n<\/div><figcaption>Short version of 2 minutes.<\/figcaption><\/figure>\n\n\n\n<h5 class=\"wp-block-heading\">Our Cast<\/h5>\n\n\n\n<div class=\"wp-block-columns is-layout-flex wp-container-core-columns-is-layout-9d6595d7 wp-block-columns-is-layout-flex\">\n<div class=\"wp-block-column is-layout-flow wp-block-column-is-layout-flow\">\n<figure class=\"wp-block-image size-large is-style-default\"><img decoding=\"async\" width=\"1438\" height=\"1438\" src=\"https:\/\/films.fotoeventos.net\/wp-content\/uploads\/2022\/07\/IMG_20220413_131550_580-Daniel-N-edited.webp\" alt=\"\" class=\"wp-image-203\" srcset=\"https:\/\/fotoeventos.net\/wp-content\/uploads\/2022\/07\/IMG_20220413_131550_580-Daniel-N-edited.webp 1438w, https:\/\/fotoeventos.net\/wp-content\/uploads\/2022\/07\/IMG_20220413_131550_580-Daniel-N-edited-300x300.webp 300w, https:\/\/fotoeventos.net\/wp-content\/uploads\/2022\/07\/IMG_20220413_131550_580-Daniel-N-edited-1024x1024.webp 1024w, https:\/\/fotoeventos.net\/wp-content\/uploads\/2022\/07\/IMG_20220413_131550_580-Daniel-N-edited-150x150.webp 150w, https:\/\/fotoeventos.net\/wp-content\/uploads\/2022\/07\/IMG_20220413_131550_580-Daniel-N-edited-768x768.webp 768w, https:\/\/fotoeventos.net\/wp-content\/uploads\/2022\/07\/IMG_20220413_131550_580-Daniel-N-edited-12x12.webp 12w, https:\/\/fotoeventos.net\/wp-content\/uploads\/2022\/07\/IMG_20220413_131550_580-Daniel-N-edited-640x640.webp 640w, https:\/\/fotoeventos.net\/wp-content\/uploads\/2022\/07\/IMG_20220413_131550_580-Daniel-N-edited-666x666.webp 666w, https:\/\/fotoeventos.net\/wp-content\/uploads\/2022\/07\/IMG_20220413_131550_580-Daniel-N-edited-96x96.webp 96w, https:\/\/fotoeventos.net\/wp-content\/uploads\/2022\/07\/IMG_20220413_131550_580-Daniel-N-edited-50x50.webp 50w\" sizes=\"(max-width: 1438px) 100vw, 1438px\" \/><figcaption><a href=\"https:\/\/www.imdb.com\/name\/nm12913327\/?ref_=tt_ov_st\" target=\"_blank\" rel=\"noreferrer noopener\">Daniel Navarro P\u00e9rez<\/a><\/figcaption><\/figure>\n\n\n\n<h6 class=\"has-text-align-center wp-block-heading\">MAX<\/h6>\n\n\n\n<p class=\"has-text-align-center translation-block\">Max is the main character of this short film. He is the<br>cute\/friendly neighbor who is<br>also a bit reserved\/shy. <br><br><br>He is in love with his neighbor MIA, so he acts shy around her, but he wants to impress her with a handmade gift.<br><\/p>\n\n\n\n<p class=\"has-text-align-center translation-block\"><em>Gender: Male<br>Age: 20-29<br>Height: ~175 \u2013 185 cm<br>Weight: ~70 \u2013 80 kg<\/em><\/p>\n<\/div>\n\n\n\n<div class=\"wp-block-column is-layout-flow wp-block-column-is-layout-flow\">\n<figure class=\"wp-block-image size-large is-style-default\"><img decoding=\"async\" width=\"2359\" height=\"2362\" src=\"https:\/\/films.fotoeventos.net\/wp-content\/uploads\/2022\/07\/E435E274-7902-43EA-8557-6A7CEC94BBA2-Lorka-Annabell-edited.jpeg\" alt=\"\" class=\"wp-image-202\" srcset=\"https:\/\/fotoeventos.net\/wp-content\/uploads\/2022\/07\/E435E274-7902-43EA-8557-6A7CEC94BBA2-Lorka-Annabell-edited.jpeg 2359w, https:\/\/fotoeventos.net\/wp-content\/uploads\/2022\/07\/E435E274-7902-43EA-8557-6A7CEC94BBA2-Lorka-Annabell-edited-300x300.jpeg 300w, https:\/\/fotoeventos.net\/wp-content\/uploads\/2022\/07\/E435E274-7902-43EA-8557-6A7CEC94BBA2-Lorka-Annabell-edited-1024x1024.jpeg 1024w, https:\/\/fotoeventos.net\/wp-content\/uploads\/2022\/07\/E435E274-7902-43EA-8557-6A7CEC94BBA2-Lorka-Annabell-edited-150x150.jpeg 150w, https:\/\/fotoeventos.net\/wp-content\/uploads\/2022\/07\/E435E274-7902-43EA-8557-6A7CEC94BBA2-Lorka-Annabell-edited-768x769.jpeg 768w, https:\/\/fotoeventos.net\/wp-content\/uploads\/2022\/07\/E435E274-7902-43EA-8557-6A7CEC94BBA2-Lorka-Annabell-edited-1534x1536.jpeg 1534w, https:\/\/fotoeventos.net\/wp-content\/uploads\/2022\/07\/E435E274-7902-43EA-8557-6A7CEC94BBA2-Lorka-Annabell-edited-2045x2048.jpeg 2045w, https:\/\/fotoeventos.net\/wp-content\/uploads\/2022\/07\/E435E274-7902-43EA-8557-6A7CEC94BBA2-Lorka-Annabell-edited-12x12.jpeg 12w, https:\/\/fotoeventos.net\/wp-content\/uploads\/2022\/07\/E435E274-7902-43EA-8557-6A7CEC94BBA2-Lorka-Annabell-edited-640x640.jpeg 640w, https:\/\/fotoeventos.net\/wp-content\/uploads\/2022\/07\/E435E274-7902-43EA-8557-6A7CEC94BBA2-Lorka-Annabell-edited-666x666.jpeg 666w, https:\/\/fotoeventos.net\/wp-content\/uploads\/2022\/07\/E435E274-7902-43EA-8557-6A7CEC94BBA2-Lorka-Annabell-edited-96x96.jpeg 96w, https:\/\/fotoeventos.net\/wp-content\/uploads\/2022\/07\/E435E274-7902-43EA-8557-6A7CEC94BBA2-Lorka-Annabell-edited-50x50.jpeg 50w\" sizes=\"(max-width: 2359px) 100vw, 2359px\" \/><figcaption>Lorka-Annabell Glodde<\/figcaption><\/figure>\n\n\n\n<h6 class=\"has-text-align-center wp-block-heading\">MIA<\/h6>\n\n\n\n<p class=\"has-text-align-center translation-block\">Mia is Lucas's partner, <br>confident and creative of being able to achieve her dreams as an independent artist in the future. <br><br><br>Mia lives in the apartment next to Max and has a good relationship with him, although they don't spend much time together.<br><br><br><em>Gender: Female<br>Age: 20-29<br>Height: ~160 \u2013 170 cm<br>Weight: ~45 \u2013 60 kg<\/em><\/p>\n<\/div>\n\n\n\n<div class=\"wp-block-column is-layout-flow wp-block-column-is-layout-flow\">\n<figure class=\"wp-block-image size-large\"><img loading=\"lazy\" decoding=\"async\" width=\"1124\" height=\"1124\" src=\"https:\/\/films.fotoeventos.net\/wp-content\/uploads\/2022\/07\/D812236C-6A53-415C-B528-8B60FDCF5B54-ahag-ukarag-1-edited.jpeg\" alt=\"\" class=\"wp-image-204\" srcset=\"https:\/\/fotoeventos.net\/wp-content\/uploads\/2022\/07\/D812236C-6A53-415C-B528-8B60FDCF5B54-ahag-ukarag-1-edited.jpeg 1124w, https:\/\/fotoeventos.net\/wp-content\/uploads\/2022\/07\/D812236C-6A53-415C-B528-8B60FDCF5B54-ahag-ukarag-1-edited-300x300.jpeg 300w, https:\/\/fotoeventos.net\/wp-content\/uploads\/2022\/07\/D812236C-6A53-415C-B528-8B60FDCF5B54-ahag-ukarag-1-edited-1024x1024.jpeg 1024w, https:\/\/fotoeventos.net\/wp-content\/uploads\/2022\/07\/D812236C-6A53-415C-B528-8B60FDCF5B54-ahag-ukarag-1-edited-150x150.jpeg 150w, https:\/\/fotoeventos.net\/wp-content\/uploads\/2022\/07\/D812236C-6A53-415C-B528-8B60FDCF5B54-ahag-ukarag-1-edited-768x768.jpeg 768w, https:\/\/fotoeventos.net\/wp-content\/uploads\/2022\/07\/D812236C-6A53-415C-B528-8B60FDCF5B54-ahag-ukarag-1-edited-12x12.jpeg 12w, https:\/\/fotoeventos.net\/wp-content\/uploads\/2022\/07\/D812236C-6A53-415C-B528-8B60FDCF5B54-ahag-ukarag-1-edited-640x640.jpeg 640w, https:\/\/fotoeventos.net\/wp-content\/uploads\/2022\/07\/D812236C-6A53-415C-B528-8B60FDCF5B54-ahag-ukarag-1-edited-666x666.jpeg 666w, https:\/\/fotoeventos.net\/wp-content\/uploads\/2022\/07\/D812236C-6A53-415C-B528-8B60FDCF5B54-ahag-ukarag-1-edited-96x96.jpeg 96w, https:\/\/fotoeventos.net\/wp-content\/uploads\/2022\/07\/D812236C-6A53-415C-B528-8B60FDCF5B54-ahag-ukarag-1-edited-50x50.jpeg 50w\" sizes=\"(max-width: 1124px) 100vw, 1124px\" \/><figcaption>Jan Hofmann<\/figcaption><\/figure>\n\n\n\n<h6 class=\"has-text-align-center wp-block-heading\">LUCAS<\/h6>\n\n\n\n<p class=\"has-text-align-center translation-block\">Lucas is Mia's toxic, manipulative and aggressive boyfriend, he portrays the antagonist in the story. <br><br><br><br>Although Lucas and Mia are in a relationship, Lucas doesn't accept Mia's dream of making money from her art. Instead, he tries to put Mia away from that world.<\/p>\n\n\n\n<p class=\"has-text-align-center translation-block\">Gender: Male<br>Age: 20-29<br>Height: ~180 \u2013 190 cm<br>Weight: ~80 \u2013 95 kg<\/p>\n<\/div>\n<\/div>\n\n\n\n<h5 class=\"wp-block-heading\">Credits<\/h5>\n\n\n\n<p class=\"has-text-align-center\">DIRECTED BY <br>NINA SLEZAK <\/p>\n\n\n\n<p class=\"has-text-align-center\">PRODUCED BY <br>CARLOS CEBRI\u00c1N <\/p>\n\n\n\n<p class=\"has-text-align-center\">WRITTEN BY <br>FATMA PARMAKSIZ <br>MELANIE KRAFT <\/p>\n\n\n\n<p class=\"has-text-align-center\">CAST <br>(IN ORDER OF APPEARANCE) <br>MAX: DANIEL NAVARRO <br>MIA: LORKA-ANNABELL GLODDE <br>LUCAS: JAN HOFMAN <\/p>\n\n\n\n<p class=\"has-text-align-center\">CAMERA \/ STEADY OPERATOR: <br>FLORIAN FARKAS <\/p>\n\n\n\n<p class=\"has-text-align-center\">PRODUCTION DESIGNER: <br>CARLOS CEBRI\u00c1N <\/p>\n\n\n\n<p class=\"has-text-align-center\">BOOM OPERATOR: <br>FATMA PARMAKSIZ <br>MELANIE KRAFT <\/p>\n\n\n\n<p class=\"has-text-align-center\">GAFFER: <br>FATMA PARMAKSIZ <\/p>\n\n\n\n<p class=\"has-text-align-center\">LOCATION MANAGER: <br>CARLOS CEBRI\u00c1N <\/p>\n\n\n\n<p class=\"has-text-align-center\">ASSISTANT LOCATION MANAGER: <br>NINA SLEZAK <\/p>\n\n\n\n<p class=\"has-text-align-center\">ASSISTANT EDITOR: <br>MELANIE KRAFT <br>NINA SLEZAK <\/p>\n\n\n\n<p class=\"has-text-align-center\">VISUAL EFFECTS EDITOR: <br>CARLOS CEBRI\u00c1N <\/p>\n\n\n\n<p class=\"has-text-align-center\">POST PRODUCTION SUPERVISOR: <br>CARLOS CEBRI\u00c1N <\/p>\n\n\n\n<p class=\"has-text-align-center\">CASTING DIRECTOR: <br>NINA SLEZAK <\/p>\n\n\n\n<p class=\"has-text-align-center\">SOUND DESIGNER: <br>FATMA PARMAKSIZ <\/p>\n\n\n\n<p class=\"has-text-align-center\">SOUND EFFECTS EDITOR: <br>FATMA PARMAKSIZ <\/p>\n\n\n\n<p class=\"has-text-align-center\">COLOR CORRECTION: <br>FLORIAN FARKAS <\/p>\n\n\n\n<p class=\"has-text-align-center\">COLOR GRADING: <br>FLORIAN FARKAS <\/p>\n\n\n\n<p class=\"has-text-align-center\">MAIN AND END TITLES: <br>CARLOS CEBRI\u00c1N <\/p>\n\n\n\n<p><\/p>\n\n\n\n<p class=\"has-text-align-center\">SPECIAL THANKS TO <br>BERLIN FILM COMMISSION\nBEZIRKSAMT MITTE VON BERLIN <br>SRH BERLIN UNIVERSITY OF DESIGN AND COMMUNICATION <br>ISABEL MARIA NARANJO INGRAMS <br>VIOLETTA SLEZAK <\/p>\n\n\n\n<p><\/p>\n\n\n\n<p class=\"has-text-align-center\">MUSIC &amp; SFX <br>\u201cALARM CLOCK LOOP\u201d <br>FREESOUND.ORG BY DNAB55 LICENSED UNDER THE CREATIVE COMMONS 0 LICENSE. <\/p>\n\n\n\n<p class=\"has-text-align-center\">\u201cACTIONS KNOCK_THE_DOOR\u201d <br>FREESOUND.ORG BY ANAGARLICENSED UNDER THE CREATIVE COMMONS 0 LICENSE. <\/p>\n\n\n\n<p class=\"has-text-align-center\">\u201cINTERMEDIATE SOUND LIBRARY DOOR OPEN CLOSE\u201d <br>FREESOUND.ORG BY AMHOLMA LICENSED UNDER THE CREATIVE COMMONS 0 LICENSE. <\/p>\n\n\n\n<p class=\"has-text-align-center\">\u201cMALLET XYLOPHONE PLAYFUL NOTIFICATION 23\u201d <br>INVIDEO LICENSED UNDER INVIDEO COMMERCIAL LICENSE. <\/p>\n\n\n\n<p class=\"has-text-align-center\">\u201cTOILET FLUSH\u201d <br>FREESOUND.ORG BY RAMON_DY_PAQUALE LICENSED UNDER THE ATTRIBUTION 4.0 LICENSE. <\/p>\n\n\n\n<p class=\"has-text-align-center\">\u201cTHE FEELING IS ALL GONE\u201d <br>EPIDEMIC SUND BY CHASE MCBRIDE LICENSED UNDER PARTNER COMMERCIAL LICENSE. <\/p>\n\n\n\n<p><\/p>\n\n\n\n<p class=\"has-text-align-center\">SHOT ON PANASONIC &amp; CANON <\/p>\n\n\n\n<p><\/p>\n\n\n\n<p class=\"has-text-align-center\">ALL MATERIAL IS PROTECTED BY COPYRIGHT LAWS OF GERMANY AND ALL COUNTRIES THROUGHOUT THE WORLD. ALL RIGHTS RESERVED. <\/p>\n\n\n\n<p class=\"has-text-align-center\">COUNTRY OF FIRST PUBLICATION: GERMANY. <\/p>\n\n\n\n<p class=\"has-text-align-center\">ANY UNAUTHORIZED EXHIBITION, DISTRIBUTION OR COPYING OF THIS FILM OR ANY PART THEREOF IS AN INFRINGEMENT OF THE RELEVANT COPYRIGHT AND WILL SUBJECT THE INFRINGER TO SERVE CIVIL AND CRIMINAL PENALTIES. <\/p>\n\n\n\n<p class=\"has-text-align-center\">THE STORY, ALL NAMES, CHARACTERS AND INCIDENTS PORTRAYED IN THIS PRODUCTION ARE FICTIOUS. NO IDENTIFICATIONS WITH ACTUAL PERSONS, PLACES, BUILDINGS AND PRODUCTS IS INTENDED OR SHOULD BE INFERRED.<\/p>\n\n\n<div class=\"wp-block-image\">\n<figure class=\"aligncenter size-large is-resized\"><img loading=\"lazy\" decoding=\"async\" src=\"https:\/\/films.fotoeventos.net\/wp-content\/uploads\/2022\/07\/TheFlowerPot-Logo-1024x576.png\" alt=\"\" class=\"wp-image-214\" width=\"771\" height=\"433\" srcset=\"https:\/\/fotoeventos.net\/wp-content\/uploads\/2022\/07\/TheFlowerPot-Logo-1024x576.png 1024w, https:\/\/fotoeventos.net\/wp-content\/uploads\/2022\/07\/TheFlowerPot-Logo-300x169.png 300w, https:\/\/fotoeventos.net\/wp-content\/uploads\/2022\/07\/TheFlowerPot-Logo-768x432.png 768w, https:\/\/fotoeventos.net\/wp-content\/uploads\/2022\/07\/TheFlowerPot-Logo-1536x864.png 1536w, https:\/\/fotoeventos.net\/wp-content\/uploads\/2022\/07\/TheFlowerPot-Logo-18x10.png 18w, https:\/\/fotoeventos.net\/wp-content\/uploads\/2022\/07\/TheFlowerPot-Logo.png 1920w\" sizes=\"(max-width: 771px) 100vw, 771px\" \/><\/figure><\/div>\n\n\n<div class=\"wp-block-columns alignwide are-vertically-aligned-center is-layout-flex wp-container-core-columns-is-layout-9d6595d7 wp-block-columns-is-layout-flex\">\n<div class=\"wp-block-column is-vertically-aligned-center is-layout-flow wp-block-column-is-layout-flow\"><div class=\"wp-block-image\">\n<figure class=\"alignright size-large is-resized\"><a href=\"https:\/\/www.procarton.com\/awards\/pro-carton-student-video-award\/\"><img loading=\"lazy\" decoding=\"async\" src=\"https:\/\/films.fotoeventos.net\/wp-content\/uploads\/2022\/07\/Pro-Carton-Student-Video-Award-2022-1024x345.png\" alt=\"\" class=\"wp-image-215\" width=\"212\" height=\"71\" srcset=\"https:\/\/fotoeventos.net\/wp-content\/uploads\/2022\/07\/Pro-Carton-Student-Video-Award-2022-1024x345.png 1024w, https:\/\/fotoeventos.net\/wp-content\/uploads\/2022\/07\/Pro-Carton-Student-Video-Award-2022-300x101.png 300w, https:\/\/fotoeventos.net\/wp-content\/uploads\/2022\/07\/Pro-Carton-Student-Video-Award-2022-768x258.png 768w, https:\/\/fotoeventos.net\/wp-content\/uploads\/2022\/07\/Pro-Carton-Student-Video-Award-2022-1536x517.png 1536w, https:\/\/fotoeventos.net\/wp-content\/uploads\/2022\/07\/Pro-Carton-Student-Video-Award-2022-2048x689.png 2048w, https:\/\/fotoeventos.net\/wp-content\/uploads\/2022\/07\/Pro-Carton-Student-Video-Award-2022-18x6.png 18w\" sizes=\"(max-width: 212px) 100vw, 212px\" \/><\/a><\/figure><\/div><\/div>\n\n\n\n<div class=\"wp-block-column is-vertically-aligned-center is-layout-flow wp-block-column-is-layout-flow\"><div class=\"wp-block-image\">\n<figure class=\"alignleft size-full is-resized\"><a href=\"https:\/\/www.srh-berlin.de\/schools\/berlin-school-of-design-and-communication-bsdc\/\"><img loading=\"lazy\" decoding=\"async\" src=\"https:\/\/films.fotoeventos.net\/wp-content\/uploads\/2022\/07\/srh-berlin-120x230-1.jpg\" alt=\"\" class=\"wp-image-216\" width=\"114\" height=\"60\" srcset=\"https:\/\/fotoeventos.net\/wp-content\/uploads\/2022\/07\/srh-berlin-120x230-1.jpg 229w, https:\/\/fotoeventos.net\/wp-content\/uploads\/2022\/07\/srh-berlin-120x230-1-18x9.jpg 18w\" sizes=\"(max-width: 114px) 100vw, 114px\" \/><\/a><\/figure><\/div><\/div>\n<\/div>","protected":false},"excerpt":{"rendered":"<p>CortometrajeVersi\u00f3n de 2 mins. Sinopsis Max es el vecino de la pareja Mia y Lucas. La pareja tiene una relaci\u00f3n t\u00f3xica yLucas se burla de Mia por su arte en cart\u00f3n. Max se enamora de Mia y como ella y Lucasse separan debido a una gran pelea Max intenta impresionar a Mia con un peque\u00f1o regalo reciclado hecho a mano. Ver el Cortometraje en YouTube (Vers. 2 mins) Nuestros Protagonistas MAX Max es el personaje<\/p>\n<p><span class=\"more-link\"><a href=\"https:\/\/fotoeventos.net\/en\/the-flower-pot\/\" class=\"readmore\">Keep reading\u2026<span class=\"screen-reader-text\">The Flower Pot \u2013 Short Film<\/span><\/a><\/span><\/p>","protected":false},"author":1,"featured_media":189,"parent":0,"menu_order":0,"comment_status":"closed","ping_status":"closed","template":"","meta":{"footnotes":""},"class_list":["post-188","page","type-page","status-publish","has-post-thumbnail","hentry"],"yoast_head":"<!-- This site is optimized with the Yoast SEO plugin v25.6 - https:\/\/yoast.com\/wordpress\/plugins\/seo\/ -->\n<title>The Flower Pot - Cortometraje - FotoEventos Producciones<\/title>\n<meta name=\"robots\" content=\"index, follow, max-snippet:-1, max-image-preview:large, max-video-preview:-1\" \/>\n<link rel=\"canonical\" href=\"https:\/\/fotoeventos.net\/en\/the-flower-pot\/\" \/>\n<meta property=\"og:locale\" content=\"en_US\" \/>\n<meta property=\"og:type\" content=\"article\" \/>\n<meta property=\"og:title\" content=\"The Flower Pot - Cortometraje - FotoEventos Producciones\" \/>\n<meta property=\"og:description\" content=\"CortometrajeVersi\u00f3n de 2 mins. Sinopsis Max es el vecino de la pareja Mia y Lucas. La pareja tiene una relaci\u00f3n t\u00f3xica yLucas se burla de Mia por su arte en cart\u00f3n. Max se enamora de Mia y como ella y Lucasse separan debido a una gran pelea Max intenta impresionar a Mia con un peque\u00f1o regalo reciclado hecho a mano. Ver el Cortometraje en YouTube (Vers. 2 mins) Nuestros Protagonistas MAX Max es el personajeSeguir leyendo...The Flower Pot &#8211; Cortometraje\" \/>\n<meta property=\"og:url\" content=\"https:\/\/fotoeventos.net\/en\/the-flower-pot\/\" \/>\n<meta property=\"og:site_name\" content=\"FotoEventos Producciones\" \/>\n<meta property=\"article:modified_time\" content=\"2022-07-29T19:49:32+00:00\" \/>\n<meta property=\"og:image\" content=\"https:\/\/fotoeventos.net\/wp-content\/uploads\/2022\/07\/The-Flower-Pot-1024x576.png\" \/>\n\t<meta property=\"og:image:width\" content=\"1024\" \/>\n\t<meta property=\"og:image:height\" content=\"576\" \/>\n\t<meta property=\"og:image:type\" content=\"image\/png\" \/>\n<meta name=\"twitter:card\" content=\"summary_large_image\" \/>\n<meta name=\"twitter:label1\" content=\"Est. reading time\" \/>\n\t<meta name=\"twitter:data1\" content=\"3 minutes\" \/>\n<script type=\"application\/ld+json\" class=\"yoast-schema-graph\">{\"@context\":\"https:\/\/schema.org\",\"@graph\":[{\"@type\":\"WebPage\",\"@id\":\"https:\/\/fotoeventos.net\/the-flower-pot\/\",\"url\":\"https:\/\/fotoeventos.net\/the-flower-pot\/\",\"name\":\"The Flower Pot - Cortometraje - FotoEventos Producciones\",\"isPartOf\":{\"@id\":\"https:\/\/fotoeventos.net\/#website\"},\"primaryImageOfPage\":{\"@id\":\"https:\/\/fotoeventos.net\/the-flower-pot\/#primaryimage\"},\"image\":{\"@id\":\"https:\/\/fotoeventos.net\/the-flower-pot\/#primaryimage\"},\"thumbnailUrl\":\"https:\/\/fotoeventos.net\/wp-content\/uploads\/2022\/07\/The-Flower-Pot.png\",\"datePublished\":\"2022-07-28T21:12:27+00:00\",\"dateModified\":\"2022-07-29T19:49:32+00:00\",\"breadcrumb\":{\"@id\":\"https:\/\/fotoeventos.net\/the-flower-pot\/#breadcrumb\"},\"inLanguage\":\"en-US\",\"potentialAction\":[{\"@type\":\"ReadAction\",\"target\":[\"https:\/\/fotoeventos.net\/the-flower-pot\/\"]}]},{\"@type\":\"ImageObject\",\"inLanguage\":\"en-US\",\"@id\":\"https:\/\/fotoeventos.net\/the-flower-pot\/#primaryimage\",\"url\":\"https:\/\/fotoeventos.net\/wp-content\/uploads\/2022\/07\/The-Flower-Pot.png\",\"contentUrl\":\"https:\/\/fotoeventos.net\/wp-content\/uploads\/2022\/07\/The-Flower-Pot.png\",\"width\":1920,\"height\":1080},{\"@type\":\"BreadcrumbList\",\"@id\":\"https:\/\/fotoeventos.net\/the-flower-pot\/#breadcrumb\",\"itemListElement\":[{\"@type\":\"ListItem\",\"position\":1,\"name\":\"Portada\",\"item\":\"https:\/\/fotoeventos.net\/\"},{\"@type\":\"ListItem\",\"position\":2,\"name\":\"The Flower Pot &#8211; Cortometraje\"}]},{\"@type\":\"WebSite\",\"@id\":\"https:\/\/fotoeventos.net\/#website\",\"url\":\"https:\/\/fotoeventos.net\/\",\"name\":\"FotoEventos Producciones\",\"description\":\"\",\"publisher\":{\"@id\":\"https:\/\/fotoeventos.net\/#organization\"},\"potentialAction\":[{\"@type\":\"SearchAction\",\"target\":{\"@type\":\"EntryPoint\",\"urlTemplate\":\"https:\/\/fotoeventos.net\/?s={search_term_string}\"},\"query-input\":{\"@type\":\"PropertyValueSpecification\",\"valueRequired\":true,\"valueName\":\"search_term_string\"}}],\"inLanguage\":\"en-US\"},{\"@type\":\"Organization\",\"@id\":\"https:\/\/fotoeventos.net\/#organization\",\"name\":\"FotoEventos Producciones\",\"url\":\"https:\/\/fotoeventos.net\/\",\"logo\":{\"@type\":\"ImageObject\",\"inLanguage\":\"en-US\",\"@id\":\"https:\/\/fotoeventos.net\/#\/schema\/logo\/image\/\",\"url\":\"https:\/\/fotoeventos.net\/wp-content\/uploads\/2022\/07\/cropped-fotoeventos-sin-borde-100x100-1.png\",\"contentUrl\":\"https:\/\/fotoeventos.net\/wp-content\/uploads\/2022\/07\/cropped-fotoeventos-sin-borde-100x100-1.png\",\"width\":100,\"height\":83,\"caption\":\"FotoEventos Producciones\"},\"image\":{\"@id\":\"https:\/\/fotoeventos.net\/#\/schema\/logo\/image\/\"},\"sameAs\":[\"http:\/\/instagram.com\/fotoeventos_net\",\"https:\/\/www.instagram.com\/mr_dinocarlos\"]}]}<\/script>\n<!-- \/ Yoast SEO plugin. -->","yoast_head_json":{"title":"The Flower Pot - Cortometraje - FotoEventos Producciones","robots":{"index":"index","follow":"follow","max-snippet":"max-snippet:-1","max-image-preview":"max-image-preview:large","max-video-preview":"max-video-preview:-1"},"canonical":"https:\/\/fotoeventos.net\/en\/the-flower-pot\/","og_locale":"en_US","og_type":"article","og_title":"The Flower Pot - Cortometraje - FotoEventos Producciones","og_description":"CortometrajeVersi\u00f3n de 2 mins. Sinopsis Max es el vecino de la pareja Mia y Lucas. La pareja tiene una relaci\u00f3n t\u00f3xica yLucas se burla de Mia por su arte en cart\u00f3n. Max se enamora de Mia y como ella y Lucasse separan debido a una gran pelea Max intenta impresionar a Mia con un peque\u00f1o regalo reciclado hecho a mano. Ver el Cortometraje en YouTube (Vers. 2 mins) Nuestros Protagonistas MAX Max es el personajeSeguir leyendo...The Flower Pot &#8211; Cortometraje","og_url":"https:\/\/fotoeventos.net\/en\/the-flower-pot\/","og_site_name":"FotoEventos Producciones","article_modified_time":"2022-07-29T19:49:32+00:00","og_image":[{"width":1024,"height":576,"url":"https:\/\/fotoeventos.net\/wp-content\/uploads\/2022\/07\/The-Flower-Pot-1024x576.png","type":"image\/png"}],"twitter_card":"summary_large_image","twitter_misc":{"Est. reading time":"3 minutes"},"schema":{"@context":"https:\/\/schema.org","@graph":[{"@type":"WebPage","@id":"https:\/\/fotoeventos.net\/the-flower-pot\/","url":"https:\/\/fotoeventos.net\/the-flower-pot\/","name":"The Flower Pot - Cortometraje - FotoEventos Producciones","isPartOf":{"@id":"https:\/\/fotoeventos.net\/#website"},"primaryImageOfPage":{"@id":"https:\/\/fotoeventos.net\/the-flower-pot\/#primaryimage"},"image":{"@id":"https:\/\/fotoeventos.net\/the-flower-pot\/#primaryimage"},"thumbnailUrl":"https:\/\/fotoeventos.net\/wp-content\/uploads\/2022\/07\/The-Flower-Pot.png","datePublished":"2022-07-28T21:12:27+00:00","dateModified":"2022-07-29T19:49:32+00:00","breadcrumb":{"@id":"https:\/\/fotoeventos.net\/the-flower-pot\/#breadcrumb"},"inLanguage":"en-US","potentialAction":[{"@type":"ReadAction","target":["https:\/\/fotoeventos.net\/the-flower-pot\/"]}]},{"@type":"ImageObject","inLanguage":"en-US","@id":"https:\/\/fotoeventos.net\/the-flower-pot\/#primaryimage","url":"https:\/\/fotoeventos.net\/wp-content\/uploads\/2022\/07\/The-Flower-Pot.png","contentUrl":"https:\/\/fotoeventos.net\/wp-content\/uploads\/2022\/07\/The-Flower-Pot.png","width":1920,"height":1080},{"@type":"BreadcrumbList","@id":"https:\/\/fotoeventos.net\/the-flower-pot\/#breadcrumb","itemListElement":[{"@type":"ListItem","position":1,"name":"Portada","item":"https:\/\/fotoeventos.net\/"},{"@type":"ListItem","position":2,"name":"The Flower Pot &#8211; Cortometraje"}]},{"@type":"WebSite","@id":"https:\/\/fotoeventos.net\/#website","url":"https:\/\/fotoeventos.net\/","name":"FotoEventos Productions","description":"","publisher":{"@id":"https:\/\/fotoeventos.net\/#organization"},"potentialAction":[{"@type":"SearchAction","target":{"@type":"EntryPoint","urlTemplate":"https:\/\/fotoeventos.net\/?s={search_term_string}"},"query-input":{"@type":"PropertyValueSpecification","valueRequired":true,"valueName":"search_term_string"}}],"inLanguage":"en-US"},{"@type":"Organization","@id":"https:\/\/fotoeventos.net\/#organization","name":"FotoEventos Productions","url":"https:\/\/fotoeventos.net\/","logo":{"@type":"ImageObject","inLanguage":"en-US","@id":"https:\/\/fotoeventos.net\/#\/schema\/logo\/image\/","url":"https:\/\/fotoeventos.net\/wp-content\/uploads\/2022\/07\/cropped-fotoeventos-sin-borde-100x100-1.png","contentUrl":"https:\/\/fotoeventos.net\/wp-content\/uploads\/2022\/07\/cropped-fotoeventos-sin-borde-100x100-1.png","width":100,"height":83,"caption":"FotoEventos Producciones"},"image":{"@id":"https:\/\/fotoeventos.net\/#\/schema\/logo\/image\/"},"sameAs":["http:\/\/instagram.com\/fotoeventos_net","https:\/\/www.instagram.com\/mr_dinocarlos"]}]}},"_links":{"self":[{"href":"https:\/\/fotoeventos.net\/en\/wp-json\/wp\/v2\/pages\/188","targetHints":{"allow":["GET"]}}],"collection":[{"href":"https:\/\/fotoeventos.net\/en\/wp-json\/wp\/v2\/pages"}],"about":[{"href":"https:\/\/fotoeventos.net\/en\/wp-json\/wp\/v2\/types\/page"}],"author":[{"embeddable":true,"href":"https:\/\/fotoeventos.net\/en\/wp-json\/wp\/v2\/users\/1"}],"replies":[{"embeddable":true,"href":"https:\/\/fotoeventos.net\/en\/wp-json\/wp\/v2\/comments?post=188"}],"version-history":[{"count":0,"href":"https:\/\/fotoeventos.net\/en\/wp-json\/wp\/v2\/pages\/188\/revisions"}],"wp:featuredmedia":[{"embeddable":true,"href":"https:\/\/fotoeventos.net\/en\/wp-json\/wp\/v2\/media\/189"}],"wp:attachment":[{"href":"https:\/\/fotoeventos.net\/en\/wp-json\/wp\/v2\/media?parent=188"}],"curies":[{"name":"wp","href":"https:\/\/api.w.org\/{rel}","templated":true}]}}