{"id":241,"date":"2022-09-29T19:16:01","date_gmt":"2022-09-29T17:16:01","guid":{"rendered":"https:\/\/films.fotoeventos.net\/?page_id=241"},"modified":"2022-09-29T23:05:02","modified_gmt":"2022-09-29T21:05:02","slug":"another-way-film-festival","status":"publish","type":"page","link":"https:\/\/fotoeventos.net\/en\/another-way-film-festival\/","title":{"rendered":"ANOTHER WAY FILM FESTIVAL"},"content":{"rendered":"<p>Cinema about sustainable progress.<br>From October 5-11, 2022 (Madrid).<\/p>\n\n\n\n<figure class=\"wp-block-embed is-type-video is-provider-youtube wp-block-embed-youtube wp-embed-aspect-16-9 wp-has-aspect-ratio\"><div class=\"wp-block-embed__wrapper\">\n<iframe title=\"Trailer Another Way Film Festival #2022\" width=\"920\" height=\"518\" src=\"https:\/\/www.youtube.com\/embed\/2XupJFfkS5Y?feature=oembed\" frameborder=\"0\" allow=\"accelerometer; autoplay; clipboard-write; encrypted-media; gyroscope; picture-in-picture\" allowfullscreen><\/iframe>\n<\/div><\/figure>\n\n\n\n<div class=\"wp-block-columns is-layout-flex wp-container-core-columns-is-layout-9d6595d7 wp-block-columns-is-layout-flex\">\n<div class=\"wp-block-column is-layout-flow wp-block-column-is-layout-flow\" style=\"flex-basis:66.66%\">\n<p><\/p>\n\n\n\n<p><strong>From October 5 to 11, 2022<\/strong> you will be able to enjoy an impressive and hypnotic programming with a main theme about climate change and its consequences.<\/p>\n\n\n\n<p class=\" translation-block\">Along with the projections, a series of parallel activities are offered, such as; <strong>\u201cTraining for committed filmmakers: the perfect plan\u201d<\/strong>, <strong>\u201cMake your festival sustainable: Consultants at your disposal\u201d<\/strong>, <strong>\u201cANOTHER HUERTO: Sow new values\u201d<\/strong>, <strong>\u201cPainting workshop for children: Winged life\u201d<\/strong> and <strong>\u201cEcotopic dialogues\u201d<\/strong>.<\/p>\n\n\n\n<p class=\" translation-block\">8th edition in person in MADRID and online throughout the Spanish territory through <strong>FILMIN<\/strong> and in its <strong><a rel=\"noreferrer noopener\" href=\"https:\/\/anotherwayff. com\/\" data-type=\"URL\" data-id=\"https:\/\/anotherwayff.com\/\" target=\"_blank\">webpage<\/a><\/strong>.<\/p>\n\n\n\n<p class=\" translation-block\">In total, the program is made up of <strong>34 titles divided into seven sections<\/strong>. These selected films deal with <strong>current issues<\/strong> such as climate change and its consequences, deforestation, the consequences of mass tourism, the loss of biodiversity and respect for sustainable values \u200b\u200bthrough the relationship between man and nature.<\/p>\n<\/div>\n\n\n\n<div class=\"wp-block-column is-layout-flow wp-block-column-is-layout-flow\" style=\"flex-basis:33.33%\">\n<figure class=\"wp-block-image size-large\"><img fetchpriority=\"high\" decoding=\"async\" width=\"724\" height=\"1024\" src=\"https:\/\/films.fotoeventos.net\/wp-content\/uploads\/2022\/09\/cartel-AWFF8_2022_RGB-724x1024.jpg\" alt=\"\" class=\"wp-image-238\" srcset=\"https:\/\/fotoeventos.net\/wp-content\/uploads\/2022\/09\/cartel-AWFF8_2022_RGB-724x1024.jpg 724w, https:\/\/fotoeventos.net\/wp-content\/uploads\/2022\/09\/cartel-AWFF8_2022_RGB-212x300.jpg 212w, https:\/\/fotoeventos.net\/wp-content\/uploads\/2022\/09\/cartel-AWFF8_2022_RGB-768x1086.jpg 768w, https:\/\/fotoeventos.net\/wp-content\/uploads\/2022\/09\/cartel-AWFF8_2022_RGB-1086x1536.jpg 1086w, https:\/\/fotoeventos.net\/wp-content\/uploads\/2022\/09\/cartel-AWFF8_2022_RGB-1448x2048.jpg 1448w, https:\/\/fotoeventos.net\/wp-content\/uploads\/2022\/09\/cartel-AWFF8_2022_RGB-8x12.jpg 8w, https:\/\/fotoeventos.net\/wp-content\/uploads\/2022\/09\/cartel-AWFF8_2022_RGB.jpg 1754w\" sizes=\"(max-width: 724px) 100vw, 724px\" \/><\/figure>\n<\/div>\n<\/div>\n\n\n\n<div style=\"height:68px\" aria-hidden=\"true\" class=\"wp-block-spacer\"><\/div>\n\n\n\n<h5 class=\"wp-block-heading\">FESTIVAL SECTIONS<\/h5>\n\n\n\n<p class=\" translation-block\">The <strong>OFFICIAL SECTION<\/strong> is made up of nine documentary feature films, seven of them previously unreleased in Spain, which are up for the Audience Award and the \u20ac2,500 Odyssey Award, awarded by the jury made up of Ana Torres, Product Manager at the distributor Elastic Films; Gimena Arensburg, programming director of Canal Odisea; and Javier Pe\u00f1a, environmental communicator, climate activist and founder of Hope!.<\/p>\n\n\n\n<p class=\" translation-block\">In the <strong>IMPACT SECTION<\/strong> films are recovered that, due to their great cultural interest and awareness, are shown again for the general public. There will be nine documentaries that will also compete for the Audience Award. Within this section, the screening, <strong>in collaboration with the DOCMA association<\/strong> and coinciding with the celebration of the Spanish Cinema Day on October 6, of the Spanish feature film <strong><em>Urak aske: eliminate prey , restore rivers<\/em><\/strong> with a script and direction by the Basque journalist Bego Zubia Gallastegi.<\/p>\n\n\n\n<p class=\" translation-block\">The contest section <strong>WHEEL FOR CHANGE (RXC)<\/strong>, sponsored by SIGNUS Ecovalor (Collective Management System for End-of-Life Tires) has <strong>a national and an international category.<\/strong> The nine Spanish short films will be eligible for the Young Jury Prize with a prize money of \u20ac600. For this edition, the international competition is recovered, this time made up of seven risky and avant-garde shorts, from countries such as Peru, Ukraine, Kenya and Italy, the winning short film (the one with the most views) will receive \u20ac400. The international selection is <strong>available on the web and on the <\/strong><a href=\"https:\/\/play-doc.us20.list-manage.com\/track\/click?u=cda28f0291ad89a7bd674c367&amp;id=bf0140ae01&amp;e =ed801af1c0\" target=\"_self\">YouTube of the festival<\/a><strong>.<\/strong><\/p>\n\n\n\n<p class=\" translation-block\">For its part, within the non-competitive sections, there is <strong>OR\u00cdGENES<\/strong>. It is made up of three <strong>authentic luxury classic films<\/strong> that can be seen at the Filmoteca Espa\u00f1ola and will be presented by the film critic Jos\u00e9 F\u00e9lix Collazos: <em>Robinson Crusoe<\/em> (1954) by Luis Bu\u00f1uel, <em>Moby Dick<\/em> (1956) by John Huston and <em>Tabu: A Story of the South<\/em> (1931) Seas directed by F.W. Murnau.<\/p>\n\n\n\n<p class=\" translation-block\">Another of the non-competitive sections is <strong>PRODUCED IN GREEN<\/strong>, associated with one of the festival's activities (\u201cTraining for committed filmmakers\u201d), although you can attend its screenings independently. It is made up of three films that have reduced their carbon footprint in their production, in addition to measuring CO2 emissions. They are <em>Everything Will Change<\/em> directed by Marten Persiel, <em>L\u00b4Horizon<\/em> by Emilie Carpentier, and <em>In the Heights <\/em>directed by Jon M. Chu.<\/p>\n\n\n\n<h5 class=\"wp-block-heading\">SCHEDULE OF PROJECTIONS:<\/h5>\n\n\n\n<p><strong>Wednesday, October 5<\/strong><\/p>\n\n\n\n<div class=\"wp-block-media-text alignwide is-stacked-on-mobile\" style=\"grid-template-columns:45% auto\"><figure class=\"wp-block-media-text__media\"><a href=\"https:\/\/anotherwayff.com\/movies\/Invisible_Demons\/\" target=\"_blank\" rel=\"noreferrer noopener\"><img decoding=\"async\" width=\"1024\" height=\"547\" src=\"https:\/\/films.fotoeventos.net\/wp-content\/uploads\/2022\/09\/invisible_demons_still_c-TOINEN-KATSE-OY-MA.JA_.DE_.-FILMPRODUKTIONS-GMBH-2021-3-1024x547.jpg\" alt=\"\" class=\"wp-image-247 size-full\" srcset=\"https:\/\/fotoeventos.net\/wp-content\/uploads\/2022\/09\/invisible_demons_still_c-TOINEN-KATSE-OY-MA.JA_.DE_.-FILMPRODUKTIONS-GMBH-2021-3-1024x547.jpg 1024w, https:\/\/fotoeventos.net\/wp-content\/uploads\/2022\/09\/invisible_demons_still_c-TOINEN-KATSE-OY-MA.JA_.DE_.-FILMPRODUKTIONS-GMBH-2021-3-300x160.jpg 300w, https:\/\/fotoeventos.net\/wp-content\/uploads\/2022\/09\/invisible_demons_still_c-TOINEN-KATSE-OY-MA.JA_.DE_.-FILMPRODUKTIONS-GMBH-2021-3-768x410.jpg 768w, https:\/\/fotoeventos.net\/wp-content\/uploads\/2022\/09\/invisible_demons_still_c-TOINEN-KATSE-OY-MA.JA_.DE_.-FILMPRODUKTIONS-GMBH-2021-3-1536x820.jpg 1536w, https:\/\/fotoeventos.net\/wp-content\/uploads\/2022\/09\/invisible_demons_still_c-TOINEN-KATSE-OY-MA.JA_.DE_.-FILMPRODUKTIONS-GMBH-2021-3-2048x1094.jpg 2048w, https:\/\/fotoeventos.net\/wp-content\/uploads\/2022\/09\/invisible_demons_still_c-TOINEN-KATSE-OY-MA.JA_.DE_.-FILMPRODUKTIONS-GMBH-2021-3-18x10.jpg 18w\" sizes=\"(max-width: 1024px) 100vw, 1024px\" \/><\/a><\/figure><div class=\"wp-block-media-text__content\">\n<p class=\"has-text-align-left\"><strong>INVISIBLE DEMONS<\/strong><br>by Rahul Jain<br><em>70 mins.<\/em><\/p>\n\n\n\n<p class=\" translation-block\">In a sprawling megacity where the dangers of climate change are visible, acclaimed filmmaker Rahul Jain shows a world on the brink of collapse. <br><strong><em><a href=\"https:\/\/anotherwayff.com\/movies\/Invisible_Demons\/\" target=\"_blank\" rel=\"noreferrer noopener\">READ MORE &gt;&gt;&gt;<\/a><\/em><\/strong><\/p>\n<\/div><\/div>\n\n\n\n<div style=\"height:68px\" aria-hidden=\"true\" class=\"wp-block-spacer\"><\/div>\n\n\n\n<p><strong>Thursday October 6<\/strong><\/p>\n\n\n\n<div class=\"wp-block-media-text alignwide is-stacked-on-mobile\" style=\"grid-template-columns:45% auto\"><figure class=\"wp-block-media-text__media\"><a href=\"https:\/\/anotherwayff.com\/movies\/Mata\/\" target=\"_blank\" rel=\"noreferrer noopener\"><img decoding=\"async\" width=\"1024\" height=\"576\" src=\"https:\/\/films.fotoeventos.net\/wp-content\/uploads\/2022\/09\/MATA-Film-Still-01-1024x576.jpg\" alt=\"\" class=\"wp-image-254 size-full\" srcset=\"https:\/\/fotoeventos.net\/wp-content\/uploads\/2022\/09\/MATA-Film-Still-01-1024x576.jpg 1024w, https:\/\/fotoeventos.net\/wp-content\/uploads\/2022\/09\/MATA-Film-Still-01-300x169.jpg 300w, https:\/\/fotoeventos.net\/wp-content\/uploads\/2022\/09\/MATA-Film-Still-01-768x432.jpg 768w, https:\/\/fotoeventos.net\/wp-content\/uploads\/2022\/09\/MATA-Film-Still-01-1536x864.jpg 1536w, https:\/\/fotoeventos.net\/wp-content\/uploads\/2022\/09\/MATA-Film-Still-01-2048x1152.jpg 2048w, https:\/\/fotoeventos.net\/wp-content\/uploads\/2022\/09\/MATA-Film-Still-01-18x10.jpg 18w, https:\/\/fotoeventos.net\/wp-content\/uploads\/2022\/09\/MATA-Film-Still-01-1920x1080.jpg 1920w\" sizes=\"(max-width: 1024px) 100vw, 1024px\" \/><\/a><\/figure><div class=\"wp-block-media-text__content\">\n<p class=\"has-text-align-left\"><strong>MATA<\/strong><br>by Ingrid Fadnes &amp; F\u00e1bio Nascimento<br><em>79 mins.<\/em><\/p>\n\n\n\n<p class=\" translation-block\">Mata is a documentary about the loss of species diversity, climate change, and the struggle of indigenous peoples and small farmers to preserve and defend the land they live on. MATA means both 'forest' and 'kill'.<br><strong><em><a href=\"https:\/\/anotherwayff.com\/movies\/Mata\/\" target=\"_blank\" rel=\"noreferrer noopener\"> READ MORE &gt;&gt;&gt;<\/a><\/em><\/strong><\/p>\n<\/div><\/div>\n\n\n\n<div class=\"wp-block-media-text alignwide has-media-on-the-right is-stacked-on-mobile\" style=\"grid-template-columns:auto 44%\"><figure class=\"wp-block-media-text__media\"><a href=\"https:\/\/anotherwayff.com\/movies\/Last_Days_At_Sea\/\" target=\"_blank\" rel=\"noreferrer noopener\"><img loading=\"lazy\" decoding=\"async\" width=\"1024\" height=\"577\" src=\"https:\/\/films.fotoeventos.net\/wp-content\/uploads\/2022\/09\/lastdaysatsea01_1eb922db05-1024x577.webp\" alt=\"\" class=\"wp-image-257 size-full\" srcset=\"https:\/\/fotoeventos.net\/wp-content\/uploads\/2022\/09\/lastdaysatsea01_1eb922db05-1024x577.webp 1024w, https:\/\/fotoeventos.net\/wp-content\/uploads\/2022\/09\/lastdaysatsea01_1eb922db05-300x169.webp 300w, https:\/\/fotoeventos.net\/wp-content\/uploads\/2022\/09\/lastdaysatsea01_1eb922db05-768x432.webp 768w, https:\/\/fotoeventos.net\/wp-content\/uploads\/2022\/09\/lastdaysatsea01_1eb922db05-1536x865.webp 1536w, https:\/\/fotoeventos.net\/wp-content\/uploads\/2022\/09\/lastdaysatsea01_1eb922db05-2048x1153.webp 2048w, https:\/\/fotoeventos.net\/wp-content\/uploads\/2022\/09\/lastdaysatsea01_1eb922db05-18x10.webp 18w, https:\/\/fotoeventos.net\/wp-content\/uploads\/2022\/09\/lastdaysatsea01_1eb922db05-1920x1080.webp 1920w\" sizes=\"(max-width: 1024px) 100vw, 1024px\" \/><\/a><\/figure><div class=\"wp-block-media-text__content\">\n<p class=\"has-text-align-right\"><strong>LAST DAYS AT SEA<\/strong><br>by Venice Atienza<br><em>75 mins.<\/em><\/p>\n\n\n\n<p class=\"has-text-align-right translation-block\">Reyboy, 12, will soon be leaving his home village of Karihatag to attend school in the city. He loves the sea, the constant sound of the waves in his ears and looking towards the horizon that stretches before his eyes. <br><strong><em><a href=\"https:\/\/anotherwayff.com\/movies\/Last_Days_At_Sea\/\" target=\"_blank\" rel=\"noreferrer noopener\">READ MORE &gt;&gt;&gt;<\/a><\/em><\/strong><\/p>\n<\/div><\/div>\n\n\n\n<div class=\"wp-block-media-text alignwide is-stacked-on-mobile\" style=\"grid-template-columns:40% auto\"><figure class=\"wp-block-media-text__media\"><a href=\"https:\/\/anotherwayff.com\/movies\/Invisible_Demons\/\" target=\"_blank\" rel=\"noreferrer noopener\"><img loading=\"lazy\" decoding=\"async\" width=\"1024\" height=\"759\" src=\"https:\/\/films.fotoeventos.net\/wp-content\/uploads\/2022\/09\/amiante-1024x759.jpeg\" alt=\"\" class=\"wp-image-258 size-full\" srcset=\"https:\/\/fotoeventos.net\/wp-content\/uploads\/2022\/09\/amiante-1024x759.jpeg 1024w, https:\/\/fotoeventos.net\/wp-content\/uploads\/2022\/09\/amiante-300x222.jpeg 300w, https:\/\/fotoeventos.net\/wp-content\/uploads\/2022\/09\/amiante-768x569.jpeg 768w, https:\/\/fotoeventos.net\/wp-content\/uploads\/2022\/09\/amiante-16x12.jpeg 16w, https:\/\/fotoeventos.net\/wp-content\/uploads\/2022\/09\/amiante-124x93.jpeg 124w, https:\/\/fotoeventos.net\/wp-content\/uploads\/2022\/09\/amiante.jpeg 1074w\" sizes=\"(max-width: 1024px) 100vw, 1024px\" \/><\/a><\/figure><div class=\"wp-block-media-text__content\">\n<p class=\"has-text-align-left\"><strong>LE TOMBEAU DE L&#8217;AMIANTE: CHRONIQUE D&#8217;UN D\u00c9SASTRE ANNONC\u00c9<\/strong><br>by Nina Toussaint &amp; Marie-Anne Mengeot<br><em>91 mins.<\/em><\/p>\n\n\n\n<p class=\" translation-block\">Thanks to the archives of the RTBF (Belgian TV) programs from 1977 to 2003, the focus is put on the crucial period of asbestos use in Belgium and in Europe.<br><strong><em><a href=\"https:\/\/anotherwayff.com\/movies\/Le_Tombeau_de_Amiante\/\" target=\"_blank\" rel=\"noreferrer noopener\">READ MORE &gt;&gt;&gt;<\/a><\/em><\/strong><\/p>\n<\/div><\/div>\n\n\n\n<div style=\"height:68px\" aria-hidden=\"true\" class=\"wp-block-spacer\"><\/div>\n\n\n\n<p><strong>Friday October 7<\/strong><\/p>\n\n\n\n<div class=\"wp-block-media-text alignwide is-stacked-on-mobile\" style=\"grid-template-columns:49% auto\"><figure class=\"wp-block-media-text__media\"><a href=\"https:\/\/anotherwayff.com\/movies\/Icarus-balance-la-mesure-des-choses\/\" target=\"_blank\" rel=\"noreferrer noopener\"><img loading=\"lazy\" decoding=\"async\" width=\"640\" height=\"269\" src=\"https:\/\/films.fotoeventos.net\/wp-content\/uploads\/2022\/09\/icarus.png\" alt=\"\" class=\"wp-image-260 size-full\" srcset=\"https:\/\/fotoeventos.net\/wp-content\/uploads\/2022\/09\/icarus.png 640w, https:\/\/fotoeventos.net\/wp-content\/uploads\/2022\/09\/icarus-300x126.png 300w, https:\/\/fotoeventos.net\/wp-content\/uploads\/2022\/09\/icarus-18x8.png 18w\" sizes=\"(max-width: 640px) 100vw, 640px\" \/><\/a><\/figure><div class=\"wp-block-media-text__content\">\n<p class=\"has-text-align-left\"><strong>ICARUS BALANCE (LA MESURE DES CHOSES)<\/strong><br>by Patric Jean<br><em>90 mins.<\/em><\/p>\n\n\n\n<p class=\" translation-block\">Mediterranean, a real and fictional place at the same time. From where Icarus jumped and burned his wings. Where ocean liners, fishermen, migrants fleeing disasters, rescue workers, and scientists studying the consequences of global warming on the seafloor meet.<br><strong><em><a href=\"https:\/\/anotherwayff.com\/ movies\/Icarus-balance-la-mesure-des-choses\/\" target=\"_blank\" rel=\"noreferrer noopener\">READ MORE &gt;&gt;&gt;<\/a><\/em><\/strong><\/p>\n<\/div><\/div>\n\n\n\n<div class=\"wp-block-media-text alignwide has-media-on-the-right is-stacked-on-mobile\" style=\"grid-template-columns:auto 45%\"><figure class=\"wp-block-media-text__media\"><a href=\"https:\/\/anotherwayff.com\/movies\/ophir\/\" target=\"_blank\" rel=\"noreferrer noopener\"><img loading=\"lazy\" decoding=\"async\" width=\"1024\" height=\"554\" src=\"https:\/\/films.fotoeventos.net\/wp-content\/uploads\/2022\/09\/Ophir-Still-4-1024x554.jpg\" alt=\"\" class=\"wp-image-261 size-full\" srcset=\"https:\/\/fotoeventos.net\/wp-content\/uploads\/2022\/09\/Ophir-Still-4-1024x554.jpg 1024w, https:\/\/fotoeventos.net\/wp-content\/uploads\/2022\/09\/Ophir-Still-4-300x162.jpg 300w, https:\/\/fotoeventos.net\/wp-content\/uploads\/2022\/09\/Ophir-Still-4-768x415.jpg 768w, https:\/\/fotoeventos.net\/wp-content\/uploads\/2022\/09\/Ophir-Still-4-1536x831.jpg 1536w, https:\/\/fotoeventos.net\/wp-content\/uploads\/2022\/09\/Ophir-Still-4-18x10.jpg 18w, https:\/\/fotoeventos.net\/wp-content\/uploads\/2022\/09\/Ophir-Still-4.jpg 1917w\" sizes=\"(max-width: 1024px) 100vw, 1024px\" \/><\/a><\/figure><div class=\"wp-block-media-text__content\">\n<p class=\"has-text-align-right\"><strong>OPHIR<\/strong><br>by Alexandre Berman &amp; Olivier Pollet<br><em>97 mins.<\/em><\/p>\n\n\n\n<p class=\"has-text-align-right translation-block\"><em><strong>Ophir<\/strong><\/em> tells the story of an extraordinary revolution for life, land and culture, leading to the potential creation of the world's newest nation in Bougainville, Papua New Guinea.<br><strong><em><a href=\"https:\/\/anotherwayff.com\/movies\/ophir\/\" target=\"_blank\" rel=\"noreferrer noopener\">READ MORE &gt;&gt;&gt;<\/a> <\/em><\/strong><\/p>\n<\/div><\/div>\n\n\n\n<div class=\"wp-block-media-text alignwide is-stacked-on-mobile\" style=\"grid-template-columns:45% auto\"><figure class=\"wp-block-media-text__media\"><a href=\"https:\/\/anotherwayff.com\/movies\/urak_aske_eliminar_presas_restaurar_r%C3%ADos\/\" target=\"_blank\" rel=\"noreferrer noopener\"><img loading=\"lazy\" decoding=\"async\" width=\"1024\" height=\"576\" src=\"https:\/\/films.fotoeventos.net\/wp-content\/uploads\/2022\/09\/UrakAske_4-1024x576.jpg\" alt=\"\" class=\"wp-image-262 size-full\" srcset=\"https:\/\/fotoeventos.net\/wp-content\/uploads\/2022\/09\/UrakAske_4-1024x576.jpg 1024w, https:\/\/fotoeventos.net\/wp-content\/uploads\/2022\/09\/UrakAske_4-300x169.jpg 300w, https:\/\/fotoeventos.net\/wp-content\/uploads\/2022\/09\/UrakAske_4-768x432.jpg 768w, https:\/\/fotoeventos.net\/wp-content\/uploads\/2022\/09\/UrakAske_4-1536x864.jpg 1536w, https:\/\/fotoeventos.net\/wp-content\/uploads\/2022\/09\/UrakAske_4-18x10.jpg 18w, https:\/\/fotoeventos.net\/wp-content\/uploads\/2022\/09\/UrakAske_4.jpg 1920w\" sizes=\"(max-width: 1024px) 100vw, 1024px\" \/><\/a><\/figure><div class=\"wp-block-media-text__content\">\n<p class=\"has-text-align-left\"><strong>URAK ASKE: ELIMINAR PRESAS, RESTAURAR R\u00cdOS<\/strong><br>by Bego Zubia Gallastegi<br><em>74 mins.<\/em><\/p>\n\n\n\n<p class=\" translation-block\">Release two million cubic meters of water to protect a small animal in danger of extinction. That has been the commitment of those who have worked to eliminate the Enobieta reservoir and who have guaranteed a safe haven for the Pyrenean muskrat.<br><strong><em><a href=\"https:\/\/anotherwayff.com\/ movies\/urak_aske_eliminar_presas_restorar_ros\/\" target=\"_blank\" rel=\"noreferrer noopener\">READ MORE &gt;&gt;&gt;<\/a><\/em><\/strong><\/p>\n<\/div><\/div>\n\n\n\n<div class=\"wp-block-media-text alignwide has-media-on-the-right is-stacked-on-mobile\" style=\"grid-template-columns:auto 45%\"><figure class=\"wp-block-media-text__media\"><a href=\"https:\/\/anotherwayff.com\/movies\/ostrov_lost_island\/\" target=\"_blank\" rel=\"noreferrer noopener\"><img loading=\"lazy\" decoding=\"async\" width=\"1024\" height=\"576\" src=\"https:\/\/films.fotoeventos.net\/wp-content\/uploads\/2022\/09\/OSTROV_Still7_Monument-1024x576.png\" alt=\"\" class=\"wp-image-263 size-full\" srcset=\"https:\/\/fotoeventos.net\/wp-content\/uploads\/2022\/09\/OSTROV_Still7_Monument-1024x576.png 1024w, https:\/\/fotoeventos.net\/wp-content\/uploads\/2022\/09\/OSTROV_Still7_Monument-300x169.png 300w, https:\/\/fotoeventos.net\/wp-content\/uploads\/2022\/09\/OSTROV_Still7_Monument-768x432.png 768w, https:\/\/fotoeventos.net\/wp-content\/uploads\/2022\/09\/OSTROV_Still7_Monument-1536x864.png 1536w, https:\/\/fotoeventos.net\/wp-content\/uploads\/2022\/09\/OSTROV_Still7_Monument-2048x1152.png 2048w, https:\/\/fotoeventos.net\/wp-content\/uploads\/2022\/09\/OSTROV_Still7_Monument-18x10.png 18w, https:\/\/fotoeventos.net\/wp-content\/uploads\/2022\/09\/OSTROV_Still7_Monument-1920x1080.png 1920w\" sizes=\"(max-width: 1024px) 100vw, 1024px\" \/><\/a><\/figure><div class=\"wp-block-media-text__content\">\n<p class=\"has-text-align-right\"><strong>OSTROV &#8211; LOST ISLAND<\/strong><br>by Svetlana Rodina &amp; Laurent Stoop<br><em>93 mins.<\/em><\/p>\n\n\n\n<p class=\"has-text-align-right\">The small town of Ostrov, a Russian island in the Caspian Sea, used to be a thriving paradise until a decline began in the 1990s that has it today as a place in ruins, without electricity and without hope.<br><strong><em><a href=\"https:\/\/anotherwayff.com\/movies\/ostrov_lost_island\/\" target=\"_blank\" rel=\"noreferrer noopener\">READ MORE &gt;&gt;&gt;<\/a><\/em><\/strong><\/p>\n<\/div><\/div>\n\n\n\n<div class=\"wp-block-media-text alignwide is-stacked-on-mobile\" style=\"grid-template-columns:51% auto\"><figure class=\"wp-block-media-text__media\"><a href=\"https:\/\/anotherwayff.com\/movies\/Everything_Will_Change\/\" target=\"_blank\" rel=\"noreferrer noopener\"><img loading=\"lazy\" decoding=\"async\" width=\"1024\" height=\"429\" src=\"https:\/\/films.fotoeventos.net\/wp-content\/uploads\/2022\/09\/EWC_moviestill_25_aeb139ba69-1024x429.webp\" alt=\"\" class=\"wp-image-264 size-full\" srcset=\"https:\/\/fotoeventos.net\/wp-content\/uploads\/2022\/09\/EWC_moviestill_25_aeb139ba69-1024x429.webp 1024w, https:\/\/fotoeventos.net\/wp-content\/uploads\/2022\/09\/EWC_moviestill_25_aeb139ba69-300x126.webp 300w, https:\/\/fotoeventos.net\/wp-content\/uploads\/2022\/09\/EWC_moviestill_25_aeb139ba69-768x322.webp 768w, https:\/\/fotoeventos.net\/wp-content\/uploads\/2022\/09\/EWC_moviestill_25_aeb139ba69-1536x644.webp 1536w, https:\/\/fotoeventos.net\/wp-content\/uploads\/2022\/09\/EWC_moviestill_25_aeb139ba69-18x8.webp 18w, https:\/\/fotoeventos.net\/wp-content\/uploads\/2022\/09\/EWC_moviestill_25_aeb139ba69.webp 2048w\" sizes=\"(max-width: 1024px) 100vw, 1024px\" \/><\/a><\/figure><div class=\"wp-block-media-text__content\">\n<p class=\"has-text-align-left\"><strong>EVERYTHING WILL CHANGE<\/strong><br>by Marten Persiel<br><em>92 mins.<\/em><\/p>\n\n\n\n<p>In the year 2054, in a world that is surprised by photographs of giraffes and other missing animals, as if they were museum pieces, three friends embark on a learning journey in search of impossible answers.<br><strong><em><a href=\"https:\/\/anotherwayff.com\/movies\/Everything_Will_Change\/\" target=\"_blank\" rel=\"noreferrer noopener\">READ MORE &gt;&gt;&gt;<\/a><\/em><\/strong><\/p>\n<\/div><\/div>\n\n\n\n<div class=\"wp-block-media-text alignwide has-media-on-the-right is-stacked-on-mobile\" style=\"grid-template-columns:auto 44%\"><figure class=\"wp-block-media-text__media\"><a href=\"https:\/\/anotherwayff.com\/movies\/the_great_green_wall\/\" target=\"_blank\" rel=\"noreferrer noopener\"><img loading=\"lazy\" decoding=\"async\" width=\"1024\" height=\"576\" src=\"https:\/\/films.fotoeventos.net\/wp-content\/uploads\/2022\/09\/The_Great_Green_Wall_Still_no_1_3d831adba0-1024x576.webp\" alt=\"\" class=\"wp-image-268 size-full\" srcset=\"https:\/\/fotoeventos.net\/wp-content\/uploads\/2022\/09\/The_Great_Green_Wall_Still_no_1_3d831adba0-1024x576.webp 1024w, https:\/\/fotoeventos.net\/wp-content\/uploads\/2022\/09\/The_Great_Green_Wall_Still_no_1_3d831adba0-300x169.webp 300w, https:\/\/fotoeventos.net\/wp-content\/uploads\/2022\/09\/The_Great_Green_Wall_Still_no_1_3d831adba0-768x432.webp 768w, https:\/\/fotoeventos.net\/wp-content\/uploads\/2022\/09\/The_Great_Green_Wall_Still_no_1_3d831adba0-1536x864.webp 1536w, https:\/\/fotoeventos.net\/wp-content\/uploads\/2022\/09\/The_Great_Green_Wall_Still_no_1_3d831adba0-2048x1152.webp 2048w, https:\/\/fotoeventos.net\/wp-content\/uploads\/2022\/09\/The_Great_Green_Wall_Still_no_1_3d831adba0-18x10.webp 18w, https:\/\/fotoeventos.net\/wp-content\/uploads\/2022\/09\/The_Great_Green_Wall_Still_no_1_3d831adba0-1920x1080.webp 1920w\" sizes=\"(max-width: 1024px) 100vw, 1024px\" \/><\/a><\/figure><div class=\"wp-block-media-text__content\">\n<p class=\"has-text-align-right\"><strong>THE GREAT GREEN WALL<\/strong><br>by Jared P. Scott<br><em>90 mins.<\/em><\/p>\n\n\n\n<p class=\"has-text-align-right\">The effects of climate change in the African Sahel region are devastating: desertification, famine, conflict and migration.<br><strong><em><a href=\"https:\/\/anotherwayff.com\/movies\/the_great_green_wall\/\" target=\"_blank\" rel=\"noreferrer noopener\">READ MORE &gt;&gt;&gt;<\/a><\/em><\/strong><\/p>\n<\/div><\/div>\n\n\n\n<div class=\"wp-block-media-text alignwide is-stacked-on-mobile\" style=\"grid-template-columns:45% auto\"><figure class=\"wp-block-media-text__media\"><a href=\"https:\/\/anotherwayff.com\/movies\/moby_dick\/\" target=\"_blank\" rel=\"noreferrer noopener\"><img loading=\"lazy\" decoding=\"async\" width=\"1024\" height=\"576\" src=\"https:\/\/films.fotoeventos.net\/wp-content\/uploads\/2022\/09\/Moby_Dick_e5ae997c94-1024x576.webp\" alt=\"\" class=\"wp-image-270 size-full\" srcset=\"https:\/\/fotoeventos.net\/wp-content\/uploads\/2022\/09\/Moby_Dick_e5ae997c94-1024x576.webp 1024w, https:\/\/fotoeventos.net\/wp-content\/uploads\/2022\/09\/Moby_Dick_e5ae997c94-300x169.webp 300w, https:\/\/fotoeventos.net\/wp-content\/uploads\/2022\/09\/Moby_Dick_e5ae997c94-768x432.webp 768w, https:\/\/fotoeventos.net\/wp-content\/uploads\/2022\/09\/Moby_Dick_e5ae997c94-1536x864.webp 1536w, https:\/\/fotoeventos.net\/wp-content\/uploads\/2022\/09\/Moby_Dick_e5ae997c94-18x10.webp 18w, https:\/\/fotoeventos.net\/wp-content\/uploads\/2022\/09\/Moby_Dick_e5ae997c94.webp 1600w\" sizes=\"(max-width: 1024px) 100vw, 1024px\" \/><\/a><\/figure><div class=\"wp-block-media-text__content\">\n<p class=\"has-text-align-left\"><strong>MOBY DICK<\/strong><br>by John Huston<br><em>116 mins.<\/em><\/p>\n\n\n\n<p>Captain Ahab (Gregory Peck) has a vendetta against Moby Dick, the great white whale responsible for cutting off his leg.<br><strong><em><a href=\"https:\/\/anotherwayff.com\/movies\/moby_dick\/\" target=\"_blank\" rel=\"noreferrer noopener\">READ MORE &gt;&gt;&gt;<\/a><\/em><\/strong><\/p>\n<\/div><\/div>\n\n\n\n<div class=\"wp-block-media-text alignwide has-media-on-the-right is-stacked-on-mobile\" style=\"grid-template-columns:auto 45%\"><figure class=\"wp-block-media-text__media\"><a href=\"https:\/\/anotherwayff.com\/movies\/silence_of_the_tides\/\" target=\"_blank\" rel=\"noreferrer noopener\"><img loading=\"lazy\" decoding=\"async\" width=\"1024\" height=\"576\" src=\"https:\/\/films.fotoeventos.net\/wp-content\/uploads\/2022\/09\/Silence-of-the-Tides-9-foto-by-Pieter-Rim-de-Kroon-1024x576.jpg\" alt=\"\" class=\"wp-image-271 size-full\" srcset=\"https:\/\/fotoeventos.net\/wp-content\/uploads\/2022\/09\/Silence-of-the-Tides-9-foto-by-Pieter-Rim-de-Kroon-1024x576.jpg 1024w, https:\/\/fotoeventos.net\/wp-content\/uploads\/2022\/09\/Silence-of-the-Tides-9-foto-by-Pieter-Rim-de-Kroon-300x169.jpg 300w, https:\/\/fotoeventos.net\/wp-content\/uploads\/2022\/09\/Silence-of-the-Tides-9-foto-by-Pieter-Rim-de-Kroon-768x432.jpg 768w, https:\/\/fotoeventos.net\/wp-content\/uploads\/2022\/09\/Silence-of-the-Tides-9-foto-by-Pieter-Rim-de-Kroon-1536x864.jpg 1536w, https:\/\/fotoeventos.net\/wp-content\/uploads\/2022\/09\/Silence-of-the-Tides-9-foto-by-Pieter-Rim-de-Kroon-2048x1152.jpg 2048w, https:\/\/fotoeventos.net\/wp-content\/uploads\/2022\/09\/Silence-of-the-Tides-9-foto-by-Pieter-Rim-de-Kroon-18x10.jpg 18w, https:\/\/fotoeventos.net\/wp-content\/uploads\/2022\/09\/Silence-of-the-Tides-9-foto-by-Pieter-Rim-de-Kroon-1920x1080.jpg 1920w\" sizes=\"(max-width: 1024px) 100vw, 1024px\" \/><\/a><\/figure><div class=\"wp-block-media-text__content\">\n<p class=\"has-text-align-right\"><strong>SILENCE OF THE TIDES<\/strong><br>by Pieter-Rim De Kroon<br><em>103 mins.<\/em><\/p>\n\n\n\n<p class=\"has-text-align-right\">A poetic film about the world's largest tidal wetland, the Wadden Sea. The driving force of the film is the breath of the Frisian: the inhalation and exhalation of the tides.<br><strong><em><a href=\"https:\/\/anotherwayff.com\/movies\/silence_of_the_tides\/\" target=\"_blank\" rel=\"noreferrer noopener\">READ MORE &gt;&gt;&gt;<\/a><\/em><\/strong><\/p>\n<\/div><\/div>\n\n\n\n<div style=\"height:68px\" aria-hidden=\"true\" class=\"wp-block-spacer\"><\/div>\n\n\n\n<p><strong>S\u00e1bado 8 de Octubre<\/strong><\/p>\n\n\n\n<div class=\"wp-block-media-text alignwide is-stacked-on-mobile\" style=\"grid-template-columns:45% auto\"><figure class=\"wp-block-media-text__media\"><a href=\"https:\/\/anotherwayff.com\/movies\/all_of_our_heartbeats_are_connected_through_exploding_stars\/\" target=\"_blank\" rel=\"noreferrer noopener\"><img loading=\"lazy\" decoding=\"async\" width=\"1024\" height=\"540\" src=\"https:\/\/films.fotoeventos.net\/wp-content\/uploads\/2022\/09\/exploding-stars_still2-1024x540.png\" alt=\"\" class=\"wp-image-273 size-full\" srcset=\"https:\/\/fotoeventos.net\/wp-content\/uploads\/2022\/09\/exploding-stars_still2-1024x540.png 1024w, https:\/\/fotoeventos.net\/wp-content\/uploads\/2022\/09\/exploding-stars_still2-300x158.png 300w, https:\/\/fotoeventos.net\/wp-content\/uploads\/2022\/09\/exploding-stars_still2-768x405.png 768w, https:\/\/fotoeventos.net\/wp-content\/uploads\/2022\/09\/exploding-stars_still2-1536x810.png 1536w, https:\/\/fotoeventos.net\/wp-content\/uploads\/2022\/09\/exploding-stars_still2-2048x1080.png 2048w, https:\/\/fotoeventos.net\/wp-content\/uploads\/2022\/09\/exploding-stars_still2-18x9.png 18w\" sizes=\"(max-width: 1024px) 100vw, 1024px\" \/><\/a><\/figure><div class=\"wp-block-media-text__content\">\n<p class=\"has-text-align-left\"><strong>ALL OF OUR HEARTBEATS ARE CONNECTED THROUGH EXPLODING STARS<\/strong><br>by Jennifer Rainsford<br><em>77 mins.<\/em><\/p>\n\n\n\n<p>Con el tsunami de 2011 como tel\u00f3n de fondo,&nbsp;<em><strong>All of Our Heartbeats Are Connected Through Exploding Stars<\/strong><\/em>&nbsp;es una asombrosa odisea contada como un ensayo sobre la interconexi\u00f3n vital y sobre c\u00f3mo los humanos y la naturaleza se reconstruyen despu\u00e9s de un trauma.<br><strong><em><a href=\"https:\/\/anotherwayff.com\/movies\/all_of_our_heartbeats_are_connected_through_exploding_stars\/\" target=\"_blank\" rel=\"noreferrer noopener\">READ MORE &gt;&gt;&gt;<\/a><\/em><\/strong><\/p>\n<\/div><\/div>\n\n\n\n<div class=\"wp-block-media-text alignwide has-media-on-the-right is-stacked-on-mobile\" style=\"grid-template-columns:auto 45%\"><figure class=\"wp-block-media-text__media\"><a href=\"https:\/\/anotherwayff.com\/movies\/horizon\/\" target=\"_blank\" rel=\"noreferrer noopener\"><img loading=\"lazy\" decoding=\"async\" width=\"1023\" height=\"539\" src=\"https:\/\/films.fotoeventos.net\/wp-content\/uploads\/2022\/09\/the_horizon_57572c492c.webp\" alt=\"\" class=\"wp-image-275 size-full\" srcset=\"https:\/\/fotoeventos.net\/wp-content\/uploads\/2022\/09\/the_horizon_57572c492c.webp 1023w, https:\/\/fotoeventos.net\/wp-content\/uploads\/2022\/09\/the_horizon_57572c492c-300x158.webp 300w, https:\/\/fotoeventos.net\/wp-content\/uploads\/2022\/09\/the_horizon_57572c492c-768x405.webp 768w, https:\/\/fotoeventos.net\/wp-content\/uploads\/2022\/09\/the_horizon_57572c492c-18x9.webp 18w\" sizes=\"(max-width: 1023px) 100vw, 1023px\" \/><\/a><\/figure><div class=\"wp-block-media-text__content\">\n<p class=\"has-text-align-right\"><strong>L\u2019HORIZON<\/strong><br>by Emilie Carpentier<br><em>88 mins.<\/em><\/p>\n\n\n\n<p class=\"has-text-align-right\">Adja, 18, wants to take on the world but she doesn't know how yet. Her brother progresses as a soccer player, her best friend becomes an influencer and her mother is in Senegal, fighting to save her village.<br><strong><em><a href=\"https:\/\/anotherwayff.com\/movies\/horizon\/\" target=\"_blank\" rel=\"noreferrer noopener\">READ MORE &gt;&gt;&gt;<\/a><\/em><\/strong><\/p>\n<\/div><\/div>\n\n\n\n<div class=\"wp-block-media-text alignwide is-stacked-on-mobile\" style=\"grid-template-columns:41% auto\"><figure class=\"wp-block-media-text__media\"><a href=\"https:\/\/anotherwayff.com\/movies\/Just_Animals\/\" target=\"_blank\" rel=\"noreferrer noopener\"><img loading=\"lazy\" decoding=\"async\" width=\"1024\" height=\"682\" src=\"https:\/\/films.fotoeventos.net\/wp-content\/uploads\/2022\/09\/still-0-phpPVs5T3-1024x682.jpeg\" alt=\"\" class=\"wp-image-276 size-full\" srcset=\"https:\/\/fotoeventos.net\/wp-content\/uploads\/2022\/09\/still-0-phpPVs5T3-1024x682.jpeg 1024w, https:\/\/fotoeventos.net\/wp-content\/uploads\/2022\/09\/still-0-phpPVs5T3-300x200.jpeg 300w, https:\/\/fotoeventos.net\/wp-content\/uploads\/2022\/09\/still-0-phpPVs5T3-768x512.jpeg 768w, https:\/\/fotoeventos.net\/wp-content\/uploads\/2022\/09\/still-0-phpPVs5T3-1536x1024.jpeg 1536w, https:\/\/fotoeventos.net\/wp-content\/uploads\/2022\/09\/still-0-phpPVs5T3-18x12.jpeg 18w, https:\/\/fotoeventos.net\/wp-content\/uploads\/2022\/09\/still-0-phpPVs5T3-920x613.jpeg 920w, https:\/\/fotoeventos.net\/wp-content\/uploads\/2022\/09\/still-0-phpPVs5T3-666x444.jpeg 666w, https:\/\/fotoeventos.net\/wp-content\/uploads\/2022\/09\/still-0-phpPVs5T3.jpeg 2000w\" sizes=\"(max-width: 1024px) 100vw, 1024px\" \/><\/a><\/figure><div class=\"wp-block-media-text__content\">\n<p class=\"has-text-align-left\"><strong>JUST ANIMALS<\/strong><br>by Saila Kivel\u00e4 &amp; Vesa Kuosmanen<br><em>83 mins.<\/em><\/p>\n\n\n\n<p>More than ten years ago, Saila openly confessed that she was part of the activist group that was secretly filming hundreds of animal farms.<br><strong><em><a href=\"https:\/\/anotherwayff.com\/movies\/Just_Animals\/\" target=\"_blank\" rel=\"noreferrer noopener\">READ MORE &gt;&gt;&gt;<\/a><\/em><\/strong><\/p>\n<\/div><\/div>\n\n\n\n<div class=\"wp-block-media-text alignwide has-media-on-the-right is-stacked-on-mobile\" style=\"grid-template-columns:auto 45%\"><figure class=\"wp-block-media-text__media\"><a href=\"https:\/\/anotherwayff.com\/movies\/pleistocene_park\/\" target=\"_blank\" rel=\"noreferrer noopener\"><img loading=\"lazy\" decoding=\"async\" width=\"1024\" height=\"576\" src=\"https:\/\/films.fotoeventos.net\/wp-content\/uploads\/2022\/09\/pleistocene_6085c6940e-1024x576.webp\" alt=\"\" class=\"wp-image-279 size-full\" srcset=\"https:\/\/fotoeventos.net\/wp-content\/uploads\/2022\/09\/pleistocene_6085c6940e-1024x576.webp 1024w, https:\/\/fotoeventos.net\/wp-content\/uploads\/2022\/09\/pleistocene_6085c6940e-300x169.webp 300w, https:\/\/fotoeventos.net\/wp-content\/uploads\/2022\/09\/pleistocene_6085c6940e-768x432.webp 768w, https:\/\/fotoeventos.net\/wp-content\/uploads\/2022\/09\/pleistocene_6085c6940e-1536x864.webp 1536w, https:\/\/fotoeventos.net\/wp-content\/uploads\/2022\/09\/pleistocene_6085c6940e-18x10.webp 18w, https:\/\/fotoeventos.net\/wp-content\/uploads\/2022\/09\/pleistocene_6085c6940e.webp 1920w\" sizes=\"(max-width: 1024px) 100vw, 1024px\" \/><\/a><\/figure><div class=\"wp-block-media-text__content\">\n<p class=\"has-text-align-right\"><strong>PLEISTOCENE PARK<\/strong><br>by Luke Griswold Tergis<br><em>101 mins.<\/em><\/p>\n\n\n\n<p class=\"has-text-align-right\">Without seeking anyone's help and without asking anyone's permission, Russian geophysicist Sergey Zimov and his son Nikita are rounding up as many animals as they can to transport them to the farthest corner of Siberia, no matter the price or hardship.<br><strong><em><a href=\"https:\/\/anotherwayff.com\/movies\/pleistocene_park\/\" target=\"_blank\" rel=\"noreferrer noopener\">READ MORE &gt;&gt;&gt;<\/a><\/em><\/strong><\/p>\n<\/div><\/div>\n\n\n\n<div class=\"wp-block-media-text alignwide is-stacked-on-mobile\" style=\"grid-template-columns:39% auto\"><figure class=\"wp-block-media-text__media\"><a href=\"https:\/\/anotherwayff.com\/movies\/Tabu_A_Story_of_the_South_Seas\/\" target=\"_blank\" rel=\"noreferrer noopener\"><img loading=\"lazy\" decoding=\"async\" width=\"1024\" height=\"768\" src=\"https:\/\/films.fotoeventos.net\/wp-content\/uploads\/2022\/09\/murnau_tabu_4e3cd8acc2-1024x768.webp\" alt=\"\" class=\"wp-image-280 size-full\" srcset=\"https:\/\/fotoeventos.net\/wp-content\/uploads\/2022\/09\/murnau_tabu_4e3cd8acc2-1024x768.webp 1024w, https:\/\/fotoeventos.net\/wp-content\/uploads\/2022\/09\/murnau_tabu_4e3cd8acc2-300x225.webp 300w, https:\/\/fotoeventos.net\/wp-content\/uploads\/2022\/09\/murnau_tabu_4e3cd8acc2-768x576.webp 768w, https:\/\/fotoeventos.net\/wp-content\/uploads\/2022\/09\/murnau_tabu_4e3cd8acc2-16x12.webp 16w, https:\/\/fotoeventos.net\/wp-content\/uploads\/2022\/09\/murnau_tabu_4e3cd8acc2-124x93.webp 124w, https:\/\/fotoeventos.net\/wp-content\/uploads\/2022\/09\/murnau_tabu_4e3cd8acc2.webp 1280w\" sizes=\"(max-width: 1024px) 100vw, 1024px\" \/><\/a><\/figure><div class=\"wp-block-media-text__content\">\n<p class=\"has-text-align-left\"><strong>TABU: A STORY OF THE SOUTH SEAS<\/strong><br>by F.W. Murnau<br><em>90 mins.<\/em><\/p>\n\n\n\n<p>Tabu: A Story of the South Seas is a 1931 American silent film directed by F. W. Murnau.<br><strong><em><a href=\"https:\/\/anotherwayff.com\/movies\/Tabu_A_Story_of_the_South_Seas\/\" target=\"_blank\" rel=\"noreferrer noopener\">READ MORE &gt;&gt;&gt;<\/a><\/em><\/strong><\/p>\n<\/div><\/div>\n\n\n\n<div style=\"height:68px\" aria-hidden=\"true\" class=\"wp-block-spacer\"><\/div>\n\n\n\n<p><strong>Sunday October 9<\/strong><\/p>\n\n\n\n<div class=\"wp-block-media-text alignwide is-stacked-on-mobile\" style=\"grid-template-columns:41% auto\"><figure class=\"wp-block-media-text__media\"><a href=\"https:\/\/anotherwayff.com\/movies\/La_familia_bigfoot\/\" target=\"_blank\" rel=\"noreferrer noopener\"><img loading=\"lazy\" decoding=\"async\" width=\"1024\" height=\"719\" src=\"https:\/\/films.fotoeventos.net\/wp-content\/uploads\/2022\/09\/ASCENSION_3_edeab3fcf5.webp\" alt=\"\" class=\"wp-image-281 size-full\" srcset=\"https:\/\/fotoeventos.net\/wp-content\/uploads\/2022\/09\/ASCENSION_3_edeab3fcf5.webp 1024w, https:\/\/fotoeventos.net\/wp-content\/uploads\/2022\/09\/ASCENSION_3_edeab3fcf5-300x211.webp 300w, https:\/\/fotoeventos.net\/wp-content\/uploads\/2022\/09\/ASCENSION_3_edeab3fcf5-768x539.webp 768w, https:\/\/fotoeventos.net\/wp-content\/uploads\/2022\/09\/ASCENSION_3_edeab3fcf5-18x12.webp 18w\" sizes=\"(max-width: 1024px) 100vw, 1024px\" \/><\/a><\/figure><div class=\"wp-block-media-text__content\">\n<p class=\"has-text-align-left\"><strong>LA FAMILIA BIGFOOT<\/strong><br>by Jeremy Degruson &amp; Ben Stassen<br><em>96 mins.<\/em><\/p>\n\n\n\n<p>Bigfoot, Adam's father, wants to use his fame for a good cause: protecting a nature reserve in Alaska.<br><strong><em><a href=\"https:\/\/anotherwayff.com\/movies\/La_familia_bigfoot\/\" target=\"_blank\" rel=\"noreferrer noopener\">READ MORE &gt;&gt;&gt;<\/a><\/em><\/strong><\/p>\n<\/div><\/div>\n\n\n\n<div class=\"wp-block-media-text alignwide has-media-on-the-right is-stacked-on-mobile\" style=\"grid-template-columns:auto 45%\"><figure class=\"wp-block-media-text__media\"><a href=\"https:\/\/anotherwayff.com\/movies\/the_last_tourist\/\" target=\"_blank\" rel=\"noreferrer noopener\"><img loading=\"lazy\" decoding=\"async\" width=\"1024\" height=\"436\" src=\"https:\/\/films.fotoeventos.net\/wp-content\/uploads\/2022\/09\/THE_LAST_TOURIST_Jamaica_Montego_Bay_Beach_Aerial_Drone-1024x436.jpg\" alt=\"\" class=\"wp-image-282 size-full\" srcset=\"https:\/\/fotoeventos.net\/wp-content\/uploads\/2022\/09\/THE_LAST_TOURIST_Jamaica_Montego_Bay_Beach_Aerial_Drone-1024x436.jpg 1024w, https:\/\/fotoeventos.net\/wp-content\/uploads\/2022\/09\/THE_LAST_TOURIST_Jamaica_Montego_Bay_Beach_Aerial_Drone-300x128.jpg 300w, https:\/\/fotoeventos.net\/wp-content\/uploads\/2022\/09\/THE_LAST_TOURIST_Jamaica_Montego_Bay_Beach_Aerial_Drone-768x327.jpg 768w, https:\/\/fotoeventos.net\/wp-content\/uploads\/2022\/09\/THE_LAST_TOURIST_Jamaica_Montego_Bay_Beach_Aerial_Drone-1536x654.jpg 1536w, https:\/\/fotoeventos.net\/wp-content\/uploads\/2022\/09\/THE_LAST_TOURIST_Jamaica_Montego_Bay_Beach_Aerial_Drone-2048x871.jpg 2048w, https:\/\/fotoeventos.net\/wp-content\/uploads\/2022\/09\/THE_LAST_TOURIST_Jamaica_Montego_Bay_Beach_Aerial_Drone-18x8.jpg 18w\" sizes=\"(max-width: 1024px) 100vw, 1024px\" \/><\/a><\/figure><div class=\"wp-block-media-text__content\">\n<p class=\"has-text-align-right\"><strong>THE LAST TOURIST<\/strong><br>by Tyson Sadler<br><em>101 mins.<\/em><\/p>\n\n\n\n<p class=\"has-text-align-right\">Tourism is at a turning point. From the beaches of the Caribbean to the remote villages of Kenya, forgotten voices reveal the real conditions and consequences of one of the world's largest industries.<br><strong><em><a href=\"https:\/\/anotherwayff.com\/movies\/the_last_tourist\/\" target=\"_blank\" rel=\"noreferrer noopener\">READ MORE &gt;&gt;&gt;<\/a><\/em><\/strong><\/p>\n<\/div><\/div>\n\n\n\n<div class=\"wp-block-media-text alignwide is-stacked-on-mobile\" style=\"grid-template-columns:44% auto\"><figure class=\"wp-block-media-text__media\"><a href=\"https:\/\/anotherwayff.com\/movies\/Chickens_Virus_And_Us\/\" target=\"_blank\" rel=\"noreferrer noopener\"><img loading=\"lazy\" decoding=\"async\" width=\"1024\" height=\"576\" src=\"https:\/\/films.fotoeventos.net\/wp-content\/uploads\/2022\/09\/Film-still-1-1024x576.jpg\" alt=\"\" class=\"wp-image-283 size-full\" srcset=\"https:\/\/fotoeventos.net\/wp-content\/uploads\/2022\/09\/Film-still-1-1024x576.jpg 1024w, https:\/\/fotoeventos.net\/wp-content\/uploads\/2022\/09\/Film-still-1-300x169.jpg 300w, https:\/\/fotoeventos.net\/wp-content\/uploads\/2022\/09\/Film-still-1-768x432.jpg 768w, https:\/\/fotoeventos.net\/wp-content\/uploads\/2022\/09\/Film-still-1-18x10.jpg 18w, https:\/\/fotoeventos.net\/wp-content\/uploads\/2022\/09\/Film-still-1.jpg 1280w\" sizes=\"(max-width: 1024px) 100vw, 1024px\" \/><\/a><\/figure><div class=\"wp-block-media-text__content\">\n<p class=\"has-text-align-left\"><strong>CHICKENS, VIRUS AND US<\/strong><br>by Filip Remunda<br><em>74 mins.<\/em><\/p>\n\n\n\n<p>It is March 2020, the beginning of the pandemic. A Czech family travels to the countryside, accompanied by a cat and a stuffed bat.<br><strong><em><a href=\"https:\/\/anotherwayff.com\/movies\/Chickens_Virus_And_Us\/\" target=\"_blank\" rel=\"noreferrer noopener\">READ MORE &gt;&gt;&gt;<\/a><\/em><\/strong><\/p>\n<\/div><\/div>\n\n\n\n<div class=\"wp-block-media-text alignwide has-media-on-the-right is-stacked-on-mobile\" style=\"grid-template-columns:auto 45%\"><figure class=\"wp-block-media-text__media\"><a href=\"https:\/\/anotherwayff.com\/movies\/In_the_Heights\/\" target=\"_blank\" rel=\"noreferrer noopener\"><img loading=\"lazy\" decoding=\"async\" width=\"1024\" height=\"682\" src=\"https:\/\/films.fotoeventos.net\/wp-content\/uploads\/2022\/09\/En_un_barrio_de_Nueva_York_186858590_large_1c4f70321a-1024x682.webp\" alt=\"\" class=\"wp-image-284 size-full\" srcset=\"https:\/\/fotoeventos.net\/wp-content\/uploads\/2022\/09\/En_un_barrio_de_Nueva_York_186858590_large_1c4f70321a-1024x682.webp 1024w, https:\/\/fotoeventos.net\/wp-content\/uploads\/2022\/09\/En_un_barrio_de_Nueva_York_186858590_large_1c4f70321a-300x200.webp 300w, https:\/\/fotoeventos.net\/wp-content\/uploads\/2022\/09\/En_un_barrio_de_Nueva_York_186858590_large_1c4f70321a-768x511.webp 768w, https:\/\/fotoeventos.net\/wp-content\/uploads\/2022\/09\/En_un_barrio_de_Nueva_York_186858590_large_1c4f70321a-18x12.webp 18w, https:\/\/fotoeventos.net\/wp-content\/uploads\/2022\/09\/En_un_barrio_de_Nueva_York_186858590_large_1c4f70321a-920x613.webp 920w, https:\/\/fotoeventos.net\/wp-content\/uploads\/2022\/09\/En_un_barrio_de_Nueva_York_186858590_large_1c4f70321a-666x444.webp 666w, https:\/\/fotoeventos.net\/wp-content\/uploads\/2022\/09\/En_un_barrio_de_Nueva_York_186858590_large_1c4f70321a.webp 1500w\" sizes=\"(max-width: 1024px) 100vw, 1024px\" \/><\/a><\/figure><div class=\"wp-block-media-text__content\">\n<p class=\"has-text-align-right\"><strong>IN THE HEIGHTS<\/strong><br>by Jon M. Chu<br><em>143 mins.<\/em><\/p>\n\n\n\n<p class=\"has-text-align-right\">In Washington Heights, an immigrant neighborhood north of Manhattan, everyone has a dream.<br><strong><em><a href=\"https:\/\/anotherwayff.com\/movies\/In_the_Heights\/\" target=\"_blank\" rel=\"noreferrer noopener\">LEER <\/a><a href=\"https:\/\/anotherwayff.com\/movies\/In_the_Heights\/\">M\u00c1S &gt;&gt;&gt;<\/a><\/em><\/strong><\/p>\n<\/div><\/div>\n\n\n\n<div class=\"wp-block-media-text alignwide is-stacked-on-mobile\" style=\"grid-template-columns:45% auto\"><figure class=\"wp-block-media-text__media\"><a href=\"https:\/\/anotherwayff.com\/movies\/Ascension\/\" target=\"_blank\" rel=\"noreferrer noopener\"><img loading=\"lazy\" decoding=\"async\" width=\"1024\" height=\"540\" src=\"https:\/\/films.fotoeventos.net\/wp-content\/uploads\/2022\/09\/ASCENSION-3-1024x540.jpg\" alt=\"\" class=\"wp-image-285 size-full\" srcset=\"https:\/\/fotoeventos.net\/wp-content\/uploads\/2022\/09\/ASCENSION-3-1024x540.jpg 1024w, https:\/\/fotoeventos.net\/wp-content\/uploads\/2022\/09\/ASCENSION-3-300x158.jpg 300w, https:\/\/fotoeventos.net\/wp-content\/uploads\/2022\/09\/ASCENSION-3-768x405.jpg 768w, https:\/\/fotoeventos.net\/wp-content\/uploads\/2022\/09\/ASCENSION-3-1536x810.jpg 1536w, https:\/\/fotoeventos.net\/wp-content\/uploads\/2022\/09\/ASCENSION-3-2048x1080.jpg 2048w, https:\/\/fotoeventos.net\/wp-content\/uploads\/2022\/09\/ASCENSION-3-18x9.jpg 18w\" sizes=\"(max-width: 1024px) 100vw, 1024px\" \/><\/a><\/figure><div class=\"wp-block-media-text__content\">\n<p class=\"has-text-align-left\"><strong>ASCENSION<\/strong><br>by Jessica Kingdon<br><em>97 mins.<\/em><\/p>\n\n\n\n<p>The documentary portrays capitalism in China at all levels of its operation, from the crudest mine to the most rarefied forms of leisure.<br><strong><em><a href=\"https:\/\/anotherwayff.com\/movies\/Ascension\/\" target=\"_blank\" rel=\"noreferrer noopener\">READ MORE &gt;&gt;&gt;<\/a><\/em><\/strong><\/p>\n<\/div><\/div>\n\n\n\n<div class=\"wp-block-media-text alignwide has-media-on-the-right is-stacked-on-mobile\" style=\"grid-template-columns:auto 45%\"><figure class=\"wp-block-media-text__media\"><a href=\"https:\/\/anotherwayff.com\/movies\/robinson_crusoe\/\" target=\"_blank\" rel=\"noreferrer noopener\"><img loading=\"lazy\" decoding=\"async\" width=\"1024\" height=\"576\" src=\"https:\/\/films.fotoeventos.net\/wp-content\/uploads\/2022\/09\/Robinson_Crusoe_1954_6ca564c1b3-1024x576.webp\" alt=\"\" class=\"wp-image-286 size-full\" srcset=\"https:\/\/fotoeventos.net\/wp-content\/uploads\/2022\/09\/Robinson_Crusoe_1954_6ca564c1b3-1024x576.webp 1024w, https:\/\/fotoeventos.net\/wp-content\/uploads\/2022\/09\/Robinson_Crusoe_1954_6ca564c1b3-300x169.webp 300w, https:\/\/fotoeventos.net\/wp-content\/uploads\/2022\/09\/Robinson_Crusoe_1954_6ca564c1b3-768x432.webp 768w, https:\/\/fotoeventos.net\/wp-content\/uploads\/2022\/09\/Robinson_Crusoe_1954_6ca564c1b3-18x10.webp 18w, https:\/\/fotoeventos.net\/wp-content\/uploads\/2022\/09\/Robinson_Crusoe_1954_6ca564c1b3.webp 1280w\" sizes=\"(max-width: 1024px) 100vw, 1024px\" \/><\/a><\/figure><div class=\"wp-block-media-text__content\">\n<p class=\"has-text-align-right\"><strong>ROBINSON CRUSOE<\/strong><br>by Luis Bu\u00f1uel<br><em>89 mins.<\/em><\/p>\n\n\n\n<p class=\"has-text-align-right\">In 1659, Englishman Robinson Crusoe, the only survivor of a shipwreck, arrives on a desert island. After several years of solitude, he discovers that the island is inhabited by savages.<br><strong><em><a href=\"https:\/\/anotherwayff.com\/movies\/robinson_crusoe\/\" target=\"_blank\" rel=\"noreferrer noopener\">READ MORE &gt;&gt;&gt;<\/a><\/em><\/strong><\/p>\n<\/div><\/div>\n\n\n\n<div style=\"height:68px\" aria-hidden=\"true\" class=\"wp-block-spacer\"><\/div>\n\n\n\n<p><strong>Monday October 10<\/strong><\/p>\n\n\n\n<div class=\"wp-block-media-text alignwide is-stacked-on-mobile\" style=\"grid-template-columns:45% auto\"><figure class=\"wp-block-media-text__media\"><a href=\"https:\/\/anotherwayff.com\/movies\/bigger-than-us\/\" target=\"_blank\" rel=\"noreferrer noopener\"><img loading=\"lazy\" decoding=\"async\" width=\"1024\" height=\"576\" src=\"https:\/\/films.fotoeventos.net\/wp-content\/uploads\/2022\/09\/Ophir_Still_4_fb5b201dbe-1024x576.webp\" alt=\"\" class=\"wp-image-287 size-full\" srcset=\"https:\/\/fotoeventos.net\/wp-content\/uploads\/2022\/09\/Ophir_Still_4_fb5b201dbe-1024x576.webp 1024w, https:\/\/fotoeventos.net\/wp-content\/uploads\/2022\/09\/Ophir_Still_4_fb5b201dbe-300x169.webp 300w, https:\/\/fotoeventos.net\/wp-content\/uploads\/2022\/09\/Ophir_Still_4_fb5b201dbe-768x432.webp 768w, https:\/\/fotoeventos.net\/wp-content\/uploads\/2022\/09\/Ophir_Still_4_fb5b201dbe-1536x864.webp 1536w, https:\/\/fotoeventos.net\/wp-content\/uploads\/2022\/09\/Ophir_Still_4_fb5b201dbe-2048x1152.webp 2048w, https:\/\/fotoeventos.net\/wp-content\/uploads\/2022\/09\/Ophir_Still_4_fb5b201dbe-18x10.webp 18w, https:\/\/fotoeventos.net\/wp-content\/uploads\/2022\/09\/Ophir_Still_4_fb5b201dbe-1920x1080.webp 1920w\" sizes=\"(max-width: 1024px) 100vw, 1024px\" \/><\/a><\/figure><div class=\"wp-block-media-text__content\">\n<p class=\"has-text-align-left\"><strong>BIGGER THAN US<\/strong><br>by Flore Vasseur<br><em>96 mins.<\/em><\/p>\n\n\n\n<p>The film follows the journey of Melati Wijsen, who decides to go around the world to meet her peers, young activists like her, who have already made a huge impact in their fields thanks to their convictions and determination.<br><strong><em><a href=\"https:\/\/anotherwayff.com\/movies\/bigger-than-us\/\" target=\"_blank\" rel=\"noreferrer noopener\">READ MORE &gt;&gt;&gt;<\/a><\/em><\/strong><\/p>\n<\/div><\/div>\n\n\n\n<div class=\"wp-block-media-text alignwide has-media-on-the-right is-stacked-on-mobile\" style=\"grid-template-columns:auto 45%\"><figure class=\"wp-block-media-text__media\"><a href=\"https:\/\/anotherwayff.com\/movies\/the_territory\/\" target=\"_blank\" rel=\"noreferrer noopener\"><img loading=\"lazy\" decoding=\"async\" width=\"1024\" height=\"540\" src=\"https:\/\/films.fotoeventos.net\/wp-content\/uploads\/2022\/09\/The_Territory_16x9_RCO_100_dabce3ca67-1024x540.webp\" alt=\"\" class=\"wp-image-288 size-full\" srcset=\"https:\/\/fotoeventos.net\/wp-content\/uploads\/2022\/09\/The_Territory_16x9_RCO_100_dabce3ca67-1024x540.webp 1024w, https:\/\/fotoeventos.net\/wp-content\/uploads\/2022\/09\/The_Territory_16x9_RCO_100_dabce3ca67-300x158.webp 300w, https:\/\/fotoeventos.net\/wp-content\/uploads\/2022\/09\/The_Territory_16x9_RCO_100_dabce3ca67-768x405.webp 768w, https:\/\/fotoeventos.net\/wp-content\/uploads\/2022\/09\/The_Territory_16x9_RCO_100_dabce3ca67-1536x810.webp 1536w, https:\/\/fotoeventos.net\/wp-content\/uploads\/2022\/09\/The_Territory_16x9_RCO_100_dabce3ca67-2048x1080.webp 2048w, https:\/\/fotoeventos.net\/wp-content\/uploads\/2022\/09\/The_Territory_16x9_RCO_100_dabce3ca67-18x9.webp 18w\" sizes=\"(max-width: 1024px) 100vw, 1024px\" \/><\/a><\/figure><div class=\"wp-block-media-text__content\">\n<p class=\"has-text-align-right\"><strong>THE TERRITORY<\/strong><br>by Alex Pritz<br><em>97 mins.<\/em><\/p>\n\n\n\n<p class=\"has-text-align-right\">In the heart of the Amazon jungle, a battle is being waged between the last members of the indigenous Uru-eu-wau-wau tribe and the farmers who, with President Bolsonaro at their back, are slowly devouring their protected territory.<br><strong><em><a href=\"https:\/\/anotherwayff.com\/movies\/the_territory\/\">READ MORE &gt;&gt;&gt;<\/a><\/em><\/strong><\/p>\n<\/div><\/div>\n\n\n\n<div style=\"height:68px\" aria-hidden=\"true\" class=\"wp-block-spacer\"><\/div>\n\n\n\n<p><strong>Tuesday, October 11<\/strong><\/p>\n\n\n\n<div class=\"wp-block-media-text alignwide is-stacked-on-mobile\" style=\"grid-template-columns:45% auto\"><figure class=\"wp-block-media-text__media\"><a href=\"https:\/\/anotherwayff.com\/movies\/lagunaria\/\" target=\"_blank\" rel=\"noreferrer noopener\"><img loading=\"lazy\" decoding=\"async\" width=\"1024\" height=\"576\" src=\"https:\/\/films.fotoeventos.net\/wp-content\/uploads\/2022\/09\/LAGUNARIA-STILL-4-1024x576.jpg\" alt=\"\" class=\"wp-image-290 size-full\" srcset=\"https:\/\/fotoeventos.net\/wp-content\/uploads\/2022\/09\/LAGUNARIA-STILL-4-1024x576.jpg 1024w, https:\/\/fotoeventos.net\/wp-content\/uploads\/2022\/09\/LAGUNARIA-STILL-4-300x169.jpg 300w, https:\/\/fotoeventos.net\/wp-content\/uploads\/2022\/09\/LAGUNARIA-STILL-4-768x432.jpg 768w, https:\/\/fotoeventos.net\/wp-content\/uploads\/2022\/09\/LAGUNARIA-STILL-4-1536x864.jpg 1536w, https:\/\/fotoeventos.net\/wp-content\/uploads\/2022\/09\/LAGUNARIA-STILL-4-18x10.jpg 18w, https:\/\/fotoeventos.net\/wp-content\/uploads\/2022\/09\/LAGUNARIA-STILL-4.jpg 1920w\" sizes=\"(max-width: 1024px) 100vw, 1024px\" \/><\/a><\/figure><div class=\"wp-block-media-text__content\">\n<p class=\"has-text-align-left\"><strong>LAGUNARIA<\/strong><br>by Giovanni Pellegrini<br><em>85 mins.<\/em><\/p>\n\n\n\n<p>A voice speaks to us from the distant future of a vanished city, Venice, once among the most famous in the world. Did it ever exist?<br><strong><em><a href=\"https:\/\/anotherwayff.com\/movies\/lagunaria\/\" target=\"_blank\" rel=\"noreferrer noopener\">READ MORE &gt;&gt;&gt;<\/a><\/em><\/strong><\/p>\n<\/div><\/div>\n\n\n\n<div style=\"height:68px\" aria-hidden=\"true\" class=\"wp-block-spacer\"><\/div>\n\n\n\n<h5 class=\"wp-block-heading\">ACTIVITY PROGRAM:<\/h5>\n\n\n\n<div class=\"wp-block-media-text alignwide is-stacked-on-mobile\" style=\"grid-template-columns:45% auto\"><figure class=\"wp-block-media-text__media\"><a href=\"https:\/\/anotherwayff.com\/actividades\/formacion-para-cineastas-comprometidos\/\" target=\"_blank\" rel=\"noreferrer noopener\"><img loading=\"lazy\" decoding=\"async\" width=\"1024\" height=\"576\" src=\"https:\/\/films.fotoeventos.net\/wp-content\/uploads\/2022\/09\/Flyer_Formacion_Cineastas_AWFF_8_web_c2f3b4a2ef-1024x576.jpg\" alt=\"\" class=\"wp-image-292 size-full\" srcset=\"https:\/\/fotoeventos.net\/wp-content\/uploads\/2022\/09\/Flyer_Formacion_Cineastas_AWFF_8_web_c2f3b4a2ef-1024x576.jpg 1024w, https:\/\/fotoeventos.net\/wp-content\/uploads\/2022\/09\/Flyer_Formacion_Cineastas_AWFF_8_web_c2f3b4a2ef-300x169.jpg 300w, https:\/\/fotoeventos.net\/wp-content\/uploads\/2022\/09\/Flyer_Formacion_Cineastas_AWFF_8_web_c2f3b4a2ef-768x432.jpg 768w, https:\/\/fotoeventos.net\/wp-content\/uploads\/2022\/09\/Flyer_Formacion_Cineastas_AWFF_8_web_c2f3b4a2ef-18x10.jpg 18w, https:\/\/fotoeventos.net\/wp-content\/uploads\/2022\/09\/Flyer_Formacion_Cineastas_AWFF_8_web_c2f3b4a2ef.jpg 1280w\" sizes=\"(max-width: 1024px) 100vw, 1024px\" \/><\/a><\/figure><div class=\"wp-block-media-text__content\">\n<p class=\"has-text-align-left\"><strong>TRAINING FOR COMMITTED FILMMAKERS: THE PERFECT PLAN<\/strong><br>by Paloma Urrutia<br>420<em> mins.<\/em> [Friday, October 7]<\/p>\n\n\n\n<p>Designing a sustainability plan is already essential for any production, both for taking care of our planet and for the demands of the audiovisual industry.<br><strong><em><a href=\"https:\/\/anotherwayff.com\/actividades\/formacion-para-cineastas-comprometidos\/\" target=\"_blank\" rel=\"noreferrer noopener\">READ MORE &gt;&gt;&gt;<\/a><\/em><\/strong><\/p>\n<\/div><\/div>\n\n\n\n<div class=\"wp-block-media-text alignwide has-media-on-the-right is-stacked-on-mobile\" style=\"grid-template-columns:auto 45%\"><figure class=\"wp-block-media-text__media\"><a href=\"https:\/\/anotherwayff.com\/actividades\/convierte-tu-festival-en-sostenible-consultores-a-tu-disposicion\/\" target=\"_blank\" rel=\"noreferrer noopener\"><img loading=\"lazy\" decoding=\"async\" width=\"1024\" height=\"576\" src=\"https:\/\/films.fotoeventos.net\/wp-content\/uploads\/2022\/09\/Flyer_Festival_Sostenible_AWFF_8_web_2aa2466b7c-1024x576.jpg\" alt=\"\" class=\"wp-image-293 size-full\" srcset=\"https:\/\/fotoeventos.net\/wp-content\/uploads\/2022\/09\/Flyer_Festival_Sostenible_AWFF_8_web_2aa2466b7c-1024x576.jpg 1024w, https:\/\/fotoeventos.net\/wp-content\/uploads\/2022\/09\/Flyer_Festival_Sostenible_AWFF_8_web_2aa2466b7c-300x169.jpg 300w, https:\/\/fotoeventos.net\/wp-content\/uploads\/2022\/09\/Flyer_Festival_Sostenible_AWFF_8_web_2aa2466b7c-768x432.jpg 768w, https:\/\/fotoeventos.net\/wp-content\/uploads\/2022\/09\/Flyer_Festival_Sostenible_AWFF_8_web_2aa2466b7c-18x10.jpg 18w, https:\/\/fotoeventos.net\/wp-content\/uploads\/2022\/09\/Flyer_Festival_Sostenible_AWFF_8_web_2aa2466b7c.jpg 1280w\" sizes=\"(max-width: 1024px) 100vw, 1024px\" \/><\/a><\/figure><div class=\"wp-block-media-text__content\">\n<p class=\"has-text-align-right\"><strong>MAKE YOUR FESTIVAL SUSTAINABLE: CONSULTANTS AT YOUR DISPOSAL<\/strong><br>by D\u00e9bora Marques Flux\u00e1, Roberto Campo Almeida &amp; Sara Soloaga<br><em>60 mins. <\/em>[Friday, October 7]<\/p>\n\n\n\n<p class=\"has-text-align-right\">Do you want to be a more sustainable festival? Now the million dollar question: where to start? Doubts can be endless, so we want to put you in direct contact with consulting entities that offer to guide you step by step.<br><strong><em><a href=\"https:\/\/anotherwayff.com\/actividades\/convierte-tu-festival-en-sostenible-consultores-a-tu-disposicion\/\" target=\"_blank\" rel=\"noreferrer noopener\">READ MORE &gt;&gt;&gt;<\/a><\/em><\/strong><\/p>\n<\/div><\/div>\n\n\n\n<div class=\"wp-block-media-text alignwide is-stacked-on-mobile\" style=\"grid-template-columns:45% auto\"><figure class=\"wp-block-media-text__media\"><a href=\"https:\/\/anotherwayff.com\/actividades\/another-huerto-sembrar-nuevos-valores\/\" target=\"_blank\" rel=\"noreferrer noopener\"><img loading=\"lazy\" decoding=\"async\" width=\"1024\" height=\"576\" src=\"https:\/\/films.fotoeventos.net\/wp-content\/uploads\/2022\/09\/naturaleza_medio_ambiente_e1505407093531_c4278f8779-1024x576.jpeg\" alt=\"\" class=\"wp-image-294 size-full\" srcset=\"https:\/\/fotoeventos.net\/wp-content\/uploads\/2022\/09\/naturaleza_medio_ambiente_e1505407093531_c4278f8779-1024x576.jpeg 1024w, https:\/\/fotoeventos.net\/wp-content\/uploads\/2022\/09\/naturaleza_medio_ambiente_e1505407093531_c4278f8779-300x169.jpeg 300w, https:\/\/fotoeventos.net\/wp-content\/uploads\/2022\/09\/naturaleza_medio_ambiente_e1505407093531_c4278f8779-768x432.jpeg 768w, https:\/\/fotoeventos.net\/wp-content\/uploads\/2022\/09\/naturaleza_medio_ambiente_e1505407093531_c4278f8779-18x10.jpeg 18w, https:\/\/fotoeventos.net\/wp-content\/uploads\/2022\/09\/naturaleza_medio_ambiente_e1505407093531_c4278f8779.jpeg 1280w\" sizes=\"(max-width: 1024px) 100vw, 1024px\" \/><\/a><\/figure><div class=\"wp-block-media-text__content\">\n<p class=\"has-text-align-left\"><strong>ANOTHER GARDEN: SOWING NEW VALUES<\/strong><br>by Anna Borrie &amp; Colectivo El Bancal<br><em>180 mins.<\/em> [Saturday October 8]<\/p>\n\n\n\n<p>Do you want to learn how to create your own garden and do not know where to start? Having a garden is not an easy task: how to sow, how to plant, what seeds to use...<br><strong><em><a href=\"https:\/\/anotherwayff.com\/actividades\/another-huerto-sembrar-nuevos-valores\/\" target=\"_blank\" rel=\"noreferrer noopener\">READ MORE &gt;&gt;&gt;<\/a><\/em><\/strong><\/p>\n<\/div><\/div>\n\n\n\n<div class=\"wp-block-media-text alignwide has-media-on-the-right is-stacked-on-mobile\" style=\"grid-template-columns:auto 45%\"><figure class=\"wp-block-media-text__media\"><a href=\"https:\/\/anotherwayff.com\/actividades\/taller-de-pintura-para-ninos-la-vida-alada\/\" target=\"_blank\" rel=\"noreferrer noopener\"><img loading=\"lazy\" decoding=\"async\" width=\"1024\" height=\"576\" src=\"https:\/\/films.fotoeventos.net\/wp-content\/uploads\/2022\/09\/9475505_little_children_painting_55762c2f4c-1024x576.jpeg\" alt=\"\" class=\"wp-image-295 size-full\" srcset=\"https:\/\/fotoeventos.net\/wp-content\/uploads\/2022\/09\/9475505_little_children_painting_55762c2f4c-1024x576.jpeg 1024w, https:\/\/fotoeventos.net\/wp-content\/uploads\/2022\/09\/9475505_little_children_painting_55762c2f4c-300x169.jpeg 300w, https:\/\/fotoeventos.net\/wp-content\/uploads\/2022\/09\/9475505_little_children_painting_55762c2f4c-768x432.jpeg 768w, https:\/\/fotoeventos.net\/wp-content\/uploads\/2022\/09\/9475505_little_children_painting_55762c2f4c-18x10.jpeg 18w, https:\/\/fotoeventos.net\/wp-content\/uploads\/2022\/09\/9475505_little_children_painting_55762c2f4c.jpeg 1280w\" sizes=\"(max-width: 1024px) 100vw, 1024px\" \/><\/a><\/figure><div class=\"wp-block-media-text__content\">\n<p class=\"has-text-align-right\"><strong>PAINTING WORKSHOP FOR CHILDREN: THE WINGED LIFE<\/strong><br>by Mariela Mugnani<br><em>120 mins.<\/em> [Saturday October 8]<\/p>\n\n\n\n<p class=\"has-text-align-right\">It is a workshop aimed at boys and girls from 4 to 11 years old in which we will draw and paint to the sound of the songs of the birds that fly over our world, to familiarize ourselves with their image and their trill at the same time.<br><strong><em><a href=\"https:\/\/anotherwayff.com\/actividades\/taller-de-pintura-para-ninos-la-vida-alada\/\" target=\"_blank\" rel=\"noreferrer noopener\">READ MORE &gt;&gt;&gt;<\/a><\/em><\/strong><\/p>\n<\/div><\/div>\n\n\n\n<div class=\"wp-block-media-text alignwide is-stacked-on-mobile\" style=\"grid-template-columns:45% auto\"><figure class=\"wp-block-media-text__media\"><a href=\"https:\/\/anotherwayff.com\/actividades\/dialogos-ecotopicos\/\" target=\"_blank\" rel=\"noreferrer noopener\"><img loading=\"lazy\" decoding=\"async\" width=\"1024\" height=\"576\" src=\"https:\/\/films.fotoeventos.net\/wp-content\/uploads\/2022\/09\/Flyer_Dialogos_Ecotopicos_AWFF_8_web_55dcbcbbb4-1024x576.jpg\" alt=\"\" class=\"wp-image-296 size-full\" srcset=\"https:\/\/fotoeventos.net\/wp-content\/uploads\/2022\/09\/Flyer_Dialogos_Ecotopicos_AWFF_8_web_55dcbcbbb4-1024x576.jpg 1024w, https:\/\/fotoeventos.net\/wp-content\/uploads\/2022\/09\/Flyer_Dialogos_Ecotopicos_AWFF_8_web_55dcbcbbb4-300x169.jpg 300w, https:\/\/fotoeventos.net\/wp-content\/uploads\/2022\/09\/Flyer_Dialogos_Ecotopicos_AWFF_8_web_55dcbcbbb4-768x432.jpg 768w, https:\/\/fotoeventos.net\/wp-content\/uploads\/2022\/09\/Flyer_Dialogos_Ecotopicos_AWFF_8_web_55dcbcbbb4-18x10.jpg 18w, https:\/\/fotoeventos.net\/wp-content\/uploads\/2022\/09\/Flyer_Dialogos_Ecotopicos_AWFF_8_web_55dcbcbbb4.jpg 1280w\" sizes=\"(max-width: 1024px) 100vw, 1024px\" \/><\/a><\/figure><div class=\"wp-block-media-text__content\">\n<p class=\"has-text-align-left\"><strong>ECOTOPIC DIALOGUES<\/strong><br>by Mikelon Zuloaga, Miguel Brieva &amp; Emma Gasco<br><em>90 mins.<\/em> [Saturday October 8]<\/p>\n\n\n\n<p>Ecotopias: Do, dream, visualize\u2026 To transform imaginaries. A space in collaboration with Greenpeace to share and reflect together.<br><strong><em><a href=\"https:\/\/anotherwayff.com\/actividades\/dialogos-ecotopicos\/\" target=\"_blank\" rel=\"noreferrer noopener\">READ MORE &gt;&gt;&gt;<\/a><\/em><\/strong><\/p>\n<\/div><\/div>\n\n\n\n<div style=\"height:68px\" aria-hidden=\"true\" class=\"wp-block-spacer\"><\/div>\n\n\n\n<h5 class=\"wp-block-heading\">TICKETS<\/h5>\n\n\n\n<div class=\"wp-block-columns is-layout-flex wp-container-core-columns-is-layout-9d6595d7 wp-block-columns-is-layout-flex\">\n<div class=\"wp-block-column is-layout-flow wp-block-column-is-layout-flow\"><\/div>\n\n\n\n<div class=\"wp-block-column is-layout-flow wp-block-column-is-layout-flow\"><div class=\"wp-block-image\">\n<figure class=\"aligncenter size-full is-resized\"><a href=\"https:\/\/anotherwayff.com\/movies\/abono_online\/\" target=\"_blank\" rel=\"noreferrer noopener\"><img loading=\"lazy\" decoding=\"async\" src=\"https:\/\/films.fotoeventos.net\/wp-content\/uploads\/2022\/09\/ticket.png\" alt=\"\" class=\"wp-image-298\" width=\"180\" height=\"180\" srcset=\"https:\/\/fotoeventos.net\/wp-content\/uploads\/2022\/09\/ticket.png 512w, https:\/\/fotoeventos.net\/wp-content\/uploads\/2022\/09\/ticket-300x300.png 300w, https:\/\/fotoeventos.net\/wp-content\/uploads\/2022\/09\/ticket-150x150.png 150w, https:\/\/fotoeventos.net\/wp-content\/uploads\/2022\/09\/ticket-12x12.png 12w, https:\/\/fotoeventos.net\/wp-content\/uploads\/2022\/09\/ticket-96x96.png 96w, https:\/\/fotoeventos.net\/wp-content\/uploads\/2022\/09\/ticket-50x50.png 50w\" sizes=\"(max-width: 180px) 100vw, 180px\" \/><\/a><figcaption><strong><a href=\"https:\/\/anotherwayff.com\/movies\/abono_online\/\" target=\"_blank\" rel=\"noreferrer noopener\">BUY ON THE WEB<\/a><\/strong><\/figcaption><\/figure><\/div><\/div>\n\n\n\n<div class=\"wp-block-column is-layout-flow wp-block-column-is-layout-flow\"><\/div>\n<\/div>\n\n\n\n<div style=\"height:68px\" aria-hidden=\"true\" class=\"wp-block-spacer\"><\/div>\n\n\n\n<h5 class=\"wp-block-heading\">FESTIVAL SPONSORS<\/h5>\n\n\n\n<div class=\"wp-block-columns is-layout-flex wp-container-core-columns-is-layout-9d6595d7 wp-block-columns-is-layout-flex\">\n<div class=\"wp-block-column is-layout-flow wp-block-column-is-layout-flow\"><div class=\"wp-block-image wp-duotone-ffffff-rgba255255255093-1\">\n<figure class=\"aligncenter size-full is-resized\"><a href=\"https:\/\/www.signus.es\/\" target=\"_blank\" rel=\"noreferrer noopener\"><img loading=\"lazy\" decoding=\"async\" src=\"https:\/\/films.fotoeventos.net\/wp-content\/uploads\/2022\/09\/SIGNUS_CUADRADO_Fondo_blanco_d4f21526fc.webp\" alt=\"\" class=\"wp-image-300\" width=\"283\" height=\"249\" srcset=\"https:\/\/fotoeventos.net\/wp-content\/uploads\/2022\/09\/SIGNUS_CUADRADO_Fondo_blanco_d4f21526fc.webp 475w, https:\/\/fotoeventos.net\/wp-content\/uploads\/2022\/09\/SIGNUS_CUADRADO_Fondo_blanco_d4f21526fc-300x264.webp 300w, https:\/\/fotoeventos.net\/wp-content\/uploads\/2022\/09\/SIGNUS_CUADRADO_Fondo_blanco_d4f21526fc-14x12.webp 14w\" sizes=\"(max-width: 283px) 100vw, 283px\" \/><\/a><\/figure><\/div>\n\n\n<figure class=\"wp-block-image size-full wp-duotone-ffffff-ffffff-2\"><a href=\"https:\/\/elgatoverdeproducciones.com\/\" target=\"_blank\" rel=\"noreferrer noopener\"><img loading=\"lazy\" decoding=\"async\" width=\"475\" height=\"418\" src=\"https:\/\/films.fotoeventos.net\/wp-content\/uploads\/2022\/09\/GATO_VERDE_CUADRADO_Fondo_blanco_1bcab60929.webp\" alt=\"\" class=\"wp-image-305\" srcset=\"https:\/\/fotoeventos.net\/wp-content\/uploads\/2022\/09\/GATO_VERDE_CUADRADO_Fondo_blanco_1bcab60929.webp 475w, https:\/\/fotoeventos.net\/wp-content\/uploads\/2022\/09\/GATO_VERDE_CUADRADO_Fondo_blanco_1bcab60929-300x264.webp 300w, https:\/\/fotoeventos.net\/wp-content\/uploads\/2022\/09\/GATO_VERDE_CUADRADO_Fondo_blanco_1bcab60929-14x12.webp 14w\" sizes=\"(max-width: 475px) 100vw, 475px\" \/><\/a><\/figure>\n<\/div>\n\n\n\n<div class=\"wp-block-column is-layout-flow wp-block-column-is-layout-flow\">\n<figure class=\"wp-block-image size-full wp-duotone-ffffff-000000-3\"><a href=\"https:\/\/primerplanoescuela.com\/\" target=\"_blank\" rel=\"noreferrer noopener\"><img loading=\"lazy\" decoding=\"async\" width=\"475\" height=\"418\" src=\"https:\/\/films.fotoeventos.net\/wp-content\/uploads\/2022\/09\/PRIMER_PLANO_CUADRADO_Fondo_blanco_097e11dde8.webp\" alt=\"\" class=\"wp-image-301\" srcset=\"https:\/\/fotoeventos.net\/wp-content\/uploads\/2022\/09\/PRIMER_PLANO_CUADRADO_Fondo_blanco_097e11dde8.webp 475w, https:\/\/fotoeventos.net\/wp-content\/uploads\/2022\/09\/PRIMER_PLANO_CUADRADO_Fondo_blanco_097e11dde8-300x264.webp 300w, https:\/\/fotoeventos.net\/wp-content\/uploads\/2022\/09\/PRIMER_PLANO_CUADRADO_Fondo_blanco_097e11dde8-14x12.webp 14w\" sizes=\"(max-width: 475px) 100vw, 475px\" \/><\/a><\/figure>\n\n\n\n<p><\/p>\n\n\n<div class=\"wp-block-image wp-duotone-ffffff-ffffff-4\">\n<figure class=\"aligncenter size-full is-resized\"><a href=\"https:\/\/gosuac.com\/\" target=\"_blank\" rel=\"noreferrer noopener\"><img loading=\"lazy\" decoding=\"async\" src=\"https:\/\/films.fotoeventos.net\/wp-content\/uploads\/2022\/09\/gosuac_color_4b1756a930.webp\" alt=\"\" class=\"wp-image-304\" width=\"186\" height=\"186\" srcset=\"https:\/\/fotoeventos.net\/wp-content\/uploads\/2022\/09\/gosuac_color_4b1756a930.webp 176w, https:\/\/fotoeventos.net\/wp-content\/uploads\/2022\/09\/gosuac_color_4b1756a930-150x150.webp 150w, https:\/\/fotoeventos.net\/wp-content\/uploads\/2022\/09\/gosuac_color_4b1756a930-12x12.webp 12w, https:\/\/fotoeventos.net\/wp-content\/uploads\/2022\/09\/gosuac_color_4b1756a930-96x96.webp 96w, https:\/\/fotoeventos.net\/wp-content\/uploads\/2022\/09\/gosuac_color_4b1756a930-50x50.webp 50w\" sizes=\"(max-width: 186px) 100vw, 186px\" \/><\/a><\/figure><\/div><\/div>\n\n\n\n<div class=\"wp-block-column is-layout-flow wp-block-column-is-layout-flow\">\n<figure class=\"wp-block-image size-full wp-duotone-ffffff-ffffff-5\"><a href=\"https:\/\/www.institutfrancais.es\/madrid\/\" target=\"_blank\" rel=\"noreferrer noopener\"><img loading=\"lazy\" decoding=\"async\" width=\"475\" height=\"418\" src=\"https:\/\/films.fotoeventos.net\/wp-content\/uploads\/2022\/09\/INSTITUTO_CUADRADO_Fondo_blanco_f8e7c8cb23.webp\" alt=\"\" class=\"wp-image-302\" srcset=\"https:\/\/fotoeventos.net\/wp-content\/uploads\/2022\/09\/INSTITUTO_CUADRADO_Fondo_blanco_f8e7c8cb23.webp 475w, https:\/\/fotoeventos.net\/wp-content\/uploads\/2022\/09\/INSTITUTO_CUADRADO_Fondo_blanco_f8e7c8cb23-300x264.webp 300w, https:\/\/fotoeventos.net\/wp-content\/uploads\/2022\/09\/INSTITUTO_CUADRADO_Fondo_blanco_f8e7c8cb23-14x12.webp 14w\" sizes=\"(max-width: 475px) 100vw, 475px\" \/><\/a><\/figure>\n\n\n\n<p><\/p>\n\n\n\n<figure class=\"wp-block-image size-full wp-duotone-ffffff-ffffff-6\"><a href=\"https:\/\/tuamc.tv\/odisea\/\" target=\"_blank\" rel=\"noreferrer noopener\"><img loading=\"lazy\" decoding=\"async\" width=\"300\" height=\"160\" src=\"https:\/\/films.fotoeventos.net\/wp-content\/uploads\/2022\/09\/02_Odisea_36078b9331.webp\" alt=\"\" class=\"wp-image-303\" srcset=\"https:\/\/fotoeventos.net\/wp-content\/uploads\/2022\/09\/02_Odisea_36078b9331.webp 300w, https:\/\/fotoeventos.net\/wp-content\/uploads\/2022\/09\/02_Odisea_36078b9331-18x10.webp 18w\" sizes=\"(max-width: 300px) 100vw, 300px\" \/><\/a><\/figure>\n<\/div>\n<\/div>\n\n\n\n<h5 class=\"wp-block-heading\">INSTITUTIONAL SUPPORT OF THE FESTIVAL<\/h5>\n\n\n\n<div class=\"wp-block-columns is-layout-flex wp-container-core-columns-is-layout-9d6595d7 wp-block-columns-is-layout-flex\">\n<div class=\"wp-block-column is-layout-flow wp-block-column-is-layout-flow\"><div class=\"wp-block-image wp-duotone-ffffff-000000-7\">\n<figure class=\"aligncenter size-large is-resized\"><a href=\"https:\/\/www.comunidad.madrid\/\" target=\"_blank\" rel=\"noreferrer noopener\"><img loading=\"lazy\" decoding=\"async\" src=\"https:\/\/films.fotoeventos.net\/wp-content\/uploads\/2022\/09\/11_cominidadmadrid_1c700ab3f0-788x1024.webp\" alt=\"\" class=\"wp-image-308\" width=\"170\" height=\"220\" srcset=\"https:\/\/fotoeventos.net\/wp-content\/uploads\/2022\/09\/11_cominidadmadrid_1c700ab3f0-788x1024.webp 788w, https:\/\/fotoeventos.net\/wp-content\/uploads\/2022\/09\/11_cominidadmadrid_1c700ab3f0-231x300.webp 231w, https:\/\/fotoeventos.net\/wp-content\/uploads\/2022\/09\/11_cominidadmadrid_1c700ab3f0-768x998.webp 768w, https:\/\/fotoeventos.net\/wp-content\/uploads\/2022\/09\/11_cominidadmadrid_1c700ab3f0-1182x1536.webp 1182w, https:\/\/fotoeventos.net\/wp-content\/uploads\/2022\/09\/11_cominidadmadrid_1c700ab3f0-9x12.webp 9w, https:\/\/fotoeventos.net\/wp-content\/uploads\/2022\/09\/11_cominidadmadrid_1c700ab3f0.webp 1200w\" sizes=\"(max-width: 170px) 100vw, 170px\" \/><\/a><\/figure><\/div>\n\n\n<figure class=\"wp-block-image size-large wp-duotone-ffffff-000000-8\"><a href=\"https:\/\/www.culturaydeporte.gob.es\/cultura\/areas\/cine\/inicio.html\" target=\"_blank\" rel=\"noreferrer noopener\"><img loading=\"lazy\" decoding=\"async\" width=\"1024\" height=\"253\" src=\"https:\/\/films.fotoeventos.net\/wp-content\/uploads\/2022\/09\/logo_icaa_17_27_31_5be0cfb6b4-1024x253.webp\" alt=\"\" class=\"wp-image-313\" srcset=\"https:\/\/fotoeventos.net\/wp-content\/uploads\/2022\/09\/logo_icaa_17_27_31_5be0cfb6b4-1024x253.webp 1024w, https:\/\/fotoeventos.net\/wp-content\/uploads\/2022\/09\/logo_icaa_17_27_31_5be0cfb6b4-300x74.webp 300w, https:\/\/fotoeventos.net\/wp-content\/uploads\/2022\/09\/logo_icaa_17_27_31_5be0cfb6b4-768x190.webp 768w, https:\/\/fotoeventos.net\/wp-content\/uploads\/2022\/09\/logo_icaa_17_27_31_5be0cfb6b4-1536x380.webp 1536w, https:\/\/fotoeventos.net\/wp-content\/uploads\/2022\/09\/logo_icaa_17_27_31_5be0cfb6b4-2048x507.webp 2048w, https:\/\/fotoeventos.net\/wp-content\/uploads\/2022\/09\/logo_icaa_17_27_31_5be0cfb6b4-18x4.webp 18w\" sizes=\"(max-width: 1024px) 100vw, 1024px\" \/><\/a><\/figure>\n<\/div>\n\n\n\n<div class=\"wp-block-column is-layout-flow wp-block-column-is-layout-flow\"><div class=\"wp-block-image wp-duotone-ffffff-000000-9\">\n<figure class=\"aligncenter size-large is-resized\"><a href=\"https:\/\/www.slowfood.com\/es\/tag\/union-europea\/\" target=\"_blank\" rel=\"noreferrer noopener\"><img loading=\"lazy\" decoding=\"async\" src=\"https:\/\/films.fotoeventos.net\/wp-content\/uploads\/2022\/09\/1_eu_866c8dad2d-1024x1024.webp\" alt=\"\" class=\"wp-image-309\" width=\"260\" height=\"260\" srcset=\"https:\/\/fotoeventos.net\/wp-content\/uploads\/2022\/09\/1_eu_866c8dad2d-1024x1024.webp 1024w, https:\/\/fotoeventos.net\/wp-content\/uploads\/2022\/09\/1_eu_866c8dad2d-300x300.webp 300w, https:\/\/fotoeventos.net\/wp-content\/uploads\/2022\/09\/1_eu_866c8dad2d-150x150.webp 150w, https:\/\/fotoeventos.net\/wp-content\/uploads\/2022\/09\/1_eu_866c8dad2d-768x768.webp 768w, https:\/\/fotoeventos.net\/wp-content\/uploads\/2022\/09\/1_eu_866c8dad2d-1536x1536.webp 1536w, https:\/\/fotoeventos.net\/wp-content\/uploads\/2022\/09\/1_eu_866c8dad2d-2048x2048.webp 2048w, https:\/\/fotoeventos.net\/wp-content\/uploads\/2022\/09\/1_eu_866c8dad2d-12x12.webp 12w, https:\/\/fotoeventos.net\/wp-content\/uploads\/2022\/09\/1_eu_866c8dad2d-640x640.webp 640w, https:\/\/fotoeventos.net\/wp-content\/uploads\/2022\/09\/1_eu_866c8dad2d-666x666.webp 666w, https:\/\/fotoeventos.net\/wp-content\/uploads\/2022\/09\/1_eu_866c8dad2d-96x96.webp 96w, https:\/\/fotoeventos.net\/wp-content\/uploads\/2022\/09\/1_eu_866c8dad2d-50x50.webp 50w\" sizes=\"(max-width: 260px) 100vw, 260px\" \/><\/a><\/figure><\/div>\n\n\n<figure class=\"wp-block-image size-full wp-duotone-ffffff-ffffff-10\"><a href=\"https:\/\/www.madrid.es\/portal\/site\/munimadrid\" target=\"_blank\" rel=\"noreferrer noopener\"><img loading=\"lazy\" decoding=\"async\" width=\"742\" height=\"204\" src=\"https:\/\/films.fotoeventos.net\/wp-content\/uploads\/2022\/09\/Copia_de_firma_madrid_azul_digital_4b47c40d37.webp\" alt=\"\" class=\"wp-image-312\" srcset=\"https:\/\/fotoeventos.net\/wp-content\/uploads\/2022\/09\/Copia_de_firma_madrid_azul_digital_4b47c40d37.webp 742w, https:\/\/fotoeventos.net\/wp-content\/uploads\/2022\/09\/Copia_de_firma_madrid_azul_digital_4b47c40d37-300x82.webp 300w, https:\/\/fotoeventos.net\/wp-content\/uploads\/2022\/09\/Copia_de_firma_madrid_azul_digital_4b47c40d37-18x5.webp 18w\" sizes=\"(max-width: 742px) 100vw, 742px\" \/><\/a><\/figure>\n<\/div>\n\n\n\n<div class=\"wp-block-column is-layout-flow wp-block-column-is-layout-flow\"><div class=\"wp-block-image wp-duotone-ffffff-000000-11\">\n<figure class=\"aligncenter size-full is-resized\"><a href=\"https:\/\/www.slowfood.com\/es\/\" target=\"_blank\" rel=\"noreferrer noopener\"><img loading=\"lazy\" decoding=\"async\" src=\"https:\/\/films.fotoeventos.net\/wp-content\/uploads\/2022\/09\/2_Slow_Food_NEW_aaaa74231b.webp\" alt=\"\" class=\"wp-image-310\" width=\"285\" height=\"137\" srcset=\"https:\/\/fotoeventos.net\/wp-content\/uploads\/2022\/09\/2_Slow_Food_NEW_aaaa74231b.webp 546w, https:\/\/fotoeventos.net\/wp-content\/uploads\/2022\/09\/2_Slow_Food_NEW_aaaa74231b-300x145.webp 300w, https:\/\/fotoeventos.net\/wp-content\/uploads\/2022\/09\/2_Slow_Food_NEW_aaaa74231b-18x9.webp 18w\" sizes=\"(max-width: 285px) 100vw, 285px\" \/><\/a><\/figure><\/div>\n\n<div class=\"wp-block-image wp-duotone-ffffff-000000-12\">\n<figure class=\"aligncenter size-large is-resized\"><a href=\"https:\/\/www.slowfood.com\/what-we-do\/funded-projects-slow-food\/cine-cinema-communities-for-innovation-networks-and-environment\/\" target=\"_blank\" rel=\"noreferrer noopener\"><img loading=\"lazy\" decoding=\"async\" src=\"https:\/\/films.fotoeventos.net\/wp-content\/uploads\/2022\/09\/3_logo_CINE_89d02b1331-1024x1024.webp\" alt=\"\" class=\"wp-image-311\" width=\"207\" height=\"207\" srcset=\"https:\/\/fotoeventos.net\/wp-content\/uploads\/2022\/09\/3_logo_CINE_89d02b1331-1024x1024.webp 1024w, https:\/\/fotoeventos.net\/wp-content\/uploads\/2022\/09\/3_logo_CINE_89d02b1331-300x300.webp 300w, https:\/\/fotoeventos.net\/wp-content\/uploads\/2022\/09\/3_logo_CINE_89d02b1331-150x150.webp 150w, https:\/\/fotoeventos.net\/wp-content\/uploads\/2022\/09\/3_logo_CINE_89d02b1331-768x768.webp 768w, https:\/\/fotoeventos.net\/wp-content\/uploads\/2022\/09\/3_logo_CINE_89d02b1331-1536x1536.webp 1536w, https:\/\/fotoeventos.net\/wp-content\/uploads\/2022\/09\/3_logo_CINE_89d02b1331-2048x2048.webp 2048w, https:\/\/fotoeventos.net\/wp-content\/uploads\/2022\/09\/3_logo_CINE_89d02b1331-12x12.webp 12w, https:\/\/fotoeventos.net\/wp-content\/uploads\/2022\/09\/3_logo_CINE_89d02b1331-640x640.webp 640w, https:\/\/fotoeventos.net\/wp-content\/uploads\/2022\/09\/3_logo_CINE_89d02b1331-666x666.webp 666w, https:\/\/fotoeventos.net\/wp-content\/uploads\/2022\/09\/3_logo_CINE_89d02b1331-96x96.webp 96w, https:\/\/fotoeventos.net\/wp-content\/uploads\/2022\/09\/3_logo_CINE_89d02b1331-50x50.webp 50w\" sizes=\"(max-width: 207px) 100vw, 207px\" \/><\/a><\/figure><\/div><\/div>\n<\/div>","protected":false},"excerpt":{"rendered":"<p>Cine sobre progreso sostenible.Del 5-11 de Octubre 2022 (Madrid). Del 5 al 11 de Octubre del 2022 podr\u00e1n disfrutar de una impactante e hipn\u00f3tica programaci\u00f3n con una tem\u00e1tica principal sobre el cambio clim\u00e1tico y sus consecuencias. Junto con las proyecciones se ofrecen una serie de actividades paralelas como; \u00abFormaci\u00f3n para cineastas comprometidos: el plan perfecto\u00bb, \u00abConvierte tu festival en sostenible: Consultores a tu disposici\u00f3n\u00bb, \u00abANOTHER HUERTO: Sembrar nuevos valores\u00bb, \u00abTaller de pintura para ni\u00f1os: La<\/p>\n<p><span class=\"more-link\"><a href=\"https:\/\/fotoeventos.net\/en\/another-way-film-festival\/\" class=\"readmore\">Keep reading\u2026<span class=\"screen-reader-text\">ANOTHER WAY FILM FESTIVAL<\/span><\/a><\/span><\/p>","protected":false},"author":1,"featured_media":238,"parent":0,"menu_order":0,"comment_status":"closed","ping_status":"closed","template":"","meta":{"footnotes":""},"class_list":["post-241","page","type-page","status-publish","has-post-thumbnail","hentry"],"yoast_head":"<!-- This site is optimized with the Yoast SEO plugin v25.6 - https:\/\/yoast.com\/wordpress\/plugins\/seo\/ -->\n<title>ANOTHER WAY FILM FESTIVAL - FotoEventos Producciones<\/title>\n<meta name=\"robots\" content=\"index, follow, max-snippet:-1, max-image-preview:large, max-video-preview:-1\" \/>\n<link rel=\"canonical\" href=\"https:\/\/fotoeventos.net\/en\/another-way-film-festival\/\" \/>\n<meta property=\"og:locale\" content=\"en_US\" \/>\n<meta property=\"og:type\" content=\"article\" \/>\n<meta property=\"og:title\" content=\"ANOTHER WAY FILM FESTIVAL - FotoEventos Producciones\" \/>\n<meta property=\"og:description\" content=\"Cine sobre progreso sostenible.Del 5-11 de Octubre 2022 (Madrid). Del 5 al 11 de Octubre del 2022 podr\u00e1n disfrutar de una impactante e hipn\u00f3tica programaci\u00f3n con una tem\u00e1tica principal sobre el cambio clim\u00e1tico y sus consecuencias. Junto con las proyecciones se ofrecen una serie de actividades paralelas como; \u00abFormaci\u00f3n para cineastas comprometidos: el plan perfecto\u00bb, \u00abConvierte tu festival en sostenible: Consultores a tu disposici\u00f3n\u00bb, \u00abANOTHER HUERTO: Sembrar nuevos valores\u00bb, \u00abTaller de pintura para ni\u00f1os: LaSeguir leyendo...ANOTHER WAY FILM FESTIVAL\" \/>\n<meta property=\"og:url\" content=\"https:\/\/fotoeventos.net\/en\/another-way-film-festival\/\" \/>\n<meta property=\"og:site_name\" content=\"FotoEventos Producciones\" \/>\n<meta property=\"article:modified_time\" content=\"2022-09-29T21:05:02+00:00\" \/>\n<meta property=\"og:image\" content=\"https:\/\/fotoeventos.net\/wp-content\/uploads\/2022\/09\/cartel-AWFF8_2022_RGB.jpg\" \/>\n\t<meta property=\"og:image:width\" content=\"1754\" \/>\n\t<meta property=\"og:image:height\" content=\"2481\" \/>\n\t<meta property=\"og:image:type\" content=\"image\/jpeg\" \/>\n<meta name=\"twitter:card\" content=\"summary_large_image\" \/>\n<meta name=\"twitter:label1\" content=\"Est. reading time\" \/>\n\t<meta name=\"twitter:data1\" content=\"11 minutes\" \/>\n<script type=\"application\/ld+json\" class=\"yoast-schema-graph\">{\"@context\":\"https:\/\/schema.org\",\"@graph\":[{\"@type\":\"WebPage\",\"@id\":\"https:\/\/fotoeventos.net\/another-way-film-festival\/\",\"url\":\"https:\/\/fotoeventos.net\/another-way-film-festival\/\",\"name\":\"ANOTHER WAY FILM FESTIVAL - FotoEventos Producciones\",\"isPartOf\":{\"@id\":\"https:\/\/fotoeventos.net\/#website\"},\"primaryImageOfPage\":{\"@id\":\"https:\/\/fotoeventos.net\/another-way-film-festival\/#primaryimage\"},\"image\":{\"@id\":\"https:\/\/fotoeventos.net\/another-way-film-festival\/#primaryimage\"},\"thumbnailUrl\":\"https:\/\/fotoeventos.net\/wp-content\/uploads\/2022\/09\/cartel-AWFF8_2022_RGB.jpg\",\"datePublished\":\"2022-09-29T17:16:01+00:00\",\"dateModified\":\"2022-09-29T21:05:02+00:00\",\"breadcrumb\":{\"@id\":\"https:\/\/fotoeventos.net\/another-way-film-festival\/#breadcrumb\"},\"inLanguage\":\"en-US\",\"potentialAction\":[{\"@type\":\"ReadAction\",\"target\":[\"https:\/\/fotoeventos.net\/another-way-film-festival\/\"]}]},{\"@type\":\"ImageObject\",\"inLanguage\":\"en-US\",\"@id\":\"https:\/\/fotoeventos.net\/another-way-film-festival\/#primaryimage\",\"url\":\"https:\/\/fotoeventos.net\/wp-content\/uploads\/2022\/09\/cartel-AWFF8_2022_RGB.jpg\",\"contentUrl\":\"https:\/\/fotoeventos.net\/wp-content\/uploads\/2022\/09\/cartel-AWFF8_2022_RGB.jpg\",\"width\":1754,\"height\":2481},{\"@type\":\"BreadcrumbList\",\"@id\":\"https:\/\/fotoeventos.net\/another-way-film-festival\/#breadcrumb\",\"itemListElement\":[{\"@type\":\"ListItem\",\"position\":1,\"name\":\"Portada\",\"item\":\"https:\/\/fotoeventos.net\/\"},{\"@type\":\"ListItem\",\"position\":2,\"name\":\"ANOTHER WAY FILM FESTIVAL\"}]},{\"@type\":\"WebSite\",\"@id\":\"https:\/\/fotoeventos.net\/#website\",\"url\":\"https:\/\/fotoeventos.net\/\",\"name\":\"FotoEventos Producciones\",\"description\":\"\",\"publisher\":{\"@id\":\"https:\/\/fotoeventos.net\/#organization\"},\"potentialAction\":[{\"@type\":\"SearchAction\",\"target\":{\"@type\":\"EntryPoint\",\"urlTemplate\":\"https:\/\/fotoeventos.net\/?s={search_term_string}\"},\"query-input\":{\"@type\":\"PropertyValueSpecification\",\"valueRequired\":true,\"valueName\":\"search_term_string\"}}],\"inLanguage\":\"en-US\"},{\"@type\":\"Organization\",\"@id\":\"https:\/\/fotoeventos.net\/#organization\",\"name\":\"FotoEventos Producciones\",\"url\":\"https:\/\/fotoeventos.net\/\",\"logo\":{\"@type\":\"ImageObject\",\"inLanguage\":\"en-US\",\"@id\":\"https:\/\/fotoeventos.net\/#\/schema\/logo\/image\/\",\"url\":\"https:\/\/fotoeventos.net\/wp-content\/uploads\/2022\/07\/cropped-fotoeventos-sin-borde-100x100-1.png\",\"contentUrl\":\"https:\/\/fotoeventos.net\/wp-content\/uploads\/2022\/07\/cropped-fotoeventos-sin-borde-100x100-1.png\",\"width\":100,\"height\":83,\"caption\":\"FotoEventos Producciones\"},\"image\":{\"@id\":\"https:\/\/fotoeventos.net\/#\/schema\/logo\/image\/\"},\"sameAs\":[\"http:\/\/instagram.com\/fotoeventos_net\",\"https:\/\/www.instagram.com\/mr_dinocarlos\"]}]}<\/script>\n<!-- \/ Yoast SEO plugin. -->","yoast_head_json":{"title":"ANOTHER WAY FILM FESTIVAL - FotoEventos Producciones","robots":{"index":"index","follow":"follow","max-snippet":"max-snippet:-1","max-image-preview":"max-image-preview:large","max-video-preview":"max-video-preview:-1"},"canonical":"https:\/\/fotoeventos.net\/en\/another-way-film-festival\/","og_locale":"en_US","og_type":"article","og_title":"ANOTHER WAY FILM FESTIVAL - FotoEventos Producciones","og_description":"Cine sobre progreso sostenible.Del 5-11 de Octubre 2022 (Madrid). Del 5 al 11 de Octubre del 2022 podr\u00e1n disfrutar de una impactante e hipn\u00f3tica programaci\u00f3n con una tem\u00e1tica principal sobre el cambio clim\u00e1tico y sus consecuencias. Junto con las proyecciones se ofrecen una serie de actividades paralelas como; \u00abFormaci\u00f3n para cineastas comprometidos: el plan perfecto\u00bb, \u00abConvierte tu festival en sostenible: Consultores a tu disposici\u00f3n\u00bb, \u00abANOTHER HUERTO: Sembrar nuevos valores\u00bb, \u00abTaller de pintura para ni\u00f1os: LaSeguir leyendo...ANOTHER WAY FILM FESTIVAL","og_url":"https:\/\/fotoeventos.net\/en\/another-way-film-festival\/","og_site_name":"FotoEventos Producciones","article_modified_time":"2022-09-29T21:05:02+00:00","og_image":[{"width":1754,"height":2481,"url":"https:\/\/fotoeventos.net\/wp-content\/uploads\/2022\/09\/cartel-AWFF8_2022_RGB.jpg","type":"image\/jpeg"}],"twitter_card":"summary_large_image","twitter_misc":{"Est. reading time":"11 minutes"},"schema":{"@context":"https:\/\/schema.org","@graph":[{"@type":"WebPage","@id":"https:\/\/fotoeventos.net\/another-way-film-festival\/","url":"https:\/\/fotoeventos.net\/another-way-film-festival\/","name":"ANOTHER WAY FILM FESTIVAL - FotoEventos Producciones","isPartOf":{"@id":"https:\/\/fotoeventos.net\/#website"},"primaryImageOfPage":{"@id":"https:\/\/fotoeventos.net\/another-way-film-festival\/#primaryimage"},"image":{"@id":"https:\/\/fotoeventos.net\/another-way-film-festival\/#primaryimage"},"thumbnailUrl":"https:\/\/fotoeventos.net\/wp-content\/uploads\/2022\/09\/cartel-AWFF8_2022_RGB.jpg","datePublished":"2022-09-29T17:16:01+00:00","dateModified":"2022-09-29T21:05:02+00:00","breadcrumb":{"@id":"https:\/\/fotoeventos.net\/another-way-film-festival\/#breadcrumb"},"inLanguage":"en-US","potentialAction":[{"@type":"ReadAction","target":["https:\/\/fotoeventos.net\/another-way-film-festival\/"]}]},{"@type":"ImageObject","inLanguage":"en-US","@id":"https:\/\/fotoeventos.net\/another-way-film-festival\/#primaryimage","url":"https:\/\/fotoeventos.net\/wp-content\/uploads\/2022\/09\/cartel-AWFF8_2022_RGB.jpg","contentUrl":"https:\/\/fotoeventos.net\/wp-content\/uploads\/2022\/09\/cartel-AWFF8_2022_RGB.jpg","width":1754,"height":2481},{"@type":"BreadcrumbList","@id":"https:\/\/fotoeventos.net\/another-way-film-festival\/#breadcrumb","itemListElement":[{"@type":"ListItem","position":1,"name":"Portada","item":"https:\/\/fotoeventos.net\/"},{"@type":"ListItem","position":2,"name":"ANOTHER WAY FILM FESTIVAL"}]},{"@type":"WebSite","@id":"https:\/\/fotoeventos.net\/#website","url":"https:\/\/fotoeventos.net\/","name":"FotoEventos Productions","description":"","publisher":{"@id":"https:\/\/fotoeventos.net\/#organization"},"potentialAction":[{"@type":"SearchAction","target":{"@type":"EntryPoint","urlTemplate":"https:\/\/fotoeventos.net\/?s={search_term_string}"},"query-input":{"@type":"PropertyValueSpecification","valueRequired":true,"valueName":"search_term_string"}}],"inLanguage":"en-US"},{"@type":"Organization","@id":"https:\/\/fotoeventos.net\/#organization","name":"FotoEventos Productions","url":"https:\/\/fotoeventos.net\/","logo":{"@type":"ImageObject","inLanguage":"en-US","@id":"https:\/\/fotoeventos.net\/#\/schema\/logo\/image\/","url":"https:\/\/fotoeventos.net\/wp-content\/uploads\/2022\/07\/cropped-fotoeventos-sin-borde-100x100-1.png","contentUrl":"https:\/\/fotoeventos.net\/wp-content\/uploads\/2022\/07\/cropped-fotoeventos-sin-borde-100x100-1.png","width":100,"height":83,"caption":"FotoEventos Producciones"},"image":{"@id":"https:\/\/fotoeventos.net\/#\/schema\/logo\/image\/"},"sameAs":["http:\/\/instagram.com\/fotoeventos_net","https:\/\/www.instagram.com\/mr_dinocarlos"]}]}},"_links":{"self":[{"href":"https:\/\/fotoeventos.net\/en\/wp-json\/wp\/v2\/pages\/241","targetHints":{"allow":["GET"]}}],"collection":[{"href":"https:\/\/fotoeventos.net\/en\/wp-json\/wp\/v2\/pages"}],"about":[{"href":"https:\/\/fotoeventos.net\/en\/wp-json\/wp\/v2\/types\/page"}],"author":[{"embeddable":true,"href":"https:\/\/fotoeventos.net\/en\/wp-json\/wp\/v2\/users\/1"}],"replies":[{"embeddable":true,"href":"https:\/\/fotoeventos.net\/en\/wp-json\/wp\/v2\/comments?post=241"}],"version-history":[{"count":0,"href":"https:\/\/fotoeventos.net\/en\/wp-json\/wp\/v2\/pages\/241\/revisions"}],"wp:featuredmedia":[{"embeddable":true,"href":"https:\/\/fotoeventos.net\/en\/wp-json\/wp\/v2\/media\/238"}],"wp:attachment":[{"href":"https:\/\/fotoeventos.net\/en\/wp-json\/wp\/v2\/media?parent=241"}],"curies":[{"name":"wp","href":"https:\/\/api.w.org\/{rel}","templated":true}]}}