{"id":392,"date":"2025-08-12T10:00:00","date_gmt":"2025-08-12T08:00:00","guid":{"rendered":"https:\/\/fotoeventos.net\/?page_id=392"},"modified":"2025-08-12T02:36:16","modified_gmt":"2025-08-12T00:36:16","slug":"sz-villa-del-prado","status":"publish","type":"page","link":"https:\/\/fotoeventos.net\/en\/sz-villa-del-prado\/","title":{"rendered":"Survival Zombie &#8211; Villa del Prado"},"content":{"rendered":"<div data-elementor-type=\"wp-page\" data-elementor-id=\"392\" class=\"elementor elementor-392\" data-elementor-post-type=\"page\">\n\t\t\t\t<div class=\"elementor-element elementor-element-e4ca7b4 e-con-full e-flex e-con e-parent\" data-id=\"e4ca7b4\" data-element_type=\"container\">\n\t\t\t\t<div class=\"elementor-element elementor-element-815d349 elementor-widget__width-inherit elementor-widget elementor-widget-image\" data-id=\"815d349\" data-element_type=\"widget\" data-widget_type=\"image.default\">\n\t\t\t\t\t\t\t\t\t\t\t\t\t\t\t<img fetchpriority=\"high\" decoding=\"async\" width=\"1920\" height=\"460\" src=\"https:\/\/fotoeventos.net\/wp-content\/uploads\/2025\/08\/SZ-Villa-del-Prado-2025-FotoEventos-Carlos-Cebrian-Ruiz-32-1920x460.jpg\" class=\"attachment-scapeshot-single-post-page size-scapeshot-single-post-page wp-image-394\" alt=\"\" \/>\t\t\t\t\t\t\t\t\t\t\t\t\t\t\t<\/div>\n\t\t\t\t<\/div>\n\t\t<div class=\"elementor-element elementor-element-3561faa e-flex e-con-boxed e-con e-parent\" data-id=\"3561faa\" data-element_type=\"container\">\n\t\t\t\t\t<div class=\"e-con-inner\">\n\t\t\t\t<div class=\"elementor-element elementor-element-30be617 elementor-widget elementor-widget-text-editor\" data-id=\"30be617\" data-element_type=\"widget\" data-widget_type=\"text-editor.default\">\n\t\t\t\t\t\t\t\t\t<p>The past <strong data-start=\"388\" data-end=\"418\">Saturday August 9, 2025<\/strong>, from 22:00 to 04:00, the streets of <a href=\"https:\/\/www.villadelprado.es\/\" target=\"_blank\" rel=\"noopener\"><strong data-start=\"467\" data-end=\"486\">Villa del Prado<\/strong><\/a> They became a real battlefield against the undead. In this new edition of <a href=\"https:\/\/survivalzombie.es\/survival\/villa-del-prado-madrid\/\" target=\"_blank\" rel=\"noopener\"><strong data-start=\"584\" data-end=\"603\">Survival Zombie<\/strong><\/a>, residents and visitors lived an experience of immersive terror that, according to our coverage and the voices of the protagonists, <strong data-start=\"738\" data-end=\"802\">greatly surpassed the previous ones held in the municipality<\/strong>.<\/p>\t\t\t\t\t\t\t\t<\/div>\n\t\t\t\t\t<\/div>\n\t\t\t\t<\/div>\n\t\t<div class=\"elementor-element elementor-element-a7a1d74 e-flex e-con-boxed e-con e-parent\" data-id=\"a7a1d74\" data-element_type=\"container\">\n\t\t\t\t\t<div class=\"e-con-inner\">\n\t\t\t\t<div class=\"elementor-element elementor-element-4cd8ce9 elementor-widget__width-initial elementor-widget elementor-widget-text-editor\" data-id=\"4cd8ce9\" data-element_type=\"widget\" data-widget_type=\"text-editor.default\">\n\t\t\t\t\t\t\t\t\t<p>It was not our first time covering this event in Villa del Prado. Compared to the previous edition, the jump in quality was evident: <strong data-start=\"1155\" data-end=\"1252\">better makeup, better costumes, better tests and a much more involving general atmosphere<\/strong>. The makeup of the zombies was shocking: torn skin, bleeding wounds and clothing according to each scene, achieving a realism that completely immersed you in the story.<\/p><p>One of the elements that surprised us the most was the use of <strong data-start=\"1641\" data-end=\"1654\">darkness<\/strong> as part of the narrative. The tasks were especially grim, which increased the tension. This, although it was a challenge to document visually as journalists, was a success for the players' experience. In the words of one of them: <em data-start=\"1912\" data-end=\"1977\">\u201cYou can't even pee in peace, there are zombies everywhere\u201d<\/em>.<\/p>\t\t\t\t\t\t\t\t<\/div>\n\t\t\t\t<div class=\"elementor-element elementor-element-2b87aa5 elementor-widget elementor-widget-image\" data-id=\"2b87aa5\" data-element_type=\"widget\" data-widget_type=\"image.default\">\n\t\t\t\t\t\t\t\t\t\t\t\t<figure class=\"wp-caption\">\n\t\t\t\t\t\t\t\t\t\t<img decoding=\"async\" src=\"https:\/\/fotoeventos.net\/wp-content\/uploads\/elementor\/thumbs\/SZ-Villa-del-Prado-2025-FotoEventos-Carlos-Cebrian-Ruiz-7-scaled-ra4ejj7em01dkr08ezurqbrucml3ej91e5ca4tidl8.jpg\" title=\"SZ &#8211; Villa del Prado 2025 &#8211; FotoEventos &#8211; Carlos Cebrian Ruiz-7\" alt=\"????????????????????????????????????????????????????????????????????????????????????????????????????????????????\" loading=\"lazy\" \/>\t\t\t\t\t\t\t\t\t\t\t<figcaption class=\"widget-image-caption wp-caption-text\">Assistance to the Initial Scene.<\/figcaption>\n\t\t\t\t\t\t\t\t\t\t<\/figure>\n\t\t\t\t\t\t\t\t\t<\/div>\n\t\t\t\t\t<\/div>\n\t\t\t\t<\/div>\n\t\t<div class=\"elementor-element elementor-element-d27d575 e-flex e-con-boxed e-con e-parent\" data-id=\"d27d575\" data-element_type=\"container\">\n\t\t\t\t\t<div class=\"e-con-inner\">\n\t\t\t\t<div class=\"elementor-element elementor-element-684f379 elementor-widget elementor-widget-text-editor\" data-id=\"684f379\" data-element_type=\"widget\" data-widget_type=\"text-editor.default\">\n\t\t\t\t\t\t\t\t\t<p>The <strong data-start=\"1985\" data-end=\"2023\">constant feeling of insecurity<\/strong> was a complete success: neither an alley nor a square was a safe area. Any corner could hide a zombie crouching, ready to jump on the unsuspecting.<\/p>\t\t\t\t\t\t\t\t<\/div>\n\t\t\t\t\t<\/div>\n\t\t\t\t<\/div>\n\t\t<div class=\"elementor-element elementor-element-273078c e-con-full e-flex e-con e-parent\" data-id=\"273078c\" data-element_type=\"container\">\n\t\t\t\t<div class=\"elementor-element elementor-element-7339441 elementor-widget__width-inherit elementor-widget elementor-widget-image\" data-id=\"7339441\" data-element_type=\"widget\" data-widget_type=\"image.default\">\n\t\t\t\t\t\t\t\t\t\t\t\t<figure class=\"wp-caption\">\n\t\t\t\t\t\t\t\t\t\t<img decoding=\"async\" width=\"2560\" height=\"905\" src=\"https:\/\/fotoeventos.net\/wp-content\/uploads\/2025\/08\/SZ-Villa-del-Prado-2025-FotoEventos-Carlos-Cebrian-Ruiz-39-scaled-e1754953849479.jpg\" class=\"attachment-full size-full wp-image-396\" alt=\"\" srcset=\"https:\/\/fotoeventos.net\/wp-content\/uploads\/2025\/08\/SZ-Villa-del-Prado-2025-FotoEventos-Carlos-Cebrian-Ruiz-39-scaled-e1754953849479.jpg 2560w, https:\/\/fotoeventos.net\/wp-content\/uploads\/2025\/08\/SZ-Villa-del-Prado-2025-FotoEventos-Carlos-Cebrian-Ruiz-39-scaled-e1754953849479-300x106.jpg 300w, https:\/\/fotoeventos.net\/wp-content\/uploads\/2025\/08\/SZ-Villa-del-Prado-2025-FotoEventos-Carlos-Cebrian-Ruiz-39-scaled-e1754953849479-1024x362.jpg 1024w, https:\/\/fotoeventos.net\/wp-content\/uploads\/2025\/08\/SZ-Villa-del-Prado-2025-FotoEventos-Carlos-Cebrian-Ruiz-39-scaled-e1754953849479-768x272.jpg 768w, https:\/\/fotoeventos.net\/wp-content\/uploads\/2025\/08\/SZ-Villa-del-Prado-2025-FotoEventos-Carlos-Cebrian-Ruiz-39-scaled-e1754953849479-1536x543.jpg 1536w, https:\/\/fotoeventos.net\/wp-content\/uploads\/2025\/08\/SZ-Villa-del-Prado-2025-FotoEventos-Carlos-Cebrian-Ruiz-39-scaled-e1754953849479-2048x724.jpg 2048w, https:\/\/fotoeventos.net\/wp-content\/uploads\/2025\/08\/SZ-Villa-del-Prado-2025-FotoEventos-Carlos-Cebrian-Ruiz-39-scaled-e1754953849479-18x6.jpg 18w\" sizes=\"(max-width: 2560px) 100vw, 2560px\" \/>\t\t\t\t\t\t\t\t\t\t\t<figcaption class=\"widget-image-caption wp-caption-text\">Not even the bathrooms are safe.<\/figcaption>\n\t\t\t\t\t\t\t\t\t\t<\/figure>\n\t\t\t\t\t\t\t\t\t<\/div>\n\t\t\t\t<\/div>\n\t\t<div class=\"elementor-element elementor-element-0f3dd19 e-flex e-con-boxed e-con e-parent\" data-id=\"0f3dd19\" data-element_type=\"container\">\n\t\t\t\t\t<div class=\"e-con-inner\">\n\t\t\t\t<div class=\"elementor-element elementor-element-c84b15a elementor-widget elementor-widget-text-editor\" data-id=\"c84b15a\" data-element_type=\"widget\" data-widget_type=\"text-editor.default\">\n\t\t\t\t\t\t\t\t\t<p data-start=\"2361\" data-end=\"2648\">The plot of this edition was <strong data-start=\"2390\" data-end=\"2412\">solid and coherent<\/strong>. Each task led to another, sometimes even forcing you to return to previous locations to obtain forgotten clues or complete pending missions. This kept the players in constant movement and with their adrenaline high.<\/p><p data-start=\"2650\" data-end=\"2851\">The actors, both zombies and human characters, managed to convey emotion and realism. The performances were credible and committed, adding a narrative bonus that elevated the experience.<\/p>\t\t\t\t\t\t\t\t<\/div>\n\t\t\t\t\t<\/div>\n\t\t\t\t<\/div>\n\t\t<div class=\"elementor-element elementor-element-26be35f e-flex e-con-boxed e-con e-parent\" data-id=\"26be35f\" data-element_type=\"container\">\n\t\t\t\t\t<div class=\"e-con-inner\">\n\t\t\t\t<div class=\"elementor-element elementor-element-d5d8544 elementor-widget__width-initial elementor-widget elementor-widget-text-editor\" data-id=\"d5d8544\" data-element_type=\"widget\" data-widget_type=\"text-editor.default\">\n\t\t\t\t\t\t\t\t\t<p>If there's one thing this edition had in abundance, it was blood. Cruder scenes and more spectacular deaths than in the previous edition. However, the appearance of <strong data-start=\"3212\" data-end=\"3241\">massive zombie hordes<\/strong> were missing as in other editions of Survival Zombie. A few mass ambushes would have raised the intensity even further.<\/p>\t\t\t\t\t\t\t\t<\/div>\n\t\t\t\t<div class=\"elementor-element elementor-element-badf91d elementor-widget elementor-widget-image\" data-id=\"badf91d\" data-element_type=\"widget\" data-widget_type=\"image.default\">\n\t\t\t\t\t\t\t\t\t\t\t\t<figure class=\"wp-caption\">\n\t\t\t\t\t\t\t\t\t\t<img decoding=\"async\" width=\"1024\" height=\"678\" src=\"https:\/\/fotoeventos.net\/wp-content\/uploads\/2025\/08\/SZ-Villa-del-Prado-2025-FotoEventos-Carlos-Cebrian-Ruiz-52-1024x678.jpg\" class=\"attachment-large size-large wp-image-406\" alt=\"\" srcset=\"https:\/\/fotoeventos.net\/wp-content\/uploads\/2025\/08\/SZ-Villa-del-Prado-2025-FotoEventos-Carlos-Cebrian-Ruiz-52-1024x678.jpg 1024w, https:\/\/fotoeventos.net\/wp-content\/uploads\/2025\/08\/SZ-Villa-del-Prado-2025-FotoEventos-Carlos-Cebrian-Ruiz-52-300x199.jpg 300w, https:\/\/fotoeventos.net\/wp-content\/uploads\/2025\/08\/SZ-Villa-del-Prado-2025-FotoEventos-Carlos-Cebrian-Ruiz-52-768x509.jpg 768w, https:\/\/fotoeventos.net\/wp-content\/uploads\/2025\/08\/SZ-Villa-del-Prado-2025-FotoEventos-Carlos-Cebrian-Ruiz-52-1536x1017.jpg 1536w, https:\/\/fotoeventos.net\/wp-content\/uploads\/2025\/08\/SZ-Villa-del-Prado-2025-FotoEventos-Carlos-Cebrian-Ruiz-52-2048x1356.jpg 2048w, https:\/\/fotoeventos.net\/wp-content\/uploads\/2025\/08\/SZ-Villa-del-Prado-2025-FotoEventos-Carlos-Cebrian-Ruiz-52-18x12.jpg 18w\" sizes=\"(max-width: 1024px) 100vw, 1024px\" \/>\t\t\t\t\t\t\t\t\t\t\t<figcaption class=\"widget-image-caption wp-caption-text\">Don't breathe.<\/figcaption>\n\t\t\t\t\t\t\t\t\t\t<\/figure>\n\t\t\t\t\t\t\t\t\t<\/div>\n\t\t\t\t\t<\/div>\n\t\t\t\t<\/div>\n\t\t<div class=\"elementor-element elementor-element-5fec97d e-flex e-con-boxed e-con e-parent\" data-id=\"5fec97d\" data-element_type=\"container\">\n\t\t\t\t\t<div class=\"e-con-inner\">\n\t\t\t\t<div class=\"elementor-element elementor-element-19baad5 elementor-widget elementor-widget-text-editor\" data-id=\"19baad5\" data-element_type=\"widget\" data-widget_type=\"text-editor.default\">\n\t\t\t\t\t\t\t\t\t<h5><strong>A small but deadly map<\/strong><\/h5>\t\t\t\t\t\t\t\t<\/div>\n\t\t\t\t\t<\/div>\n\t\t\t\t<\/div>\n\t\t<div class=\"elementor-element elementor-element-7e2723d e-con-full e-flex e-con e-parent\" data-id=\"7e2723d\" data-element_type=\"container\">\n\t\t\t\t<div class=\"elementor-element elementor-element-24f8abe elementor-widget__width-initial elementor-widget elementor-widget-image\" data-id=\"24f8abe\" data-element_type=\"widget\" data-widget_type=\"image.default\">\n\t\t\t\t\t\t\t\t\t\t\t\t<figure class=\"wp-caption\">\n\t\t\t\t\t\t\t\t\t\t<img loading=\"lazy\" decoding=\"async\" width=\"1024\" height=\"727\" src=\"https:\/\/fotoeventos.net\/wp-content\/uploads\/2025\/08\/Plano-SZ-Villa-del-Prado-2025_page-0001-1024x727.jpg\" class=\"attachment-large size-large wp-image-410\" alt=\"\" srcset=\"https:\/\/fotoeventos.net\/wp-content\/uploads\/2025\/08\/Plano-SZ-Villa-del-Prado-2025_page-0001-1024x727.jpg 1024w, https:\/\/fotoeventos.net\/wp-content\/uploads\/2025\/08\/Plano-SZ-Villa-del-Prado-2025_page-0001-300x213.jpg 300w, https:\/\/fotoeventos.net\/wp-content\/uploads\/2025\/08\/Plano-SZ-Villa-del-Prado-2025_page-0001-768x545.jpg 768w, https:\/\/fotoeventos.net\/wp-content\/uploads\/2025\/08\/Plano-SZ-Villa-del-Prado-2025_page-0001-1536x1091.jpg 1536w, https:\/\/fotoeventos.net\/wp-content\/uploads\/2025\/08\/Plano-SZ-Villa-del-Prado-2025_page-0001-2048x1454.jpg 2048w, https:\/\/fotoeventos.net\/wp-content\/uploads\/2025\/08\/Plano-SZ-Villa-del-Prado-2025_page-0001-18x12.jpg 18w\" sizes=\"(max-width: 1024px) 100vw, 1024px\" \/>\t\t\t\t\t\t\t\t\t\t\t<figcaption class=\"widget-image-caption wp-caption-text\">Map provided at Check-In.<\/figcaption>\n\t\t\t\t\t\t\t\t\t\t<\/figure>\n\t\t\t\t\t\t\t\t\t<\/div>\n\t\t\t\t<div class=\"elementor-element elementor-element-c839380 elementor-widget__width-initial elementor-widget elementor-widget-image\" data-id=\"c839380\" data-element_type=\"widget\" data-widget_type=\"image.default\">\n\t\t\t\t\t\t\t\t\t\t\t\t<figure class=\"wp-caption\">\n\t\t\t\t\t\t\t\t\t\t<img loading=\"lazy\" decoding=\"async\" width=\"1024\" height=\"576\" src=\"https:\/\/fotoeventos.net\/wp-content\/uploads\/2025\/08\/Comparativa-Plano-Mapa-1024x576.jpg\" class=\"attachment-large size-large wp-image-411\" alt=\"\" srcset=\"https:\/\/fotoeventos.net\/wp-content\/uploads\/2025\/08\/Comparativa-Plano-Mapa-1024x576.jpg 1024w, https:\/\/fotoeventos.net\/wp-content\/uploads\/2025\/08\/Comparativa-Plano-Mapa-300x169.jpg 300w, https:\/\/fotoeventos.net\/wp-content\/uploads\/2025\/08\/Comparativa-Plano-Mapa-768x432.jpg 768w, https:\/\/fotoeventos.net\/wp-content\/uploads\/2025\/08\/Comparativa-Plano-Mapa-1536x864.jpg 1536w, https:\/\/fotoeventos.net\/wp-content\/uploads\/2025\/08\/Comparativa-Plano-Mapa-2048x1152.jpg 2048w, https:\/\/fotoeventos.net\/wp-content\/uploads\/2025\/08\/Comparativa-Plano-Mapa-18x10.jpg 18w, https:\/\/fotoeventos.net\/wp-content\/uploads\/2025\/08\/Comparativa-Plano-Mapa-1920x1080.jpg 1920w\" sizes=\"(max-width: 1024px) 100vw, 1024px\" \/>\t\t\t\t\t\t\t\t\t\t\t<figcaption class=\"widget-image-caption wp-caption-text\">Comparative map of Google Earth.<\/figcaption>\n\t\t\t\t\t\t\t\t\t\t<\/figure>\n\t\t\t\t\t\t\t\t\t<\/div>\n\t\t\t\t<\/div>\n\t\t<div class=\"elementor-element elementor-element-aec73c7 e-flex e-con-boxed e-con e-parent\" data-id=\"aec73c7\" data-element_type=\"container\">\n\t\t\t\t\t<div class=\"e-con-inner\">\n\t\t\t\t<div class=\"elementor-element elementor-element-88e5b4d elementor-widget elementor-widget-text-editor\" data-id=\"88e5b4d\" data-element_type=\"widget\" data-widget_type=\"text-editor.default\">\n\t\t\t\t\t\t\t\t\t<p data-start=\"3495\" data-end=\"3839\">The playing field was approximately <strong data-start=\"3538\" data-end=\"3552\">150.000 m\u00b2<\/strong>, with hardly any corners to hide. The small size meant that encounters with zombies were frequent. The events, for the most part, were located close to each other, which facilitated the mobility of the players, but also concentrated the action in certain areas.<\/p><p data-start=\"3841\" data-end=\"4083\">Although in future editions it would be interesting to disperse the locations more to diversify routes, although the limitations of the town and the lack of facilities in some areas conditioned this distribution.<\/p>\t\t\t\t\t\t\t\t<\/div>\n\t\t\t\t\t<\/div>\n\t\t\t\t<\/div>\n\t\t<div class=\"elementor-element elementor-element-4ed6991 e-flex e-con-boxed e-con e-parent\" data-id=\"4ed6991\" data-element_type=\"container\">\n\t\t\t\t\t<div class=\"e-con-inner\">\n\t\t\t\t<div class=\"elementor-element elementor-element-e2577ff elementor-widget elementor-widget-image\" data-id=\"e2577ff\" data-element_type=\"widget\" data-widget_type=\"image.default\">\n\t\t\t\t\t\t\t\t\t\t\t\t<figure class=\"wp-caption\">\n\t\t\t\t\t\t\t\t\t\t<img loading=\"lazy\" decoding=\"async\" width=\"768\" height=\"954\" src=\"https:\/\/fotoeventos.net\/wp-content\/uploads\/2025\/08\/SZ-Villa-del-Prado-2025-FotoEventos-Carlos-Cebrian-Ruiz-23-scaled-e1754954745528-768x954.jpg\" class=\"attachment-medium_large size-medium_large wp-image-418\" alt=\"\" srcset=\"https:\/\/fotoeventos.net\/wp-content\/uploads\/2025\/08\/SZ-Villa-del-Prado-2025-FotoEventos-Carlos-Cebrian-Ruiz-23-scaled-e1754954745528-768x954.jpg 768w, https:\/\/fotoeventos.net\/wp-content\/uploads\/2025\/08\/SZ-Villa-del-Prado-2025-FotoEventos-Carlos-Cebrian-Ruiz-23-scaled-e1754954745528-241x300.jpg 241w, https:\/\/fotoeventos.net\/wp-content\/uploads\/2025\/08\/SZ-Villa-del-Prado-2025-FotoEventos-Carlos-Cebrian-Ruiz-23-scaled-e1754954745528-824x1024.jpg 824w, https:\/\/fotoeventos.net\/wp-content\/uploads\/2025\/08\/SZ-Villa-del-Prado-2025-FotoEventos-Carlos-Cebrian-Ruiz-23-scaled-e1754954745528-1236x1536.jpg 1236w, https:\/\/fotoeventos.net\/wp-content\/uploads\/2025\/08\/SZ-Villa-del-Prado-2025-FotoEventos-Carlos-Cebrian-Ruiz-23-scaled-e1754954745528-10x12.jpg 10w, https:\/\/fotoeventos.net\/wp-content\/uploads\/2025\/08\/SZ-Villa-del-Prado-2025-FotoEventos-Carlos-Cebrian-Ruiz-23-scaled-e1754954745528.jpg 1365w\" sizes=\"(max-width: 768px) 100vw, 768px\" \/>\t\t\t\t\t\t\t\t\t\t\t<figcaption class=\"widget-image-caption wp-caption-text\">Have we lost ourselves?<\/figcaption>\n\t\t\t\t\t\t\t\t\t\t<\/figure>\n\t\t\t\t\t\t\t\t\t<\/div>\n\t\t\t\t<div class=\"elementor-element elementor-element-f0ff22a elementor-widget elementor-widget-text-editor\" data-id=\"f0ff22a\" data-element_type=\"widget\" data-widget_type=\"text-editor.default\">\n\t\t\t\t\t\t\t\t\t<p data-start=\"4215\" data-end=\"4288\">During the night we collected impressions of the real protagonists:<\/p><ul data-start=\"4289\" data-end=\"4713\"><li data-start=\"4289\" data-end=\"4395\"><p data-start=\"4291\" data-end=\"4395\"><em data-start=\"4291\" data-end=\"4392\">\u201cWe are screwed, everything is super dark and there are zombies everywhere\u2026 and how the bastards run\u201d<\/em>.<\/p><\/li><li data-start=\"4396\" data-end=\"4499\"><p data-start=\"4398\" data-end=\"4499\"><em data-start=\"4398\" data-end=\"4496\">\u201cWe really love the tasks, although my goodness\u2026 we are up and down looking for clues\u201d<\/em>.<\/p><\/li><li data-start=\"4500\" data-end=\"4568\"><p data-start=\"4502\" data-end=\"4568\"><em data-start=\"4502\" data-end=\"4565\">\u201cWe are a large group and lucky that none of them have been caught\u201d<\/em>.<\/p><\/li><li data-start=\"4569\" data-end=\"4622\"><p data-start=\"4571\" data-end=\"4622\"><em data-start=\"4571\" data-end=\"4619\">\u201cI asked for the day at work to come\u201d<\/em>.<\/p><\/li><li data-start=\"4623\" data-end=\"4713\"><p data-start=\"4625\" data-end=\"4713\"><em data-start=\"4625\" data-end=\"4710\">\u201cMy son is delighted, but I think I'm going to let them eat us so we can rest\u201d<\/em>.<\/p><\/li><\/ul>\t\t\t\t\t\t\t\t<\/div>\n\t\t\t\t\t<\/div>\n\t\t\t\t<\/div>\n\t\t<div class=\"elementor-element elementor-element-4fc429a e-flex e-con-boxed e-con e-parent\" data-id=\"4fc429a\" data-element_type=\"container\">\n\t\t\t\t\t<div class=\"e-con-inner\">\n\t\t\t\t<div class=\"elementor-element elementor-element-cb858d1 elementor-widget elementor-widget-image\" data-id=\"cb858d1\" data-element_type=\"widget\" data-widget_type=\"image.default\">\n\t\t\t\t\t\t\t\t\t\t\t\t<figure class=\"wp-caption\">\n\t\t\t\t\t\t\t\t\t\t<img loading=\"lazy\" decoding=\"async\" width=\"2560\" height=\"1696\" src=\"https:\/\/fotoeventos.net\/wp-content\/uploads\/2025\/08\/SZ-Villa-del-Prado-2025-FotoEventos-Carlos-Cebrian-Ruiz-49-scaled.jpg\" class=\"attachment-full size-full wp-image-419\" alt=\"\" srcset=\"https:\/\/fotoeventos.net\/wp-content\/uploads\/2025\/08\/SZ-Villa-del-Prado-2025-FotoEventos-Carlos-Cebrian-Ruiz-49-scaled.jpg 2560w, https:\/\/fotoeventos.net\/wp-content\/uploads\/2025\/08\/SZ-Villa-del-Prado-2025-FotoEventos-Carlos-Cebrian-Ruiz-49-300x199.jpg 300w, https:\/\/fotoeventos.net\/wp-content\/uploads\/2025\/08\/SZ-Villa-del-Prado-2025-FotoEventos-Carlos-Cebrian-Ruiz-49-1024x678.jpg 1024w, https:\/\/fotoeventos.net\/wp-content\/uploads\/2025\/08\/SZ-Villa-del-Prado-2025-FotoEventos-Carlos-Cebrian-Ruiz-49-768x509.jpg 768w, https:\/\/fotoeventos.net\/wp-content\/uploads\/2025\/08\/SZ-Villa-del-Prado-2025-FotoEventos-Carlos-Cebrian-Ruiz-49-1536x1017.jpg 1536w, https:\/\/fotoeventos.net\/wp-content\/uploads\/2025\/08\/SZ-Villa-del-Prado-2025-FotoEventos-Carlos-Cebrian-Ruiz-49-2048x1356.jpg 2048w, https:\/\/fotoeventos.net\/wp-content\/uploads\/2025\/08\/SZ-Villa-del-Prado-2025-FotoEventos-Carlos-Cebrian-Ruiz-49-18x12.jpg 18w\" sizes=\"(max-width: 2560px) 100vw, 2560px\" \/>\t\t\t\t\t\t\t\t\t\t\t<figcaption class=\"widget-image-caption wp-caption-text\">Run or they will CATCH US!!!<\/figcaption>\n\t\t\t\t\t\t\t\t\t\t<\/figure>\n\t\t\t\t\t\t\t\t\t<\/div>\n\t\t\t\t\t<\/div>\n\t\t\t\t<\/div>\n\t\t<div class=\"elementor-element elementor-element-76f48fb e-flex e-con-boxed e-con e-parent\" data-id=\"76f48fb\" data-element_type=\"container\">\n\t\t\t\t\t<div class=\"e-con-inner\">\n\t\t\t\t<div class=\"elementor-element elementor-element-2e32b90 elementor-widget elementor-widget-text-editor\" data-id=\"2e32b90\" data-element_type=\"widget\" data-widget_type=\"text-editor.default\">\n\t\t\t\t\t\t\t\t\t<p data-start=\"4880\" data-end=\"5205\">With <strong data-start=\"4884\" data-end=\"4917\">398 registered attendees<\/strong>, the Villa del Prado City Townhall was very satisfied with the edition: <em data-start=\"4995\" data-end=\"5202\">\"After several past editions, this has undoubtedly been the best. There has been better use of the facilities, more scenes, more games and more actors, which has helped a lot to the gameplay and the story\"<\/em>.<\/p><p data-start=\"5207\" data-end=\"5419\">The organization also highlighted the absence of incidents and the atmosphere of general enjoyment. <em data-start=\"5314\" data-end=\"5404\">\u201cI wouldn't have any complaints, just expand more for future editions and continue improving\u201d<\/em>commented from the Villa del Prado City Townhall.<\/p>\t\t\t\t\t\t\t\t<\/div>\n\t\t\t\t\t<\/div>\n\t\t\t\t<\/div>\n\t\t<div class=\"elementor-element elementor-element-dc72e22 e-flex e-con-boxed e-con e-parent\" data-id=\"dc72e22\" data-element_type=\"container\">\n\t\t\t\t\t<div class=\"e-con-inner\">\n\t\t\t\t<div class=\"elementor-element elementor-element-649a606 elementor-widget elementor-widget-text-editor\" data-id=\"649a606\" data-element_type=\"widget\" data-widget_type=\"text-editor.default\">\n\t\t\t\t\t\t\t\t\t<h5 data-start=\"5516\" data-end=\"5536\"><strong data-start=\"5520\" data-end=\"5534\">Conclusion<\/strong><\/h5><p data-start=\"5537\" data-end=\"5931\">The <strong data-start=\"5540\" data-end=\"5580\">Survival Zombie Villa del Prado 2025<\/strong> It was an intense, immersive and adrenaline-filled experience. It improved notably in all its sections compared to previous editions, offering a night where tension, where darkness and blood were the protagonists. A must for survival horror lovers, where the only options are to run... or join the living dead.<\/p>\t\t\t\t\t\t\t\t<\/div>\n\t\t\t\t\t<\/div>\n\t\t\t\t<\/div>\n\t\t<div class=\"elementor-element elementor-element-f3cb759 e-flex e-con-boxed e-con e-parent\" data-id=\"f3cb759\" data-element_type=\"container\">\n\t\t\t\t\t<div class=\"e-con-inner\">\n\t\t\t\t<div class=\"elementor-element elementor-element-d25abc1 elementor-widget elementor-widget-text-editor\" data-id=\"d25abc1\" data-element_type=\"widget\" data-widget_type=\"text-editor.default\">\n\t\t\t\t\t\t\t\t\t<h6>Image Gallery:<\/h6>\t\t\t\t\t\t\t\t<\/div>\n\t\t\t\t<div class=\"elementor-element elementor-element-febcc71 elementor-arrows-position-inside elementor-pagination-position-outside elementor-widget elementor-widget-image-carousel\" data-id=\"febcc71\" data-element_type=\"widget\" data-settings=\"{&quot;slides_to_show&quot;:&quot;3&quot;,&quot;slides_to_scroll&quot;:&quot;1&quot;,&quot;navigation&quot;:&quot;both&quot;,&quot;autoplay&quot;:&quot;yes&quot;,&quot;pause_on_hover&quot;:&quot;yes&quot;,&quot;pause_on_interaction&quot;:&quot;yes&quot;,&quot;autoplay_speed&quot;:5000,&quot;infinite&quot;:&quot;yes&quot;,&quot;speed&quot;:500}\" data-widget_type=\"image-carousel.default\">\n\t\t\t\t\t\t\t<div class=\"elementor-image-carousel-wrapper swiper\" role=\"region\" aria-roledescription=\"carousel\" aria-label=\"Galer\u00eda SZ - Villa del Prado 2025\" dir=\"ltr\">\n\t\t\t<div class=\"elementor-image-carousel swiper-wrapper\" aria-live=\"off\">\n\t\t\t\t\t\t\t\t<div class=\"swiper-slide\" role=\"group\" aria-roledescription=\"slide\" aria-label=\"1 de 70\"><figure class=\"swiper-slide-inner\"><img decoding=\"async\" class=\"swiper-slide-image\" src=\"https:\/\/fotoeventos.net\/wp-content\/uploads\/2025\/08\/SZ-Villa-del-Prado-2025-FotoEventos-Carlos-Cebrian-Ruiz-64-768x509.jpg\" alt=\"SZ - Villa del Prado 2025\" \/><\/figure><\/div><div class=\"swiper-slide\" role=\"group\" aria-roledescription=\"slide\" aria-label=\"2 de 70\"><figure class=\"swiper-slide-inner\"><img decoding=\"async\" class=\"swiper-slide-image\" src=\"https:\/\/fotoeventos.net\/wp-content\/uploads\/2025\/08\/SZ-Villa-del-Prado-2025-FotoEventos-Carlos-Cebrian-Ruiz-63-768x1160.jpg\" alt=\"SZ - Villa del Prado 2025\" \/><\/figure><\/div><div class=\"swiper-slide\" role=\"group\" aria-roledescription=\"slide\" aria-label=\"3 de 70\"><figure class=\"swiper-slide-inner\"><img decoding=\"async\" class=\"swiper-slide-image\" src=\"https:\/\/fotoeventos.net\/wp-content\/uploads\/2025\/08\/SZ-Villa-del-Prado-2025-FotoEventos-Carlos-Cebrian-Ruiz-62-768x509.jpg\" alt=\"SZ - Villa del Prado 2025\" \/><\/figure><\/div><div class=\"swiper-slide\" role=\"group\" aria-roledescription=\"slide\" aria-label=\"4 de 70\"><figure class=\"swiper-slide-inner\"><img decoding=\"async\" class=\"swiper-slide-image\" src=\"https:\/\/fotoeventos.net\/wp-content\/uploads\/2025\/08\/SZ-Villa-del-Prado-2025-FotoEventos-Carlos-Cebrian-Ruiz-61-768x509.jpg\" alt=\"SZ - Villa del Prado 2025\" \/><\/figure><\/div><div class=\"swiper-slide\" role=\"group\" aria-roledescription=\"slide\" aria-label=\"5 de 70\"><figure class=\"swiper-slide-inner\"><img decoding=\"async\" class=\"swiper-slide-image\" src=\"https:\/\/fotoeventos.net\/wp-content\/uploads\/2025\/08\/SZ-Villa-del-Prado-2025-FotoEventos-Carlos-Cebrian-Ruiz-60-768x509.jpg\" alt=\"SZ - Villa del Prado 2025\" \/><\/figure><\/div><div class=\"swiper-slide\" role=\"group\" aria-roledescription=\"slide\" aria-label=\"6 de 70\"><figure class=\"swiper-slide-inner\"><img decoding=\"async\" class=\"swiper-slide-image\" src=\"https:\/\/fotoeventos.net\/wp-content\/uploads\/2025\/08\/SZ-Villa-del-Prado-2025-FotoEventos-Carlos-Cebrian-Ruiz-59-768x1160.jpg\" alt=\"SZ - Villa del Prado 2025\" \/><\/figure><\/div><div class=\"swiper-slide\" role=\"group\" aria-roledescription=\"slide\" aria-label=\"7 de 70\"><figure class=\"swiper-slide-inner\"><img decoding=\"async\" class=\"swiper-slide-image\" src=\"https:\/\/fotoeventos.net\/wp-content\/uploads\/2025\/08\/SZ-Villa-del-Prado-2025-FotoEventos-Carlos-Cebrian-Ruiz-58-768x1160.jpg\" alt=\"SZ - Villa del Prado 2025\" \/><\/figure><\/div><div class=\"swiper-slide\" role=\"group\" aria-roledescription=\"slide\" aria-label=\"8 de 70\"><figure class=\"swiper-slide-inner\"><img decoding=\"async\" class=\"swiper-slide-image\" src=\"https:\/\/fotoeventos.net\/wp-content\/uploads\/2025\/08\/SZ-Villa-del-Prado-2025-FotoEventos-Carlos-Cebrian-Ruiz-57-768x1160.jpg\" alt=\"SZ - Villa del Prado 2025\" \/><\/figure><\/div><div class=\"swiper-slide\" role=\"group\" aria-roledescription=\"slide\" aria-label=\"9 de 70\"><figure class=\"swiper-slide-inner\"><img decoding=\"async\" class=\"swiper-slide-image\" src=\"https:\/\/fotoeventos.net\/wp-content\/uploads\/2025\/08\/SZ-Villa-del-Prado-2025-FotoEventos-Carlos-Cebrian-Ruiz-56-768x1160.jpg\" alt=\"SZ - Villa del Prado 2025\" \/><\/figure><\/div><div class=\"swiper-slide\" role=\"group\" aria-roledescription=\"slide\" aria-label=\"10 de 70\"><figure class=\"swiper-slide-inner\"><img decoding=\"async\" class=\"swiper-slide-image\" src=\"https:\/\/fotoeventos.net\/wp-content\/uploads\/2025\/08\/SZ-Villa-del-Prado-2025-FotoEventos-Carlos-Cebrian-Ruiz-55-768x1160.jpg\" alt=\"SZ - Villa del Prado 2025\" \/><\/figure><\/div><div class=\"swiper-slide\" role=\"group\" aria-roledescription=\"slide\" aria-label=\"11 de 70\"><figure class=\"swiper-slide-inner\"><img decoding=\"async\" class=\"swiper-slide-image\" src=\"https:\/\/fotoeventos.net\/wp-content\/uploads\/2025\/08\/SZ-Villa-del-Prado-2025-FotoEventos-Carlos-Cebrian-Ruiz-54-768x509.jpg\" alt=\"SZ - Villa del Prado 2025\" \/><\/figure><\/div><div class=\"swiper-slide\" role=\"group\" aria-roledescription=\"slide\" aria-label=\"12 de 70\"><figure class=\"swiper-slide-inner\"><img decoding=\"async\" class=\"swiper-slide-image\" src=\"https:\/\/fotoeventos.net\/wp-content\/uploads\/2025\/08\/SZ-Villa-del-Prado-2025-FotoEventos-Carlos-Cebrian-Ruiz-53-768x1160.jpg\" alt=\"SZ - Villa del Prado 2025\" \/><\/figure><\/div><div class=\"swiper-slide\" role=\"group\" aria-roledescription=\"slide\" aria-label=\"13 de 70\"><figure class=\"swiper-slide-inner\"><img decoding=\"async\" class=\"swiper-slide-image\" src=\"https:\/\/fotoeventos.net\/wp-content\/uploads\/2025\/08\/SZ-Villa-del-Prado-2025-FotoEventos-Carlos-Cebrian-Ruiz-52-1-768x509.jpg\" alt=\"SZ - Villa del Prado 2025\" \/><\/figure><\/div><div class=\"swiper-slide\" role=\"group\" aria-roledescription=\"slide\" aria-label=\"14 de 70\"><figure class=\"swiper-slide-inner\"><img decoding=\"async\" class=\"swiper-slide-image\" src=\"https:\/\/fotoeventos.net\/wp-content\/uploads\/2025\/08\/SZ-Villa-del-Prado-2025-FotoEventos-Carlos-Cebrian-Ruiz-51-768x509.jpg\" alt=\"SZ - Villa del Prado 2025\" \/><\/figure><\/div><div class=\"swiper-slide\" role=\"group\" aria-roledescription=\"slide\" aria-label=\"15 de 70\"><figure class=\"swiper-slide-inner\"><img decoding=\"async\" class=\"swiper-slide-image\" src=\"https:\/\/fotoeventos.net\/wp-content\/uploads\/2025\/08\/SZ-Villa-del-Prado-2025-FotoEventos-Carlos-Cebrian-Ruiz-50-768x1160.jpg\" alt=\"SZ - Villa del Prado 2025\" \/><\/figure><\/div><div class=\"swiper-slide\" role=\"group\" aria-roledescription=\"slide\" aria-label=\"16 de 70\"><figure class=\"swiper-slide-inner\"><img decoding=\"async\" class=\"swiper-slide-image\" src=\"https:\/\/fotoeventos.net\/wp-content\/uploads\/2025\/08\/SZ-Villa-del-Prado-2025-FotoEventos-Carlos-Cebrian-Ruiz-49-1-768x509.jpg\" alt=\"SZ - Villa del Prado 2025\" \/><\/figure><\/div><div class=\"swiper-slide\" role=\"group\" aria-roledescription=\"slide\" aria-label=\"17 de 70\"><figure class=\"swiper-slide-inner\"><img decoding=\"async\" class=\"swiper-slide-image\" src=\"https:\/\/fotoeventos.net\/wp-content\/uploads\/2025\/08\/SZ-Villa-del-Prado-2025-FotoEventos-Carlos-Cebrian-Ruiz-48-768x1160.jpg\" alt=\"SZ - Villa del Prado 2025\" \/><\/figure><\/div><div class=\"swiper-slide\" role=\"group\" aria-roledescription=\"slide\" aria-label=\"18 de 70\"><figure class=\"swiper-slide-inner\"><img decoding=\"async\" class=\"swiper-slide-image\" src=\"https:\/\/fotoeventos.net\/wp-content\/uploads\/2025\/08\/SZ-Villa-del-Prado-2025-FotoEventos-Carlos-Cebrian-Ruiz-47-768x509.jpg\" alt=\"SZ - Villa del Prado 2025\" \/><\/figure><\/div><div class=\"swiper-slide\" role=\"group\" aria-roledescription=\"slide\" aria-label=\"19 de 70\"><figure class=\"swiper-slide-inner\"><img decoding=\"async\" class=\"swiper-slide-image\" src=\"https:\/\/fotoeventos.net\/wp-content\/uploads\/2025\/08\/SZ-Villa-del-Prado-2025-FotoEventos-Carlos-Cebrian-Ruiz-46-768x1160.jpg\" alt=\"SZ - Villa del Prado 2025\" \/><\/figure><\/div><div class=\"swiper-slide\" role=\"group\" aria-roledescription=\"slide\" aria-label=\"20 de 70\"><figure class=\"swiper-slide-inner\"><img decoding=\"async\" class=\"swiper-slide-image\" src=\"https:\/\/fotoeventos.net\/wp-content\/uploads\/2025\/08\/SZ-Villa-del-Prado-2025-FotoEventos-Carlos-Cebrian-Ruiz-45-768x1159.jpg\" alt=\"SZ - Villa del Prado 2025\" \/><\/figure><\/div><div class=\"swiper-slide\" role=\"group\" aria-roledescription=\"slide\" aria-label=\"21 de 70\"><figure class=\"swiper-slide-inner\"><img decoding=\"async\" class=\"swiper-slide-image\" src=\"https:\/\/fotoeventos.net\/wp-content\/uploads\/2025\/08\/SZ-Villa-del-Prado-2025-FotoEventos-Carlos-Cebrian-Ruiz-44-768x1160.jpg\" alt=\"SZ - Villa del Prado 2025\" \/><\/figure><\/div><div class=\"swiper-slide\" role=\"group\" aria-roledescription=\"slide\" aria-label=\"22 de 70\"><figure class=\"swiper-slide-inner\"><img decoding=\"async\" class=\"swiper-slide-image\" src=\"https:\/\/fotoeventos.net\/wp-content\/uploads\/2025\/08\/SZ-Villa-del-Prado-2025-FotoEventos-Carlos-Cebrian-Ruiz-43-768x1160.jpg\" alt=\"SZ - Villa del Prado 2025\" \/><\/figure><\/div><div class=\"swiper-slide\" role=\"group\" aria-roledescription=\"slide\" aria-label=\"23 de 70\"><figure class=\"swiper-slide-inner\"><img decoding=\"async\" class=\"swiper-slide-image\" src=\"https:\/\/fotoeventos.net\/wp-content\/uploads\/2025\/08\/SZ-Villa-del-Prado-2025-FotoEventos-Carlos-Cebrian-Ruiz-42-768x1160.jpg\" alt=\"SZ - Villa del Prado 2025\" \/><\/figure><\/div><div class=\"swiper-slide\" role=\"group\" aria-roledescription=\"slide\" aria-label=\"24 de 70\"><figure class=\"swiper-slide-inner\"><img decoding=\"async\" class=\"swiper-slide-image\" src=\"https:\/\/fotoeventos.net\/wp-content\/uploads\/2025\/08\/SZ-Villa-del-Prado-2025-FotoEventos-Carlos-Cebrian-Ruiz-41-768x509.jpg\" alt=\"SZ - Villa del Prado 2025\" \/><\/figure><\/div><div class=\"swiper-slide\" role=\"group\" aria-roledescription=\"slide\" aria-label=\"25 de 70\"><figure class=\"swiper-slide-inner\"><img decoding=\"async\" class=\"swiper-slide-image\" src=\"https:\/\/fotoeventos.net\/wp-content\/uploads\/2025\/08\/SZ-Villa-del-Prado-2025-FotoEventos-Carlos-Cebrian-Ruiz-40-768x1160.jpg\" alt=\"SZ - Villa del Prado 2025\" \/><\/figure><\/div><div class=\"swiper-slide\" role=\"group\" aria-roledescription=\"slide\" aria-label=\"26 de 70\"><figure class=\"swiper-slide-inner\"><img decoding=\"async\" class=\"swiper-slide-image\" src=\"https:\/\/fotoeventos.net\/wp-content\/uploads\/2025\/08\/SZ-Villa-del-Prado-2025-FotoEventos-Carlos-Cebrian-Ruiz-39-1-768x509.jpg\" alt=\"SZ - Villa del Prado 2025\" \/><\/figure><\/div><div class=\"swiper-slide\" role=\"group\" aria-roledescription=\"slide\" aria-label=\"27 de 70\"><figure class=\"swiper-slide-inner\"><img decoding=\"async\" class=\"swiper-slide-image\" src=\"https:\/\/fotoeventos.net\/wp-content\/uploads\/2025\/08\/SZ-Villa-del-Prado-2025-FotoEventos-Carlos-Cebrian-Ruiz-38-768x1159.jpg\" alt=\"SZ - Villa del Prado 2025\" \/><\/figure><\/div><div class=\"swiper-slide\" role=\"group\" aria-roledescription=\"slide\" aria-label=\"28 de 70\"><figure class=\"swiper-slide-inner\"><img decoding=\"async\" class=\"swiper-slide-image\" src=\"https:\/\/fotoeventos.net\/wp-content\/uploads\/2025\/08\/SZ-Villa-del-Prado-2025-FotoEventos-Carlos-Cebrian-Ruiz-37-768x509.jpg\" alt=\"SZ - Villa del Prado 2025\" \/><\/figure><\/div><div class=\"swiper-slide\" role=\"group\" aria-roledescription=\"slide\" aria-label=\"29 de 70\"><figure class=\"swiper-slide-inner\"><img decoding=\"async\" class=\"swiper-slide-image\" src=\"https:\/\/fotoeventos.net\/wp-content\/uploads\/2025\/08\/SZ-Villa-del-Prado-2025-FotoEventos-Carlos-Cebrian-Ruiz-36-768x509.jpg\" alt=\"SZ - Villa del Prado 2025\" \/><\/figure><\/div><div class=\"swiper-slide\" role=\"group\" aria-roledescription=\"slide\" aria-label=\"30 de 70\"><figure class=\"swiper-slide-inner\"><img decoding=\"async\" class=\"swiper-slide-image\" src=\"https:\/\/fotoeventos.net\/wp-content\/uploads\/2025\/08\/SZ-Villa-del-Prado-2025-FotoEventos-Carlos-Cebrian-Ruiz-35-768x509.jpg\" alt=\"SZ - Villa del Prado 2025\" \/><\/figure><\/div><div class=\"swiper-slide\" role=\"group\" aria-roledescription=\"slide\" aria-label=\"31 de 70\"><figure class=\"swiper-slide-inner\"><img decoding=\"async\" class=\"swiper-slide-image\" src=\"https:\/\/fotoeventos.net\/wp-content\/uploads\/2025\/08\/SZ-Villa-del-Prado-2025-FotoEventos-Carlos-Cebrian-Ruiz-34-768x509.jpg\" alt=\"????????????SZ - Villa del Prado 2025????????????????????????????????????????????????????????????????????????????????????????????????????\" \/><\/figure><\/div><div class=\"swiper-slide\" role=\"group\" aria-roledescription=\"slide\" aria-label=\"32 de 70\"><figure class=\"swiper-slide-inner\"><img decoding=\"async\" class=\"swiper-slide-image\" src=\"https:\/\/fotoeventos.net\/wp-content\/uploads\/2025\/08\/SZ-Villa-del-Prado-2025-FotoEventos-Carlos-Cebrian-Ruiz-33-768x509.jpg\" alt=\"SZ - Villa del Prado 2025\" \/><\/figure><\/div><div class=\"swiper-slide\" role=\"group\" aria-roledescription=\"slide\" aria-label=\"33 de 70\"><figure class=\"swiper-slide-inner\"><img decoding=\"async\" class=\"swiper-slide-image\" src=\"https:\/\/fotoeventos.net\/wp-content\/uploads\/2025\/08\/SZ-Villa-del-Prado-2025-FotoEventos-Carlos-Cebrian-Ruiz-32-1-768x509.jpg\" alt=\"SZ - Villa del Prado 2025\" \/><\/figure><\/div><div class=\"swiper-slide\" role=\"group\" aria-roledescription=\"slide\" aria-label=\"34 de 70\"><figure class=\"swiper-slide-inner\"><img decoding=\"async\" class=\"swiper-slide-image\" src=\"https:\/\/fotoeventos.net\/wp-content\/uploads\/2025\/08\/SZ-Villa-del-Prado-2025-FotoEventos-Carlos-Cebrian-Ruiz-31-768x509.jpg\" alt=\"SZ - Villa del Prado 2025\" \/><\/figure><\/div><div class=\"swiper-slide\" role=\"group\" aria-roledescription=\"slide\" aria-label=\"35 de 70\"><figure class=\"swiper-slide-inner\"><img decoding=\"async\" class=\"swiper-slide-image\" src=\"https:\/\/fotoeventos.net\/wp-content\/uploads\/2025\/08\/SZ-Villa-del-Prado-2025-FotoEventos-Carlos-Cebrian-Ruiz-30-768x1160.jpg\" alt=\"SZ - Villa del Prado 2025\" \/><\/figure><\/div><div class=\"swiper-slide\" role=\"group\" aria-roledescription=\"slide\" aria-label=\"36 de 70\"><figure class=\"swiper-slide-inner\"><img decoding=\"async\" class=\"swiper-slide-image\" src=\"https:\/\/fotoeventos.net\/wp-content\/uploads\/2025\/08\/SZ-Villa-del-Prado-2025-FotoEventos-Carlos-Cebrian-Ruiz-29-768x509.jpg\" alt=\"SZ - Villa del Prado 2025\" \/><\/figure><\/div><div class=\"swiper-slide\" role=\"group\" aria-roledescription=\"slide\" aria-label=\"37 de 70\"><figure class=\"swiper-slide-inner\"><img decoding=\"async\" class=\"swiper-slide-image\" src=\"https:\/\/fotoeventos.net\/wp-content\/uploads\/2025\/08\/SZ-Villa-del-Prado-2025-FotoEventos-Carlos-Cebrian-Ruiz-28-768x1160.jpg\" alt=\"SZ - Villa del Prado 2025\" \/><\/figure><\/div><div class=\"swiper-slide\" role=\"group\" aria-roledescription=\"slide\" aria-label=\"38 de 70\"><figure class=\"swiper-slide-inner\"><img decoding=\"async\" class=\"swiper-slide-image\" src=\"https:\/\/fotoeventos.net\/wp-content\/uploads\/2025\/08\/SZ-Villa-del-Prado-2025-FotoEventos-Carlos-Cebrian-Ruiz-27-768x509.jpg\" alt=\"SZ - Villa del Prado 2025\" \/><\/figure><\/div><div class=\"swiper-slide\" role=\"group\" aria-roledescription=\"slide\" aria-label=\"39 de 70\"><figure class=\"swiper-slide-inner\"><img decoding=\"async\" class=\"swiper-slide-image\" src=\"https:\/\/fotoeventos.net\/wp-content\/uploads\/2025\/08\/SZ-Villa-del-Prado-2025-FotoEventos-Carlos-Cebrian-Ruiz-26-768x509.jpg\" alt=\"SZ - Villa del Prado 2025\" \/><\/figure><\/div><div class=\"swiper-slide\" role=\"group\" aria-roledescription=\"slide\" aria-label=\"40 de 70\"><figure class=\"swiper-slide-inner\"><img decoding=\"async\" class=\"swiper-slide-image\" src=\"https:\/\/fotoeventos.net\/wp-content\/uploads\/2025\/08\/SZ-Villa-del-Prado-2025-FotoEventos-Carlos-Cebrian-Ruiz-25-768x509.jpg\" alt=\"SZ - Villa del Prado 2025\" \/><\/figure><\/div><div class=\"swiper-slide\" role=\"group\" aria-roledescription=\"slide\" aria-label=\"41 de 70\"><figure class=\"swiper-slide-inner\"><img decoding=\"async\" class=\"swiper-slide-image\" src=\"https:\/\/fotoeventos.net\/wp-content\/uploads\/2025\/08\/SZ-Villa-del-Prado-2025-FotoEventos-Carlos-Cebrian-Ruiz-24-768x509.jpg\" alt=\"SZ - Villa del Prado 2025\" \/><\/figure><\/div><div class=\"swiper-slide\" role=\"group\" aria-roledescription=\"slide\" aria-label=\"42 de 70\"><figure class=\"swiper-slide-inner\"><img decoding=\"async\" class=\"swiper-slide-image\" src=\"https:\/\/fotoeventos.net\/wp-content\/uploads\/2025\/08\/SZ-Villa-del-Prado-2025-FotoEventos-Carlos-Cebrian-Ruiz-23-1-768x509.jpg\" alt=\"SZ - Villa del Prado 2025\" \/><\/figure><\/div><div class=\"swiper-slide\" role=\"group\" aria-roledescription=\"slide\" aria-label=\"43 de 70\"><figure class=\"swiper-slide-inner\"><img decoding=\"async\" class=\"swiper-slide-image\" src=\"https:\/\/fotoeventos.net\/wp-content\/uploads\/2025\/08\/SZ-Villa-del-Prado-2025-FotoEventos-Carlos-Cebrian-Ruiz-22-768x509.jpg\" alt=\"SZ - Villa del Prado 2025\" \/><\/figure><\/div><div class=\"swiper-slide\" role=\"group\" aria-roledescription=\"slide\" aria-label=\"44 de 70\"><figure class=\"swiper-slide-inner\"><img decoding=\"async\" class=\"swiper-slide-image\" src=\"https:\/\/fotoeventos.net\/wp-content\/uploads\/2025\/08\/SZ-Villa-del-Prado-2025-FotoEventos-Carlos-Cebrian-Ruiz-21-768x1159.jpg\" alt=\"SZ - Villa del Prado 2025\" \/><\/figure><\/div><div class=\"swiper-slide\" role=\"group\" aria-roledescription=\"slide\" aria-label=\"45 de 70\"><figure class=\"swiper-slide-inner\"><img decoding=\"async\" class=\"swiper-slide-image\" src=\"https:\/\/fotoeventos.net\/wp-content\/uploads\/2025\/08\/SZ-Villa-del-Prado-2025-FotoEventos-Carlos-Cebrian-Ruiz-20-768x1160.jpg\" alt=\"SZ - Villa del Prado 2025\" \/><\/figure><\/div><div class=\"swiper-slide\" role=\"group\" aria-roledescription=\"slide\" aria-label=\"46 de 70\"><figure class=\"swiper-slide-inner\"><img decoding=\"async\" class=\"swiper-slide-image\" src=\"https:\/\/fotoeventos.net\/wp-content\/uploads\/2025\/08\/SZ-Villa-del-Prado-2025-FotoEventos-Carlos-Cebrian-Ruiz-19-768x509.jpg\" alt=\"SZ - Villa del Prado 2025\" \/><\/figure><\/div><div class=\"swiper-slide\" role=\"group\" aria-roledescription=\"slide\" aria-label=\"47 de 70\"><figure class=\"swiper-slide-inner\"><img decoding=\"async\" class=\"swiper-slide-image\" src=\"https:\/\/fotoeventos.net\/wp-content\/uploads\/2025\/08\/SZ-Villa-del-Prado-2025-FotoEventos-Carlos-Cebrian-Ruiz-18-768x1160.jpg\" alt=\"SZ - Villa del Prado 2025\" \/><\/figure><\/div><div class=\"swiper-slide\" role=\"group\" aria-roledescription=\"slide\" aria-label=\"48 de 70\"><figure class=\"swiper-slide-inner\"><img decoding=\"async\" class=\"swiper-slide-image\" src=\"https:\/\/fotoeventos.net\/wp-content\/uploads\/2025\/08\/SZ-Villa-del-Prado-2025-FotoEventos-Carlos-Cebrian-Ruiz-17-768x1160.jpg\" alt=\"SZ - Villa del Prado 2025\" \/><\/figure><\/div><div class=\"swiper-slide\" role=\"group\" aria-roledescription=\"slide\" aria-label=\"49 de 70\"><figure class=\"swiper-slide-inner\"><img decoding=\"async\" class=\"swiper-slide-image\" src=\"https:\/\/fotoeventos.net\/wp-content\/uploads\/2025\/08\/SZ-Villa-del-Prado-2025-FotoEventos-Carlos-Cebrian-Ruiz-16-768x1160.jpg\" alt=\"SZ - Villa del Prado 2025\" \/><\/figure><\/div><div class=\"swiper-slide\" role=\"group\" aria-roledescription=\"slide\" aria-label=\"50 de 70\"><figure class=\"swiper-slide-inner\"><img decoding=\"async\" class=\"swiper-slide-image\" src=\"https:\/\/fotoeventos.net\/wp-content\/uploads\/2025\/08\/SZ-Villa-del-Prado-2025-FotoEventos-Carlos-Cebrian-Ruiz-15-768x1160.jpg\" alt=\"SZ - Villa del Prado 2025\" \/><\/figure><\/div><div class=\"swiper-slide\" role=\"group\" aria-roledescription=\"slide\" aria-label=\"51 de 70\"><figure class=\"swiper-slide-inner\"><img decoding=\"async\" class=\"swiper-slide-image\" src=\"https:\/\/fotoeventos.net\/wp-content\/uploads\/2025\/08\/SZ-Villa-del-Prado-2025-FotoEventos-Carlos-Cebrian-Ruiz-14-768x509.jpg\" alt=\"SZ - Villa del Prado 2025\" \/><\/figure><\/div><div class=\"swiper-slide\" role=\"group\" aria-roledescription=\"slide\" aria-label=\"52 de 70\"><figure class=\"swiper-slide-inner\"><img decoding=\"async\" class=\"swiper-slide-image\" src=\"https:\/\/fotoeventos.net\/wp-content\/uploads\/2025\/08\/SZ-Villa-del-Prado-2025-FotoEventos-Carlos-Cebrian-Ruiz-13-768x1160.jpg\" alt=\"SZ - Villa del Prado 2025\" \/><\/figure><\/div><div class=\"swiper-slide\" role=\"group\" aria-roledescription=\"slide\" aria-label=\"53 de 70\"><figure class=\"swiper-slide-inner\"><img decoding=\"async\" class=\"swiper-slide-image\" src=\"https:\/\/fotoeventos.net\/wp-content\/uploads\/2025\/08\/SZ-Villa-del-Prado-2025-FotoEventos-Carlos-Cebrian-Ruiz-12-768x1160.jpg\" alt=\"SZ - Villa del Prado 2025\" \/><\/figure><\/div><div class=\"swiper-slide\" role=\"group\" aria-roledescription=\"slide\" aria-label=\"54 de 70\"><figure class=\"swiper-slide-inner\"><img decoding=\"async\" class=\"swiper-slide-image\" src=\"https:\/\/fotoeventos.net\/wp-content\/uploads\/2025\/08\/SZ-Villa-del-Prado-2025-FotoEventos-Carlos-Cebrian-Ruiz-11-768x1160.jpg\" alt=\"SZ - Villa del Prado 2025\" \/><\/figure><\/div><div class=\"swiper-slide\" role=\"group\" aria-roledescription=\"slide\" aria-label=\"55 de 70\"><figure class=\"swiper-slide-inner\"><img decoding=\"async\" class=\"swiper-slide-image\" src=\"https:\/\/fotoeventos.net\/wp-content\/uploads\/2025\/08\/SZ-Villa-del-Prado-2025-FotoEventos-Carlos-Cebrian-Ruiz-10-768x1160.jpg\" alt=\"SZ - Villa del Prado 2025\" \/><\/figure><\/div><div class=\"swiper-slide\" role=\"group\" aria-roledescription=\"slide\" aria-label=\"56 de 70\"><figure class=\"swiper-slide-inner\"><img decoding=\"async\" class=\"swiper-slide-image\" src=\"https:\/\/fotoeventos.net\/wp-content\/uploads\/2025\/08\/SZ-Villa-del-Prado-2025-FotoEventos-Carlos-Cebrian-Ruiz-9-768x509.jpg\" alt=\"SZ - Villa del Prado 2025\" \/><\/figure><\/div><div class=\"swiper-slide\" role=\"group\" aria-roledescription=\"slide\" aria-label=\"57 de 70\"><figure class=\"swiper-slide-inner\"><img decoding=\"async\" class=\"swiper-slide-image\" src=\"https:\/\/fotoeventos.net\/wp-content\/uploads\/2025\/08\/SZ-Villa-del-Prado-2025-FotoEventos-Carlos-Cebrian-Ruiz-8-768x509.jpg\" alt=\"SZ - Villa del Prado 2025\" \/><\/figure><\/div><div class=\"swiper-slide\" role=\"group\" aria-roledescription=\"slide\" aria-label=\"58 de 70\"><figure class=\"swiper-slide-inner\"><img decoding=\"async\" class=\"swiper-slide-image\" src=\"https:\/\/fotoeventos.net\/wp-content\/uploads\/2025\/08\/SZ-Villa-del-Prado-2025-FotoEventos-Carlos-Cebrian-Ruiz-7-1-768x1160.jpg\" alt=\"SZ - Villa del Prado 2025\" \/><\/figure><\/div><div class=\"swiper-slide\" role=\"group\" aria-roledescription=\"slide\" aria-label=\"59 de 70\"><figure class=\"swiper-slide-inner\"><img decoding=\"async\" class=\"swiper-slide-image\" src=\"https:\/\/fotoeventos.net\/wp-content\/uploads\/2025\/08\/SZ-Villa-del-Prado-2025-FotoEventos-Carlos-Cebrian-Ruiz-6-768x1160.jpg\" alt=\"SZ - Villa del Prado 2025\" \/><\/figure><\/div><div class=\"swiper-slide\" role=\"group\" aria-roledescription=\"slide\" aria-label=\"60 de 70\"><figure class=\"swiper-slide-inner\"><img decoding=\"async\" class=\"swiper-slide-image\" src=\"https:\/\/fotoeventos.net\/wp-content\/uploads\/2025\/08\/SZ-Villa-del-Prado-2025-FotoEventos-Carlos-Cebrian-Ruiz-5-768x1160.jpg\" alt=\"SZ - Villa del Prado 2025\" \/><\/figure><\/div><div class=\"swiper-slide\" role=\"group\" aria-roledescription=\"slide\" aria-label=\"61 de 70\"><figure class=\"swiper-slide-inner\"><img decoding=\"async\" class=\"swiper-slide-image\" src=\"https:\/\/fotoeventos.net\/wp-content\/uploads\/2025\/08\/SZ-Villa-del-Prado-2025-FotoEventos-Carlos-Cebrian-Ruiz-4-768x509.jpg\" alt=\"SZ - Villa del Prado 2025\" \/><\/figure><\/div><div class=\"swiper-slide\" role=\"group\" aria-roledescription=\"slide\" aria-label=\"62 de 70\"><figure class=\"swiper-slide-inner\"><img decoding=\"async\" class=\"swiper-slide-image\" src=\"https:\/\/fotoeventos.net\/wp-content\/uploads\/2025\/08\/SZ-Villa-del-Prado-2025-FotoEventos-Carlos-Cebrian-Ruiz-3-768x509.jpg\" alt=\"SZ - Villa del Prado 2025\" \/><\/figure><\/div><div class=\"swiper-slide\" role=\"group\" aria-roledescription=\"slide\" aria-label=\"63 de 70\"><figure class=\"swiper-slide-inner\"><img decoding=\"async\" class=\"swiper-slide-image\" src=\"https:\/\/fotoeventos.net\/wp-content\/uploads\/2025\/08\/SZ-Villa-del-Prado-2025-FotoEventos-Carlos-Cebrian-Ruiz-2-768x1160.jpg\" alt=\"SZ - Villa del Prado 2025\" \/><\/figure><\/div><div class=\"swiper-slide\" role=\"group\" aria-roledescription=\"slide\" aria-label=\"64 de 70\"><figure class=\"swiper-slide-inner\"><img decoding=\"async\" class=\"swiper-slide-image\" src=\"https:\/\/fotoeventos.net\/wp-content\/uploads\/2025\/08\/SZ-Villa-del-Prado-2025-FotoEventos-Carlos-Cebrian-Ruiz-1-768x1160.jpg\" alt=\"SZ - Villa del Prado 2025\" \/><\/figure><\/div><div class=\"swiper-slide\" role=\"group\" aria-roledescription=\"slide\" aria-label=\"65 de 70\"><figure class=\"swiper-slide-inner\"><img decoding=\"async\" class=\"swiper-slide-image\" src=\"https:\/\/fotoeventos.net\/wp-content\/uploads\/2025\/08\/SZ-Villa-del-Prado-2025-FotoEventos-Carlos-Cebrian-Ruiz-70-768x1160.jpg\" alt=\"SZ - Villa del Prado 2025\" \/><\/figure><\/div><div class=\"swiper-slide\" role=\"group\" aria-roledescription=\"slide\" aria-label=\"66 de 70\"><figure class=\"swiper-slide-inner\"><img decoding=\"async\" class=\"swiper-slide-image\" src=\"https:\/\/fotoeventos.net\/wp-content\/uploads\/2025\/08\/SZ-Villa-del-Prado-2025-FotoEventos-Carlos-Cebrian-Ruiz-69-768x509.jpg\" alt=\"SZ - Villa del Prado 2025\" \/><\/figure><\/div><div class=\"swiper-slide\" role=\"group\" aria-roledescription=\"slide\" aria-label=\"67 de 70\"><figure class=\"swiper-slide-inner\"><img decoding=\"async\" class=\"swiper-slide-image\" src=\"https:\/\/fotoeventos.net\/wp-content\/uploads\/2025\/08\/SZ-Villa-del-Prado-2025-FotoEventos-Carlos-Cebrian-Ruiz-68-768x509.jpg\" alt=\"SZ - Villa del Prado 2025\" \/><\/figure><\/div><div class=\"swiper-slide\" role=\"group\" aria-roledescription=\"slide\" aria-label=\"68 de 70\"><figure class=\"swiper-slide-inner\"><img decoding=\"async\" class=\"swiper-slide-image\" src=\"https:\/\/fotoeventos.net\/wp-content\/uploads\/2025\/08\/SZ-Villa-del-Prado-2025-FotoEventos-Carlos-Cebrian-Ruiz-67-768x1160.jpg\" alt=\"SZ - Villa del Prado 2025\" \/><\/figure><\/div><div class=\"swiper-slide\" role=\"group\" aria-roledescription=\"slide\" aria-label=\"69 de 70\"><figure class=\"swiper-slide-inner\"><img decoding=\"async\" class=\"swiper-slide-image\" src=\"https:\/\/fotoeventos.net\/wp-content\/uploads\/2025\/08\/SZ-Villa-del-Prado-2025-FotoEventos-Carlos-Cebrian-Ruiz-66-768x1160.jpg\" alt=\"SZ - Villa del Prado 2025\" \/><\/figure><\/div><div class=\"swiper-slide\" role=\"group\" aria-roledescription=\"slide\" aria-label=\"70 de 70\"><figure class=\"swiper-slide-inner\"><img decoding=\"async\" class=\"swiper-slide-image\" src=\"https:\/\/fotoeventos.net\/wp-content\/uploads\/2025\/08\/SZ-Villa-del-Prado-2025-FotoEventos-Carlos-Cebrian-Ruiz-65-768x509.jpg\" alt=\"SZ - Villa del Prado 2025\" \/><\/figure><\/div>\t\t\t<\/div>\n\t\t\t\t\t\t\t\t\t\t\t\t<div class=\"elementor-swiper-button elementor-swiper-button-prev\" role=\"button\" tabindex=\"0\">\n\t\t\t\t\t\t<svg aria-hidden=\"true\" class=\"e-font-icon-svg e-eicon-chevron-left\" viewbox=\"0 0 1000 1000\" xmlns=\"http:\/\/www.w3.org\/2000\/svg\"><path d=\"M646 125C629 125 613 133 604 142L308 442C296 454 292 471 292 487 292 504 296 521 308 533L604 854C617 867 629 875 646 875 663 875 679 871 692 858 704 846 713 829 713 812 713 796 708 779 692 767L438 487 692 225C700 217 708 204 708 187 708 171 704 154 692 142 675 129 663 125 646 125Z\"><\/path><\/svg>\t\t\t\t\t<\/div>\n\t\t\t\t\t<div class=\"elementor-swiper-button elementor-swiper-button-next\" role=\"button\" tabindex=\"0\">\n\t\t\t\t\t\t<svg aria-hidden=\"true\" class=\"e-font-icon-svg e-eicon-chevron-right\" viewbox=\"0 0 1000 1000\" xmlns=\"http:\/\/www.w3.org\/2000\/svg\"><path d=\"M696 533C708 521 713 504 713 487 713 471 708 454 696 446L400 146C388 133 375 125 354 125 338 125 325 129 313 142 300 154 292 171 292 187 292 204 296 221 308 233L563 492 304 771C292 783 288 800 288 817 288 833 296 850 308 863 321 871 338 875 354 875 371 875 388 867 400 854L696 533Z\"><\/path><\/svg>\t\t\t\t\t<\/div>\n\t\t\t\t\n\t\t\t\t\t\t\t\t\t<div class=\"swiper-pagination\"><\/div>\n\t\t\t\t\t\t\t\t\t<\/div>\n\t\t\t\t\t\t<\/div>\n\t\t\t\t\t<\/div>\n\t\t\t\t<\/div>\n\t\t<div class=\"elementor-element elementor-element-ecbf318 e-flex e-con-boxed e-con e-parent\" data-id=\"ecbf318\" data-element_type=\"container\">\n\t\t\t\t\t<div class=\"e-con-inner\">\n\t\t\t\t<div class=\"elementor-element elementor-element-18a8b22 e-transform elementor-widget elementor-widget-text-editor\" data-id=\"18a8b22\" data-element_type=\"widget\" data-settings=\"{&quot;_transform_scale_effect&quot;:{&quot;unit&quot;:&quot;px&quot;,&quot;size&quot;:0.8,&quot;sizes&quot;:[]},&quot;_transform_scale_effect_tablet&quot;:{&quot;unit&quot;:&quot;px&quot;,&quot;size&quot;:&quot;&quot;,&quot;sizes&quot;:[]},&quot;_transform_scale_effect_mobile&quot;:{&quot;unit&quot;:&quot;px&quot;,&quot;size&quot;:&quot;&quot;,&quot;sizes&quot;:[]}}\" data-widget_type=\"text-editor.default\">\n\t\t\t\t\t\t\t\t\t<p><em>Images are protected under Author's Copyright + Copyright Index.<\/em><br \/><em>If you want to use the images you must mention the media \u00ab<strong>FotoEventos<\/strong>\u00bb (<a href=\"http:\/\/instagram.com\/fotoeventos_net\" target=\"_blank\" rel=\"noopener\">@fotoeventos_net<\/a>) and the author \u00ab<strong>Carlos Cebri\u00e1n Ruiz<\/strong>\u00bb (<a href=\"https:\/\/www.instagram.com\/mr_dinocarlos\" target=\"_blank\" rel=\"noopener\">@mr_dinocarlos<\/a>).<br \/>For commercial or promotional use, contact us through the following email: <a href=\"mailto:carlos@fotoeventos.net\"><strong>carlos@fotoeventos.net<\/strong><\/a>.<\/em><\/p>\t\t\t\t\t\t\t\t<\/div>\n\t\t\t\t\t<\/div>\n\t\t\t\t<\/div>\n\t\t<div class=\"elementor-element elementor-element-b86a245 e-con-full e-flex e-con e-parent\" data-id=\"b86a245\" data-element_type=\"container\">\n\t\t\t\t<div class=\"elementor-element elementor-element-118c449 elementor-widget__width-inherit elementor-widget elementor-widget-image\" data-id=\"118c449\" data-element_type=\"widget\" data-widget_type=\"image.default\">\n\t\t\t\t\t\t\t\t\t\t\t\t<figure class=\"wp-caption\">\n\t\t\t\t\t\t\t\t\t\t<img loading=\"lazy\" decoding=\"async\" width=\"1024\" height=\"392\" src=\"https:\/\/fotoeventos.net\/wp-content\/uploads\/2025\/08\/SZ-Villa-del-Prado-2025-FotoEventos-Carlos-Cebrian-Ruiz-62-1-scaled-e1754958084244-1024x392.jpg\" class=\"attachment-large size-large wp-image-518\" alt=\"\" srcset=\"https:\/\/fotoeventos.net\/wp-content\/uploads\/2025\/08\/SZ-Villa-del-Prado-2025-FotoEventos-Carlos-Cebrian-Ruiz-62-1-scaled-e1754958084244-1024x392.jpg 1024w, https:\/\/fotoeventos.net\/wp-content\/uploads\/2025\/08\/SZ-Villa-del-Prado-2025-FotoEventos-Carlos-Cebrian-Ruiz-62-1-scaled-e1754958084244-300x115.jpg 300w, https:\/\/fotoeventos.net\/wp-content\/uploads\/2025\/08\/SZ-Villa-del-Prado-2025-FotoEventos-Carlos-Cebrian-Ruiz-62-1-scaled-e1754958084244-768x294.jpg 768w, https:\/\/fotoeventos.net\/wp-content\/uploads\/2025\/08\/SZ-Villa-del-Prado-2025-FotoEventos-Carlos-Cebrian-Ruiz-62-1-scaled-e1754958084244-1536x588.jpg 1536w, https:\/\/fotoeventos.net\/wp-content\/uploads\/2025\/08\/SZ-Villa-del-Prado-2025-FotoEventos-Carlos-Cebrian-Ruiz-62-1-scaled-e1754958084244-2048x784.jpg 2048w, https:\/\/fotoeventos.net\/wp-content\/uploads\/2025\/08\/SZ-Villa-del-Prado-2025-FotoEventos-Carlos-Cebrian-Ruiz-62-1-scaled-e1754958084244-18x7.jpg 18w\" sizes=\"(max-width: 1024px) 100vw, 1024px\" \/>\t\t\t\t\t\t\t\t\t\t\t<figcaption class=\"widget-image-caption wp-caption-text\">It's them or you. (Imitation Weapon)<\/figcaption>\n\t\t\t\t\t\t\t\t\t\t<\/figure>\n\t\t\t\t\t\t\t\t\t<\/div>\n\t\t\t\t<\/div>\n\t\t\t\t<\/div>","protected":false},"excerpt":{"rendered":"<p>El pasado s\u00e1bado 9 de agosto de 2025, desde las 22:00 hasta las 04:00, las calles de Villa del Prado se convirtieron en un aut\u00e9ntico campo de batalla contra los no muertos. En esta nueva edici\u00f3n de Survival Zombie, los vecinos y visitantes vivieron una experiencia de terror inmersivo que, seg\u00fan nuestra cobertura y las voces de los protagonistas, super\u00f3 ampliamente las anteriores celebradas en el municipio. No era nuestra primera vez cubriendo este evento<\/p>\n<p><span class=\"more-link\"><a href=\"https:\/\/fotoeventos.net\/en\/sz-villa-del-prado\/\" class=\"readmore\">Keep reading\u2026<span class=\"screen-reader-text\">Survival Zombie &#8211; Villa del Prado<\/span><\/a><\/span><\/p>","protected":false},"author":1,"featured_media":0,"parent":0,"menu_order":0,"comment_status":"closed","ping_status":"closed","template":"","meta":{"footnotes":""},"class_list":["post-392","page","type-page","status-publish","hentry"],"yoast_head":"<!-- This site is optimized with the Yoast SEO plugin v25.6 - https:\/\/yoast.com\/wordpress\/plugins\/seo\/ -->\n<title>Rese\u00f1a e Im\u00e1genes Survival Zombie - Villa del Prado - FotoEventos Producciones<\/title>\n<meta name=\"description\" content=\"Im\u00e1genes y la rese\u00f1a de la Survival Zombie ed. n\u00ba 507 en Madrid. Zombies, Oscuridad y terror envolvieron el pueblo de Villa del prado.\" \/>\n<meta name=\"robots\" content=\"index, follow, max-snippet:-1, max-image-preview:large, max-video-preview:-1\" \/>\n<link rel=\"canonical\" href=\"https:\/\/fotoeventos.net\/en\/sz-villa-del-prado\/\" \/>\n<meta property=\"og:locale\" content=\"en_US\" \/>\n<meta property=\"og:type\" content=\"article\" \/>\n<meta property=\"og:title\" content=\"Rese\u00f1a e Im\u00e1genes Survival Zombie - Villa del Prado - FotoEventos Producciones\" \/>\n<meta property=\"og:description\" content=\"Im\u00e1genes y la rese\u00f1a de la Survival Zombie ed. n\u00ba 507 en Madrid. Zombies, Oscuridad y terror envolvieron el pueblo de Villa del prado.\" \/>\n<meta property=\"og:url\" content=\"https:\/\/fotoeventos.net\/en\/sz-villa-del-prado\/\" \/>\n<meta property=\"og:site_name\" content=\"FotoEventos Producciones\" \/>\n<meta property=\"og:image\" content=\"https:\/\/fotoeventos.net\/wp-content\/uploads\/2025\/08\/SZ-Villa-del-Prado-2025-FotoEventos-Carlos-Cebrian-Ruiz-32-scaled.jpg\" \/>\n\t<meta property=\"og:image:width\" content=\"2560\" \/>\n\t<meta property=\"og:image:height\" content=\"1696\" \/>\n\t<meta property=\"og:image:type\" content=\"image\/jpeg\" \/>\n<meta name=\"twitter:card\" content=\"summary_large_image\" \/>\n<meta name=\"twitter:label1\" content=\"Est. reading time\" \/>\n\t<meta name=\"twitter:data1\" content=\"21 minutes\" \/>\n<script type=\"application\/ld+json\" class=\"yoast-schema-graph\">{\"@context\":\"https:\/\/schema.org\",\"@graph\":[{\"@type\":\"WebPage\",\"@id\":\"https:\/\/fotoeventos.net\/sz-villa-del-prado\/\",\"url\":\"https:\/\/fotoeventos.net\/sz-villa-del-prado\/\",\"name\":\"Rese\u00f1a e Im\u00e1genes Survival Zombie - Villa del Prado - FotoEventos Producciones\",\"isPartOf\":{\"@id\":\"https:\/\/fotoeventos.net\/#website\"},\"primaryImageOfPage\":{\"@id\":\"https:\/\/fotoeventos.net\/sz-villa-del-prado\/#primaryimage\"},\"image\":{\"@id\":\"https:\/\/fotoeventos.net\/sz-villa-del-prado\/#primaryimage\"},\"thumbnailUrl\":\"https:\/\/fotoeventos.net\/wp-content\/uploads\/2025\/08\/SZ-Villa-del-Prado-2025-FotoEventos-Carlos-Cebrian-Ruiz-32-1920x460.jpg\",\"datePublished\":\"2025-08-12T08:00:00+00:00\",\"description\":\"Im\u00e1genes y la rese\u00f1a de la Survival Zombie ed. n\u00ba 507 en Madrid. Zombies, Oscuridad y terror envolvieron el pueblo de Villa del prado.\",\"breadcrumb\":{\"@id\":\"https:\/\/fotoeventos.net\/sz-villa-del-prado\/#breadcrumb\"},\"inLanguage\":\"en-US\",\"potentialAction\":[{\"@type\":\"ReadAction\",\"target\":[\"https:\/\/fotoeventos.net\/sz-villa-del-prado\/\"]}]},{\"@type\":\"ImageObject\",\"inLanguage\":\"en-US\",\"@id\":\"https:\/\/fotoeventos.net\/sz-villa-del-prado\/#primaryimage\",\"url\":\"https:\/\/fotoeventos.net\/wp-content\/uploads\/2025\/08\/SZ-Villa-del-Prado-2025-FotoEventos-Carlos-Cebrian-Ruiz-32-1920x460.jpg\",\"contentUrl\":\"https:\/\/fotoeventos.net\/wp-content\/uploads\/2025\/08\/SZ-Villa-del-Prado-2025-FotoEventos-Carlos-Cebrian-Ruiz-32-1920x460.jpg\"},{\"@type\":\"BreadcrumbList\",\"@id\":\"https:\/\/fotoeventos.net\/sz-villa-del-prado\/#breadcrumb\",\"itemListElement\":[{\"@type\":\"ListItem\",\"position\":1,\"name\":\"Portada\",\"item\":\"https:\/\/fotoeventos.net\/\"},{\"@type\":\"ListItem\",\"position\":2,\"name\":\"Survival Zombie &#8211; Villa del Prado\"}]},{\"@type\":\"WebSite\",\"@id\":\"https:\/\/fotoeventos.net\/#website\",\"url\":\"https:\/\/fotoeventos.net\/\",\"name\":\"FotoEventos Producciones\",\"description\":\"\",\"publisher\":{\"@id\":\"https:\/\/fotoeventos.net\/#organization\"},\"potentialAction\":[{\"@type\":\"SearchAction\",\"target\":{\"@type\":\"EntryPoint\",\"urlTemplate\":\"https:\/\/fotoeventos.net\/?s={search_term_string}\"},\"query-input\":{\"@type\":\"PropertyValueSpecification\",\"valueRequired\":true,\"valueName\":\"search_term_string\"}}],\"inLanguage\":\"en-US\"},{\"@type\":\"Organization\",\"@id\":\"https:\/\/fotoeventos.net\/#organization\",\"name\":\"FotoEventos Producciones\",\"url\":\"https:\/\/fotoeventos.net\/\",\"logo\":{\"@type\":\"ImageObject\",\"inLanguage\":\"en-US\",\"@id\":\"https:\/\/fotoeventos.net\/#\/schema\/logo\/image\/\",\"url\":\"https:\/\/fotoeventos.net\/wp-content\/uploads\/2022\/07\/cropped-fotoeventos-sin-borde-100x100-1.png\",\"contentUrl\":\"https:\/\/fotoeventos.net\/wp-content\/uploads\/2022\/07\/cropped-fotoeventos-sin-borde-100x100-1.png\",\"width\":100,\"height\":83,\"caption\":\"FotoEventos Producciones\"},\"image\":{\"@id\":\"https:\/\/fotoeventos.net\/#\/schema\/logo\/image\/\"},\"sameAs\":[\"http:\/\/instagram.com\/fotoeventos_net\",\"https:\/\/www.instagram.com\/mr_dinocarlos\"]}]}<\/script>\n<!-- \/ Yoast SEO plugin. -->","yoast_head_json":{"title":"Rese\u00f1a e Im\u00e1genes Survival Zombie - Villa del Prado - FotoEventos Producciones","description":"Im\u00e1genes y la rese\u00f1a de la Survival Zombie ed. n\u00ba 507 en Madrid. Zombies, Oscuridad y terror envolvieron el pueblo de Villa del prado.","robots":{"index":"index","follow":"follow","max-snippet":"max-snippet:-1","max-image-preview":"max-image-preview:large","max-video-preview":"max-video-preview:-1"},"canonical":"https:\/\/fotoeventos.net\/en\/sz-villa-del-prado\/","og_locale":"en_US","og_type":"article","og_title":"Rese\u00f1a e Im\u00e1genes Survival Zombie - Villa del Prado - FotoEventos Producciones","og_description":"Im\u00e1genes y la rese\u00f1a de la Survival Zombie ed. n\u00ba 507 en Madrid. Zombies, Oscuridad y terror envolvieron el pueblo de Villa del prado.","og_url":"https:\/\/fotoeventos.net\/en\/sz-villa-del-prado\/","og_site_name":"FotoEventos Producciones","og_image":[{"width":2560,"height":1696,"url":"https:\/\/fotoeventos.net\/wp-content\/uploads\/2025\/08\/SZ-Villa-del-Prado-2025-FotoEventos-Carlos-Cebrian-Ruiz-32-scaled.jpg","type":"image\/jpeg"}],"twitter_card":"summary_large_image","twitter_misc":{"Est. reading time":"21 minutes"},"schema":{"@context":"https:\/\/schema.org","@graph":[{"@type":"WebPage","@id":"https:\/\/fotoeventos.net\/sz-villa-del-prado\/","url":"https:\/\/fotoeventos.net\/sz-villa-del-prado\/","name":"Rese\u00f1a e Im\u00e1genes Survival Zombie - Villa del Prado - FotoEventos Producciones","isPartOf":{"@id":"https:\/\/fotoeventos.net\/#website"},"primaryImageOfPage":{"@id":"https:\/\/fotoeventos.net\/sz-villa-del-prado\/#primaryimage"},"image":{"@id":"https:\/\/fotoeventos.net\/sz-villa-del-prado\/#primaryimage"},"thumbnailUrl":"https:\/\/fotoeventos.net\/wp-content\/uploads\/2025\/08\/SZ-Villa-del-Prado-2025-FotoEventos-Carlos-Cebrian-Ruiz-32-1920x460.jpg","datePublished":"2025-08-12T08:00:00+00:00","description":"Im\u00e1genes y la rese\u00f1a de la Survival Zombie ed. n\u00ba 507 en Madrid. Zombies, Oscuridad y terror envolvieron el pueblo de Villa del prado.","breadcrumb":{"@id":"https:\/\/fotoeventos.net\/sz-villa-del-prado\/#breadcrumb"},"inLanguage":"en-US","potentialAction":[{"@type":"ReadAction","target":["https:\/\/fotoeventos.net\/sz-villa-del-prado\/"]}]},{"@type":"ImageObject","inLanguage":"en-US","@id":"https:\/\/fotoeventos.net\/sz-villa-del-prado\/#primaryimage","url":"https:\/\/fotoeventos.net\/wp-content\/uploads\/2025\/08\/SZ-Villa-del-Prado-2025-FotoEventos-Carlos-Cebrian-Ruiz-32-1920x460.jpg","contentUrl":"https:\/\/fotoeventos.net\/wp-content\/uploads\/2025\/08\/SZ-Villa-del-Prado-2025-FotoEventos-Carlos-Cebrian-Ruiz-32-1920x460.jpg"},{"@type":"BreadcrumbList","@id":"https:\/\/fotoeventos.net\/sz-villa-del-prado\/#breadcrumb","itemListElement":[{"@type":"ListItem","position":1,"name":"Portada","item":"https:\/\/fotoeventos.net\/"},{"@type":"ListItem","position":2,"name":"Survival Zombie &#8211; Villa del Prado"}]},{"@type":"WebSite","@id":"https:\/\/fotoeventos.net\/#website","url":"https:\/\/fotoeventos.net\/","name":"FotoEventos Productions","description":"","publisher":{"@id":"https:\/\/fotoeventos.net\/#organization"},"potentialAction":[{"@type":"SearchAction","target":{"@type":"EntryPoint","urlTemplate":"https:\/\/fotoeventos.net\/?s={search_term_string}"},"query-input":{"@type":"PropertyValueSpecification","valueRequired":true,"valueName":"search_term_string"}}],"inLanguage":"en-US"},{"@type":"Organization","@id":"https:\/\/fotoeventos.net\/#organization","name":"FotoEventos Productions","url":"https:\/\/fotoeventos.net\/","logo":{"@type":"ImageObject","inLanguage":"en-US","@id":"https:\/\/fotoeventos.net\/#\/schema\/logo\/image\/","url":"https:\/\/fotoeventos.net\/wp-content\/uploads\/2022\/07\/cropped-fotoeventos-sin-borde-100x100-1.png","contentUrl":"https:\/\/fotoeventos.net\/wp-content\/uploads\/2022\/07\/cropped-fotoeventos-sin-borde-100x100-1.png","width":100,"height":83,"caption":"FotoEventos Producciones"},"image":{"@id":"https:\/\/fotoeventos.net\/#\/schema\/logo\/image\/"},"sameAs":["http:\/\/instagram.com\/fotoeventos_net","https:\/\/www.instagram.com\/mr_dinocarlos"]}]}},"_links":{"self":[{"href":"https:\/\/fotoeventos.net\/en\/wp-json\/wp\/v2\/pages\/392","targetHints":{"allow":["GET"]}}],"collection":[{"href":"https:\/\/fotoeventos.net\/en\/wp-json\/wp\/v2\/pages"}],"about":[{"href":"https:\/\/fotoeventos.net\/en\/wp-json\/wp\/v2\/types\/page"}],"author":[{"embeddable":true,"href":"https:\/\/fotoeventos.net\/en\/wp-json\/wp\/v2\/users\/1"}],"replies":[{"embeddable":true,"href":"https:\/\/fotoeventos.net\/en\/wp-json\/wp\/v2\/comments?post=392"}],"version-history":[{"count":0,"href":"https:\/\/fotoeventos.net\/en\/wp-json\/wp\/v2\/pages\/392\/revisions"}],"wp:attachment":[{"href":"https:\/\/fotoeventos.net\/en\/wp-json\/wp\/v2\/media?parent=392"}],"curies":[{"name":"wp","href":"https:\/\/api.w.org\/{rel}","templated":true}]}}